{"id":1874,"date":"2022-09-13T11:21:25","date_gmt":"2022-09-13T09:21:25","guid":{"rendered":"https:\/\/www.montpellier2028.eu\/home\/"},"modified":"2025-05-22T12:37:04","modified_gmt":"2025-05-22T10:37:04","slug":"home","status":"publish","type":"page","link":"https:\/\/www.montpellier2028.eu\/en\/","title":{"rendered":"Home"},"content":{"rendered":"<div id=\"carousel_block_a96e8b9337e2dd7c489d16de0d6d7292\" class=\"carousel-block\">\n            <ul>\n                            <li class=\"slide slick-slide\">\n                                            <a href=\"https:\/\/www.montpellier2028.eu\/programme-2025\/\" class=\"bg-image\"><img decoding=\"async\" src=\"https:\/\/www.montpellier2028.eu\/wp-content\/uploads\/2025\/02\/COG2014D014-40709-1-1187x1536.jpg\" title=\"Event 25 - Living trails\"><\/a>\n                        <header>\n                            <div class=\"top-title\"><a href=\"https:\/\/www.montpellier2028.eu\/programme-2025\/\">From 26 Sept. to 5 Oct.  2025<\/a><\/div>\n                            <h3><a href=\"https:\/\/www.montpellier2028.eu\/programme-2025\/\">Event 25 &#8211; Living trails<\/a><\/h3>\n                            <div class=\"subtitle\"><a href=\"https:\/\/www.montpellier2028.eu\/programme-2025\/\">Save the date !<\/a><\/div>\n                        <\/header>   \n                                    <\/li>\n                            <li class=\"slide slick-slide\">\n                                            <a href=\"https:\/\/www.montpellier2028.eu\/appel-a-candidatures-residence-un-pas-vers-labbaye-des-possibles-a-labbaye-daniane-vallee-de-lherault\/\" class=\"bg-image\"><img decoding=\"async\" src=\"https:\/\/www.montpellier2028.eu\/wp-content\/uploads\/2025\/04\/Bandeaux-site-1500x670-2-1536x560.jpg\" title=\"Residency \u201cA step towards the Abbey of Possibilities\u201d\"><\/a>\n                        <header>\n                            <div class=\"top-title\"><a href=\"https:\/\/www.montpellier2028.eu\/appel-a-candidatures-residence-un-pas-vers-labbaye-des-possibles-a-labbaye-daniane-vallee-de-lherault\/\">Call for application<\/a><\/div>\n                            <h3><a href=\"https:\/\/www.montpellier2028.eu\/appel-a-candidatures-residence-un-pas-vers-labbaye-des-possibles-a-labbaye-daniane-vallee-de-lherault\/\">Residency \u201cA step towards the Abbey of Possibilities\u201d<\/a><\/h3>\n                            <div class=\"subtitle\"><a href=\"https:\/\/www.montpellier2028.eu\/appel-a-candidatures-residence-un-pas-vers-labbaye-des-possibles-a-labbaye-daniane-vallee-de-lherault\/\">at Aniane Abbey (Herault Valley)<\/a><\/div>\n                        <\/header>   \n                                    <\/li>\n                            <li class=\"slide slick-slide\">\n                                            <a href=\"https:\/\/www.montpellier2028.eu\/plus-que-jamais-unis-pour-la-culture\/\" class=\"bg-image\"><img decoding=\"async\" src=\"https:\/\/www.montpellier2028.eu\/wp-content\/uploads\/2025\/03\/26A9702-1536x1024.jpg\" title=\"More than ever, united for culture!\"><\/a>\n                        <header>\n                            <div class=\"top-title\"><a href=\"https:\/\/www.montpellier2028.eu\/plus-que-jamais-unis-pour-la-culture\/\">Board of Directors and General Meeting<\/a><\/div>\n                            <h3><a href=\"https:\/\/www.montpellier2028.eu\/plus-que-jamais-unis-pour-la-culture\/\">More than ever, united for culture!<\/a><\/h3>\n                            <div class=\"subtitle\"><a href=\"https:\/\/www.montpellier2028.eu\/plus-que-jamais-unis-pour-la-culture\/\"><\/a><\/div>\n                        <\/header>   \n                                    <\/li>\n                            <li class=\"slide slick-slide\">\n                                            <a href=\"https:\/\/www.montpellier2028.eu\/appel-a-candidatures-residence-apprendre-a-etre-lart-de-vivre-ensemble-a-catfarm-sete-agglopole\/\" class=\"bg-image\"><img decoding=\"async\" src=\"https:\/\/www.montpellier2028.eu\/wp-content\/uploads\/2025\/04\/Bandeaux-site12-1536x560.jpg\" title=\"Residency \u201cLearning to Be \u2013 The Art of Community Life\u201d\"><\/a>\n                        <header>\n                            <div class=\"top-title\"><a href=\"https:\/\/www.montpellier2028.eu\/appel-a-candidatures-residence-apprendre-a-etre-lart-de-vivre-ensemble-a-catfarm-sete-agglopole\/\">Call for application<\/a><\/div>\n                            <h3><a href=\"https:\/\/www.montpellier2028.eu\/appel-a-candidatures-residence-apprendre-a-etre-lart-de-vivre-ensemble-a-catfarm-sete-agglopole\/\">Residency \u201cLearning to Be \u2013 The Art of Community Life\u201d<\/a><\/h3>\n                            <div class=\"subtitle\"><a href=\"https:\/\/www.montpellier2028.eu\/appel-a-candidatures-residence-apprendre-a-etre-lart-de-vivre-ensemble-a-catfarm-sete-agglopole\/\">at Catfarm (S\u00e8te Agglop\u00f4le)<\/a><\/div>\n                        <\/header>   \n                                    <\/li>\n                            <li class=\"slide slick-slide\">\n                                            <a href=\"https:\/\/www.montpellier2028.eu\/reunion-de-travail-trimestrielle-avec-les-porteurs-de-projets-2\/\" class=\"bg-image\"><img decoding=\"async\" src=\"https:\/\/www.montpellier2028.eu\/wp-content\/uploads\/2025\/03\/2-1536x1024.jpg\" title=\"Quarterly working meeting\"><\/a>\n                        <header>\n                            <div class=\"top-title\"><a href=\"https:\/\/www.montpellier2028.eu\/reunion-de-travail-trimestrielle-avec-les-porteurs-de-projets-2\/\">Montpellier University Hospital<\/a><\/div>\n                            <h3><a href=\"https:\/\/www.montpellier2028.eu\/reunion-de-travail-trimestrielle-avec-les-porteurs-de-projets-2\/\">Quarterly working meeting<\/a><\/h3>\n                            <div class=\"subtitle\"><a href=\"https:\/\/www.montpellier2028.eu\/reunion-de-travail-trimestrielle-avec-les-porteurs-de-projets-2\/\">with project leaders<\/a><\/div>\n                        <\/header>   \n                                    <\/li>\n                    <\/ul>\n    <\/div>\n\n\n<div class=\"wp-block-group has-background\" style=\"background:linear-gradient(222deg,rgb(255,235,240) 0%,rgb(255,247,255) 51%,rgb(233,232,255) 100%)\"><div class=\"wp-block-group__inner-container is-layout-constrained wp-block-group-is-layout-constrained\">\n<h2 class=\"wp-block-heading\">Agenda<\/h2>\n\n\n<div id=\"day_agenda_block_29d72d478f4a6020d233f7293c9a8b7e\" class=\"day-agenda-block slidable-list\">\n                <p>There isn&#8217;t any event for this period<\/p>\n    <\/div><\/div><\/div>\n\n\n\n<div class=\"wp-block-group latest-news has-background\" style=\"background-color:#ffe5e5\"><div class=\"wp-block-group__inner-container is-layout-constrained wp-block-group-is-layout-constrained\">\n<h2 class=\"wp-block-heading\">News M28.<\/h2>\n\n\n<div id=\"news_list_block_1674090e0b10bf0e92b0d47f8ac51e56\" class=\"news-list-block\">\n            <ul>\n                    <li>\n                <article class=\"type-post\">\n                    <header>\n                        <p class=\"date\">\n                                                    <div class=\"dates\">24\/04\/2025<\/div>\n                                                <\/p>\n                        <h2><a href=\"https:\/\/www.montpellier2028.eu\/en\/call-for-applications-residency-learning-to-be-the-art-of-community-life-at-catfarm-sete-agglopole\/\">Call for applications \u2013 Residency \u201cLearning to Be &#8211; The Art of Community Life\u201d at Catfarm (S\u00e8te Agglop\u00f4le)<\/a><\/h2>\n                    <\/header>\n                    <div class=\"entry-excerpt\">\n                                            <\/div>\n                    <a class=\"bg-image\" href=\"https:\/\/www.montpellier2028.eu\/en\/call-for-applications-residency-learning-to-be-the-art-of-community-life-at-catfarm-sete-agglopole\/\"><img loading=\"lazy\" decoding=\"async\" width=\"640\" height=\"233\" src=\"https:\/\/www.montpellier2028.eu\/wp-content\/uploads\/2025\/04\/Bandeaux-site-1024x373.jpg\" class=\"attachment-large size-large wp-post-image\" alt=\"\" srcset=\"https:\/\/www.montpellier2028.eu\/wp-content\/uploads\/2025\/04\/Bandeaux-site-1024x373.jpg 1024w, https:\/\/www.montpellier2028.eu\/wp-content\/uploads\/2025\/04\/Bandeaux-site-300x109.jpg 300w, https:\/\/www.montpellier2028.eu\/wp-content\/uploads\/2025\/04\/Bandeaux-site-768x280.jpg 768w, https:\/\/www.montpellier2028.eu\/wp-content\/uploads\/2025\/04\/Bandeaux-site-1536x560.jpg 1536w, https:\/\/www.montpellier2028.eu\/wp-content\/uploads\/2025\/04\/Bandeaux-site-2048x747.jpg 2048w, https:\/\/www.montpellier2028.eu\/wp-content\/uploads\/2025\/04\/Bandeaux-site-1360x496.jpg 1360w\" sizes=\"auto, (max-width: 640px) 100vw, 640px\" \/><\/a>\n                <\/article>\n            <\/li>\n                    <li>\n                <article class=\"type-post\">\n                    <header>\n                        <p class=\"date\">\n                                                    <div class=\"dates\">07\/04\/2025<\/div>\n                                                <\/p>\n                        <h2><a href=\"https:\/\/www.montpellier2028.eu\/en\/call-for-application-a-step-towards-the-abbey-of-possibilities-residency-at-aniane-abbey-herault-valley\/\">Call for application \u2013 &#8220;A step towards the Abbey of Possibilities&#8221; residency at Aniane Abbey (H\u00e9rault Valley)<\/a><\/h2>\n                    <\/header>\n                    <div class=\"entry-excerpt\">\n                                            <\/div>\n                    <a class=\"bg-image\" href=\"https:\/\/www.montpellier2028.eu\/en\/call-for-application-a-step-towards-the-abbey-of-possibilities-residency-at-aniane-abbey-herault-valley\/\"><img loading=\"lazy\" decoding=\"async\" width=\"640\" height=\"233\" src=\"https:\/\/www.montpellier2028.eu\/wp-content\/uploads\/2025\/04\/Bandeaux-site-1500x670-1-1024x373.jpg\" class=\"attachment-large size-large wp-post-image\" alt=\"\" srcset=\"https:\/\/www.montpellier2028.eu\/wp-content\/uploads\/2025\/04\/Bandeaux-site-1500x670-1-1024x373.jpg 1024w, https:\/\/www.montpellier2028.eu\/wp-content\/uploads\/2025\/04\/Bandeaux-site-1500x670-1-300x109.jpg 300w, https:\/\/www.montpellier2028.eu\/wp-content\/uploads\/2025\/04\/Bandeaux-site-1500x670-1-768x280.jpg 768w, https:\/\/www.montpellier2028.eu\/wp-content\/uploads\/2025\/04\/Bandeaux-site-1500x670-1-1536x560.jpg 1536w, https:\/\/www.montpellier2028.eu\/wp-content\/uploads\/2025\/04\/Bandeaux-site-1500x670-1-2048x747.jpg 2048w, https:\/\/www.montpellier2028.eu\/wp-content\/uploads\/2025\/04\/Bandeaux-site-1500x670-1-1360x496.jpg 1360w\" sizes=\"auto, (max-width: 640px) 100vw, 640px\" \/><\/a>\n                <\/article>\n            <\/li>\n                    <li>\n                <article class=\"type-post\">\n                    <header>\n                        <p class=\"date\">\n                                                    <div class=\"dates\">25\/03\/2025<\/div>\n                                                <\/p>\n                        <h2><a href=\"https:\/\/www.montpellier2028.eu\/en\/more-than-ever-united-for-culture\/\">More than ever, united for culture!<\/a><\/h2>\n                    <\/header>\n                    <div class=\"entry-excerpt\">\n                                            <\/div>\n                    <a class=\"bg-image\" href=\"https:\/\/www.montpellier2028.eu\/en\/more-than-ever-united-for-culture\/\"><img loading=\"lazy\" decoding=\"async\" width=\"640\" height=\"427\" src=\"https:\/\/www.montpellier2028.eu\/wp-content\/uploads\/2025\/03\/1-option2-1024x683.jpg\" class=\"attachment-large size-large wp-post-image\" alt=\"\" srcset=\"https:\/\/www.montpellier2028.eu\/wp-content\/uploads\/2025\/03\/1-option2-1024x683.jpg 1024w, https:\/\/www.montpellier2028.eu\/wp-content\/uploads\/2025\/03\/1-option2-300x200.jpg 300w, https:\/\/www.montpellier2028.eu\/wp-content\/uploads\/2025\/03\/1-option2-768x512.jpg 768w, https:\/\/www.montpellier2028.eu\/wp-content\/uploads\/2025\/03\/1-option2-1536x1024.jpg 1536w, https:\/\/www.montpellier2028.eu\/wp-content\/uploads\/2025\/03\/1-option2-2048x1365.jpg 2048w, https:\/\/www.montpellier2028.eu\/wp-content\/uploads\/2025\/03\/1-option2-1360x907.jpg 1360w, https:\/\/www.montpellier2028.eu\/wp-content\/uploads\/2025\/03\/1-option2-390x260.jpg 390w\" sizes=\"auto, (max-width: 640px) 100vw, 640px\" \/><\/a>\n                <\/article>\n            <\/li>\n                    <li>\n                <article class=\"type-post\">\n                    <header>\n                        <p class=\"date\">\n                                                    <div class=\"dates\">10\/03\/2025<\/div>\n                                                <\/p>\n                        <h2><a href=\"https:\/\/www.montpellier2028.eu\/en\/quarterly-working-meetings-with-project-leaders-2\/\">Quarterly working meetings with project leaders #2<\/a><\/h2>\n                    <\/header>\n                    <div class=\"entry-excerpt\">\n                                            <\/div>\n                    <a class=\"bg-image\" href=\"https:\/\/www.montpellier2028.eu\/en\/quarterly-working-meetings-with-project-leaders-2\/\"><img loading=\"lazy\" decoding=\"async\" width=\"640\" height=\"427\" src=\"https:\/\/www.montpellier2028.eu\/wp-content\/uploads\/2025\/03\/2-1024x683.jpg\" class=\"attachment-large size-large wp-post-image\" alt=\"\" srcset=\"https:\/\/www.montpellier2028.eu\/wp-content\/uploads\/2025\/03\/2-1024x683.jpg 1024w, https:\/\/www.montpellier2028.eu\/wp-content\/uploads\/2025\/03\/2-300x200.jpg 300w, https:\/\/www.montpellier2028.eu\/wp-content\/uploads\/2025\/03\/2-768x512.jpg 768w, https:\/\/www.montpellier2028.eu\/wp-content\/uploads\/2025\/03\/2-1536x1024.jpg 1536w, https:\/\/www.montpellier2028.eu\/wp-content\/uploads\/2025\/03\/2-1360x907.jpg 1360w, https:\/\/www.montpellier2028.eu\/wp-content\/uploads\/2025\/03\/2-390x260.jpg 390w, https:\/\/www.montpellier2028.eu\/wp-content\/uploads\/2025\/03\/2.jpg 1920w\" sizes=\"auto, (max-width: 640px) 100vw, 640px\" \/><\/a>\n                <\/article>\n            <\/li>\n                <\/ul>\n            <\/div>\n\n\n<p class=\"is-style-link top-right-link\"><a href=\"https:\/\/www.montpellier2028.eu\/en\/news\/\">\u2192 All news<\/a><\/p>\n<\/div><\/div>\n\n\n\n<div class=\"wp-block-group\"><div class=\"wp-block-group__inner-container is-layout-flow wp-block-group-is-layout-flow\">\n<h2 class=\"wp-block-heading\">A new phase of experimentation<\/h2>\n\n\n<div id=\"links_grid_block_dff0d660cbb1ca52802be1d980cba25c\" class=\"links-grid-block\">\n            <ul>\n                            <li style=\"background-color: #e4fa87\">\n                                            <a href=\"https:\/\/www.montpellier2028.eu\/m28-terres-de-culture\/\" class=\"bg-image\">\n                                            <img decoding=\"async\" src=\"https:\/\/www.montpellier2028.eu\/wp-content\/uploads\/2024\/11\/visuel-Even25.png\" title=\"M28 - Terres de culture\">\n                                            <\/a>\n                                        <h3><a href=\"https:\/\/www.montpellier2028.eu\/m28-terres-de-culture\/\">M28 &#8211; Terres de culture<\/a><\/h3>\n                    <div class=\"content\" style=\"background-color: #e4fa87\">\n                        Find out more about the association                                                    <a class=\"more-link\" href=\"https:\/\/www.montpellier2028.eu\/m28-terres-de-culture\/\">read more \u2192<\/a>\n                                            <\/div>\n                <\/li>\n                            <li style=\"background-color: #b2f9ff\">\n                                            <a href=\"https:\/\/www.montpellier2028.eu\/mediatheque\/\" class=\"bg-image\">\n                                            <img decoding=\"async\" src=\"https:\/\/www.montpellier2028.eu\/wp-content\/uploads\/2024\/11\/visuel-TerreDeCulture_B.png\" title=\"Videos M28 - Terres de culture\">\n                                            <\/a>\n                                        <h3><a href=\"https:\/\/www.montpellier2028.eu\/mediatheque\/\">Videos M28 &#8211; Terres de culture<\/a><\/h3>\n                    <div class=\"content\" style=\"background-color: #b2f9ff\">\n                        Discover videos from M28 members and partners                                                    <a class=\"more-link\" href=\"https:\/\/www.montpellier2028.eu\/mediatheque\/\">read more \u2192<\/a>\n                                            <\/div>\n                <\/li>\n                            <li style=\"background-color: #ffccf9\">\n                                            <a href=\"\/en\/projets\" class=\"bg-image\">\n                                            <img decoding=\"async\" src=\"https:\/\/www.montpellier2028.eu\/wp-content\/uploads\/2024\/10\/visuel-gen-ev25.png\" title=\"Event 25 - Living trails\">\n                                            <\/a>\n                                        <h3><a href=\"\/en\/projets\">Event 25 &#8211; Living trails<\/a><\/h3>\n                    <div class=\"content\" style=\"background-color: #ffccf9\">\n                        Find out more about Event 25                                                    <a class=\"more-link\" href=\"\/en\/projets\">read more \u2192<\/a>\n                                            <\/div>\n                <\/li>\n                    <\/ul>\n    <\/div><\/div><\/div>\n\n\n\n<div class=\"wp-block-group has-background\" style=\"background-color:#e7e3ff\"><div class=\"wp-block-group__inner-container is-layout-constrained wp-block-group-is-layout-constrained\">\n<h2 class=\"wp-block-heading\">25 Event map<\/h2>\n\n\n\n<p class=\"is-style-intro-level-2\">Discover the agenda across the entire M28 region<\/p>\n\n\n\n<p class=\"is-style-link\">&#8211; More than 80 key locations<br>&#8211; More than 140 free events<\/p>\n\n\n\n<figure class=\"wp-block-image size-large\"><a style=\"display: block;\" href=\"https:\/\/www.montpellier2028.eu\/programme-2025-carte\/\"><img loading=\"lazy\" decoding=\"async\" width=\"1024\" height=\"683\" src=\"https:\/\/www.montpellier2028.eu\/wp-content\/uploads\/2025\/05\/EV25-Carte-situee-pour-site-1024x683.jpg\" alt=\"\" class=\"wp-image-8296\" srcset=\"https:\/\/www.montpellier2028.eu\/wp-content\/uploads\/2025\/05\/EV25-Carte-situee-pour-site-1024x683.jpg 1024w, https:\/\/www.montpellier2028.eu\/wp-content\/uploads\/2025\/05\/EV25-Carte-situee-pour-site-300x200.jpg 300w, https:\/\/www.montpellier2028.eu\/wp-content\/uploads\/2025\/05\/EV25-Carte-situee-pour-site-768x512.jpg 768w, https:\/\/www.montpellier2028.eu\/wp-content\/uploads\/2025\/05\/EV25-Carte-situee-pour-site-1536x1024.jpg 1536w, https:\/\/www.montpellier2028.eu\/wp-content\/uploads\/2025\/05\/EV25-Carte-situee-pour-site-2048x1365.jpg 2048w, https:\/\/www.montpellier2028.eu\/wp-content\/uploads\/2025\/05\/EV25-Carte-situee-pour-site-1360x907.jpg 1360w, https:\/\/www.montpellier2028.eu\/wp-content\/uploads\/2025\/05\/EV25-Carte-situee-pour-site-390x260.jpg 390w\" sizes=\"auto, (max-width: 1024px) 100vw, 1024px\" \/><\/a><\/figure>\n<\/div><\/div>\n\n\n\n<figure class=\"wp-block-embed is-type-video is-provider-youtube wp-block-embed-youtube wp-embed-aspect-16-9 wp-has-aspect-ratio\"><div class=\"wp-block-embed__wrapper\">\n<iframe loading=\"lazy\" title=\"Montpellier 2028 : Au carrefour de nos imaginaires\" width=\"640\" height=\"360\" src=\"https:\/\/www.youtube.com\/embed\/xkV0SJV2uoQ?feature=oembed\" frameborder=\"0\" allow=\"accelerometer; autoplay; clipboard-write; encrypted-media; gyroscope; picture-in-picture; web-share\" referrerpolicy=\"strict-origin-when-cross-origin\" allowfullscreen><\/iframe>\n<\/div><\/figure>\n\n\n\n<div class=\"wp-block-cover is-light has-custom-content-position is-position-top-left\"><img loading=\"lazy\" decoding=\"async\" width=\"1366\" height=\"380\" class=\"wp-block-cover__image-background wp-image-2390\" alt=\"\" src=\"https:\/\/www.montpellier2028.eu\/wp-content\/uploads\/2023\/02\/barque_M28-gabarit-images-fon-blocs-degrades-avec-texte-largeur-1366px.png\" style=\"object-position:92% 75%\" data-object-fit=\"cover\" data-object-position=\"92% 75%\" srcset=\"https:\/\/www.montpellier2028.eu\/wp-content\/uploads\/2023\/02\/barque_M28-gabarit-images-fon-blocs-degrades-avec-texte-largeur-1366px.png 1366w, https:\/\/www.montpellier2028.eu\/wp-content\/uploads\/2023\/02\/barque_M28-gabarit-images-fon-blocs-degrades-avec-texte-largeur-1366px-300x83.png 300w, https:\/\/www.montpellier2028.eu\/wp-content\/uploads\/2023\/02\/barque_M28-gabarit-images-fon-blocs-degrades-avec-texte-largeur-1366px-1024x285.png 1024w, https:\/\/www.montpellier2028.eu\/wp-content\/uploads\/2023\/02\/barque_M28-gabarit-images-fon-blocs-degrades-avec-texte-largeur-1366px-768x214.png 768w\" sizes=\"auto, (max-width: 1366px) 100vw, 1366px\" \/><span aria-hidden=\"true\" class=\"wp-block-cover__background has-background-dim-0 has-background-dim\"><\/span><div class=\"wp-block-cover__inner-container is-layout-flow wp-block-cover-is-layout-flow\">\n<h2 class=\"wp-block-heading\">Montpellier 2028 \u00d7 Tendance Floue<\/h2>\n\n\n\n<p class=\"is-style-intro-level-2\">Discover the residency<br>by the Tendance Floue collective.<\/p>\n\n\n\n<p class=\"is-style-link\"><a href=\"https:\/\/www.montpellier2028.eu\/en\/the-tendance-floue-residency\/\">\u2192 The Tendance Floue residency<\/a><\/p>\n<\/div><\/div>\n\n\n\n<div class=\"wp-block-group has-background\" style=\"background-color:#ffdebe\"><div class=\"wp-block-group__inner-container is-layout-flow wp-block-group-is-layout-flow\">\n<h2 class=\"wp-block-heading\">Currently on Instagram<\/h2>\n\n\n\n<div id=\"sb_instagram\"  class=\"sbi sbi_mob_col_1 sbi_tab_col_2 sbi_col_4 sbi_width_resp\" style=\"padding-bottom: 24px;\" data-feedid=\"*3\"  data-res=\"auto\" data-cols=\"4\" data-colsmobile=\"1\" data-colstablet=\"2\" data-num=\"4\" data-nummobile=\"4\" data-item-padding=\"12\" data-shortcode-atts=\"{&quot;feed&quot;:&quot;3&quot;}\"  data-postid=\"1874\" data-locatornonce=\"b2ef41acff\" data-imageaspectratio=\"3:4\" data-sbi-flags=\"favorLocal\">\n\t<div class=\"sb_instagram_header  sbi_medium\"   >\n\t<a class=\"sbi_header_link\" target=\"_blank\" rel=\"nofollow noopener\" href=\"https:\/\/www.instagram.com\/montpellier2028\/\" title=\"@montpellier2028\">\n\t\t<div class=\"sbi_header_text\">\n\t\t\t<div class=\"sbi_header_img\"  data-avatar-url=\"https:\/\/scontent-cdg6-1.cdninstagram.com\/v\/t51.2885-19\/277473079_1125310111654353_8751338322148165543_n.jpg?stp=dst-jpg_s206x206_tt6&amp;_nc_cat=106&amp;ccb=7-5&amp;_nc_sid=bf7eb4&amp;efg=eyJ2ZW5jb2RlX3RhZyI6InByb2ZpbGVfcGljLnd3dy40MDAuQzMifQ%3D%3D&amp;_nc_ohc=5HiFHv01B28Q7kNvwEGncNx&amp;_nc_oc=AdrJwlMqDxPsyE9Rxe3Uy9CvOIpttYKS_0PygJ0s0oy7SWuZdFX3ldEjHDcUqRo2cUo&amp;_nc_zt=24&amp;_nc_ht=scontent-cdg6-1.cdninstagram.com&amp;edm=AP4hL3IEAAAA&amp;_nc_tpa=Q5bMBQFnItwd9rq7_SseD4cwMFUTNCBqD5XG37redJH1R1i4HzwgobF3Hw86MRydLXKtKrT8bsN7otWQ1A&amp;oh=00_Af2LktkaUMueg6phjy9sFYwEbl4bCsHcmxS4IfjI4XFOzg&amp;oe=69F68BC6\">\n\t\t\t\t\t\t\t\t\t<div class=\"sbi_header_img_hover\"  ><svg class=\"sbi_new_logo fa-instagram fa-w-14\" aria-hidden=\"true\" data-fa-processed=\"\" aria-label=\"Instagram\" data-prefix=\"fab\" data-icon=\"instagram\" role=\"img\" viewBox=\"0 0 448 512\">\n\t                <path fill=\"currentColor\" d=\"M224.1 141c-63.6 0-114.9 51.3-114.9 114.9s51.3 114.9 114.9 114.9S339 319.5 339 255.9 287.7 141 224.1 141zm0 189.6c-41.1 0-74.7-33.5-74.7-74.7s33.5-74.7 74.7-74.7 74.7 33.5 74.7 74.7-33.6 74.7-74.7 74.7zm146.4-194.3c0 14.9-12 26.8-26.8 26.8-14.9 0-26.8-12-26.8-26.8s12-26.8 26.8-26.8 26.8 12 26.8 26.8zm76.1 27.2c-1.7-35.9-9.9-67.7-36.2-93.9-26.2-26.2-58-34.4-93.9-36.2-37-2.1-147.9-2.1-184.9 0-35.8 1.7-67.6 9.9-93.9 36.1s-34.4 58-36.2 93.9c-2.1 37-2.1 147.9 0 184.9 1.7 35.9 9.9 67.7 36.2 93.9s58 34.4 93.9 36.2c37 2.1 147.9 2.1 184.9 0 35.9-1.7 67.7-9.9 93.9-36.2 26.2-26.2 34.4-58 36.2-93.9 2.1-37 2.1-147.8 0-184.8zM398.8 388c-7.8 19.6-22.9 34.7-42.6 42.6-29.5 11.7-99.5 9-132.1 9s-102.7 2.6-132.1-9c-19.6-7.8-34.7-22.9-42.6-42.6-11.7-29.5-9-99.5-9-132.1s-2.6-102.7 9-132.1c7.8-19.6 22.9-34.7 42.6-42.6 29.5-11.7 99.5-9 132.1-9s102.7-2.6 132.1 9c19.6 7.8 34.7 22.9 42.6 42.6 11.7 29.5 9 99.5 9 132.1s2.7 102.7-9 132.1z\"><\/path>\n\t            <\/svg><\/div>\n\t\t\t\t\t<img loading=\"lazy\" decoding=\"async\"  src=\"https:\/\/www.montpellier2028.eu\/wp-content\/uploads\/sb-instagram-feed-images\/montpellier2028.webp\" alt=\"Montpellier 2028\" width=\"50\" height=\"50\">\n\t\t\t\t\t\t\t\t\t\t\t<\/div>\n\n\t\t\t<div class=\"sbi_feedtheme_header_text\">\n\t\t\t\t<h3>montpellier2028<\/h3>\n\t\t\t\t\t\t\t\t\t<p class=\"sbi_bio\">\ud83c\uddea\ud83c\uddfaM28 - Terres de culture #M28<\/p>\n\t\t\t\t\t\t\t<\/div>\n\t\t<\/div>\n\t<\/a>\n<\/div>\n\n    <div id=\"sbi_images\"  style=\"gap: 24px;\">\n\t\t<div class=\"sbi_item sbi_type_carousel sbi_new sbi_transition\" id=\"sbi_18196037785360882\" data-date=\"1776960494\">\n    <div class=\"sbi_photo_wrap\">\n        <a class=\"sbi_photo\" href=\"https:\/\/www.instagram.com\/p\/DXevaF4jEPz\/\" target=\"_blank\" rel=\"noopener nofollow\" data-full-res=\"https:\/\/scontent-cdg4-1.cdninstagram.com\/v\/t51.82787-15\/671747358_18048040742758352_6281725470711493497_n.jpg?stp=dst-jpg_e35_tt6&#038;_nc_cat=104&#038;ccb=7-5&#038;_nc_sid=18de74&#038;efg=eyJlZmdfdGFnIjoiQ0FST1VTRUxfSVRFTS5iZXN0X2ltYWdlX3VybGdlbi5DMyJ9&#038;_nc_ohc=2cuVTaxW1mQQ7kNvwHwAUD_&#038;_nc_oc=Adqss-ZIMx6Ja-QKeBqizgJ4_biQsJlXf0iVkDyZ1ehPSk_kNRuEhP3kDwhSwNph6PE&#038;_nc_zt=23&#038;_nc_ht=scontent-cdg4-1.cdninstagram.com&#038;edm=ANo9K5cEAAAA&#038;_nc_gid=3oivXocHtfEyxivR3srBAA&#038;_nc_tpa=Q5bMBQEXH9I1YO3GtuJ4Ki4JsT9e_I56S5Gio4xnFjBkGpji9aCxp_Ylnt68LQX19nvrwm7LrszhLqCOaw&#038;oh=00_Af2sDbnssbGsT6emOBtEtLkfXOGCxqKlNogHT_1Rf86IcQ&#038;oe=69F6751D\" data-img-src-set=\"{&quot;d&quot;:&quot;https:\\\/\\\/scontent-cdg4-1.cdninstagram.com\\\/v\\\/t51.82787-15\\\/671747358_18048040742758352_6281725470711493497_n.jpg?stp=dst-jpg_e35_tt6&amp;_nc_cat=104&amp;ccb=7-5&amp;_nc_sid=18de74&amp;efg=eyJlZmdfdGFnIjoiQ0FST1VTRUxfSVRFTS5iZXN0X2ltYWdlX3VybGdlbi5DMyJ9&amp;_nc_ohc=2cuVTaxW1mQQ7kNvwHwAUD_&amp;_nc_oc=Adqss-ZIMx6Ja-QKeBqizgJ4_biQsJlXf0iVkDyZ1ehPSk_kNRuEhP3kDwhSwNph6PE&amp;_nc_zt=23&amp;_nc_ht=scontent-cdg4-1.cdninstagram.com&amp;edm=ANo9K5cEAAAA&amp;_nc_gid=3oivXocHtfEyxivR3srBAA&amp;_nc_tpa=Q5bMBQEXH9I1YO3GtuJ4Ki4JsT9e_I56S5Gio4xnFjBkGpji9aCxp_Ylnt68LQX19nvrwm7LrszhLqCOaw&amp;oh=00_Af2sDbnssbGsT6emOBtEtLkfXOGCxqKlNogHT_1Rf86IcQ&amp;oe=69F6751D&quot;,&quot;150&quot;:&quot;https:\\\/\\\/scontent-cdg4-1.cdninstagram.com\\\/v\\\/t51.82787-15\\\/671747358_18048040742758352_6281725470711493497_n.jpg?stp=dst-jpg_e35_tt6&amp;_nc_cat=104&amp;ccb=7-5&amp;_nc_sid=18de74&amp;efg=eyJlZmdfdGFnIjoiQ0FST1VTRUxfSVRFTS5iZXN0X2ltYWdlX3VybGdlbi5DMyJ9&amp;_nc_ohc=2cuVTaxW1mQQ7kNvwHwAUD_&amp;_nc_oc=Adqss-ZIMx6Ja-QKeBqizgJ4_biQsJlXf0iVkDyZ1ehPSk_kNRuEhP3kDwhSwNph6PE&amp;_nc_zt=23&amp;_nc_ht=scontent-cdg4-1.cdninstagram.com&amp;edm=ANo9K5cEAAAA&amp;_nc_gid=3oivXocHtfEyxivR3srBAA&amp;_nc_tpa=Q5bMBQEXH9I1YO3GtuJ4Ki4JsT9e_I56S5Gio4xnFjBkGpji9aCxp_Ylnt68LQX19nvrwm7LrszhLqCOaw&amp;oh=00_Af2sDbnssbGsT6emOBtEtLkfXOGCxqKlNogHT_1Rf86IcQ&amp;oe=69F6751D&quot;,&quot;320&quot;:&quot;https:\\\/\\\/scontent-cdg4-1.cdninstagram.com\\\/v\\\/t51.82787-15\\\/671747358_18048040742758352_6281725470711493497_n.jpg?stp=dst-jpg_e35_tt6&amp;_nc_cat=104&amp;ccb=7-5&amp;_nc_sid=18de74&amp;efg=eyJlZmdfdGFnIjoiQ0FST1VTRUxfSVRFTS5iZXN0X2ltYWdlX3VybGdlbi5DMyJ9&amp;_nc_ohc=2cuVTaxW1mQQ7kNvwHwAUD_&amp;_nc_oc=Adqss-ZIMx6Ja-QKeBqizgJ4_biQsJlXf0iVkDyZ1ehPSk_kNRuEhP3kDwhSwNph6PE&amp;_nc_zt=23&amp;_nc_ht=scontent-cdg4-1.cdninstagram.com&amp;edm=ANo9K5cEAAAA&amp;_nc_gid=3oivXocHtfEyxivR3srBAA&amp;_nc_tpa=Q5bMBQEXH9I1YO3GtuJ4Ki4JsT9e_I56S5Gio4xnFjBkGpji9aCxp_Ylnt68LQX19nvrwm7LrszhLqCOaw&amp;oh=00_Af2sDbnssbGsT6emOBtEtLkfXOGCxqKlNogHT_1Rf86IcQ&amp;oe=69F6751D&quot;,&quot;640&quot;:&quot;https:\\\/\\\/scontent-cdg4-1.cdninstagram.com\\\/v\\\/t51.82787-15\\\/671747358_18048040742758352_6281725470711493497_n.jpg?stp=dst-jpg_e35_tt6&amp;_nc_cat=104&amp;ccb=7-5&amp;_nc_sid=18de74&amp;efg=eyJlZmdfdGFnIjoiQ0FST1VTRUxfSVRFTS5iZXN0X2ltYWdlX3VybGdlbi5DMyJ9&amp;_nc_ohc=2cuVTaxW1mQQ7kNvwHwAUD_&amp;_nc_oc=Adqss-ZIMx6Ja-QKeBqizgJ4_biQsJlXf0iVkDyZ1ehPSk_kNRuEhP3kDwhSwNph6PE&amp;_nc_zt=23&amp;_nc_ht=scontent-cdg4-1.cdninstagram.com&amp;edm=ANo9K5cEAAAA&amp;_nc_gid=3oivXocHtfEyxivR3srBAA&amp;_nc_tpa=Q5bMBQEXH9I1YO3GtuJ4Ki4JsT9e_I56S5Gio4xnFjBkGpji9aCxp_Ylnt68LQX19nvrwm7LrszhLqCOaw&amp;oh=00_Af2sDbnssbGsT6emOBtEtLkfXOGCxqKlNogHT_1Rf86IcQ&amp;oe=69F6751D&quot;}\">\n            <span class=\"sbi-screenreader\">| Laur\u00e9ate de l&#039;Appel \u00e0 candidatures - R\u00e9sidenc<\/span>\n            <svg class=\"svg-inline--fa fa-clone fa-w-16 sbi_lightbox_carousel_icon\" aria-hidden=\"true\" aria-label=\"Clone\" data-fa-pro\u0192cessed=\"\" data-prefix=\"far\" data-icon=\"clone\" role=\"img\" xmlns=\"http:\/\/www.w3.org\/2000\/svg\" viewBox=\"0 0 512 512\">\n\t                <path fill=\"currentColor\" d=\"M464 0H144c-26.51 0-48 21.49-48 48v48H48c-26.51 0-48 21.49-48 48v320c0 26.51 21.49 48 48 48h320c26.51 0 48-21.49 48-48v-48h48c26.51 0 48-21.49 48-48V48c0-26.51-21.49-48-48-48zM362 464H54a6 6 0 0 1-6-6V150a6 6 0 0 1 6-6h42v224c0 26.51 21.49 48 48 48h224v42a6 6 0 0 1-6 6zm96-96H150a6 6 0 0 1-6-6V54a6 6 0 0 1 6-6h308a6 6 0 0 1 6 6v308a6 6 0 0 1-6 6z\"><\/path>\n\t            <\/svg>\t                    <img decoding=\"async\" src=\"https:\/\/www.montpellier2028.eu\/wp-content\/plugins\/instagram-feed\/img\/placeholder.png\" alt=\"| Laur\u00e9ate de l&#039;Appel \u00e0 candidatures - R\u00e9sidence \u00ab Futurs en chantier \u00bb au Chai des Moulins - S\u00e8te |\n\nLe 17 avril 2026, le jury charg\u00e9 de s\u00e9lectionner les artistes dans le cadre de la r\u00e9sidence \u00ab Futurs en chantier \u00bb, s\u2019est r\u00e9uni pour \u00e9tudier les 27 candidatures adress\u00e9es en collectif, en bin\u00f4mes ou individuellement par 44 artistes.\n\nCette r\u00e9sidence, port\u00e9e conjointement par l\u2019association M28 \u2013 Terres de culture et la SCIC Unanime Cr\u00e9ative s\u2019inscrit dans une dynamique de coop\u00e9ration territoriale et de cr\u00e9ation artistique, \u00e0 la crois\u00e9e de la sc\u00e9nographie, de l\u2019architecture et de la performance.\n\n\u00c0 l\u2019issue d\u2019un processus de s\u00e9lection attentif et exigeant, le jury a retenu le projet \u00ab Capsule du Temps Suspendu \u00bb, propos\u00e9 par Adriana LARA : \u00ab Un projet qui s\u2019inscrit dans une r\u00e9flexion sur le futur \u00e0 travers le prisme du pass\u00e9 : il explore comment le son et le rituel musical peuvent r\u00e9inventer nos relations humaines, en cr\u00e9ant des rencontres sensibles entre artistes et publics, en reliant pass\u00e9, pr\u00e9sent et futur, et en ouvrant la voie \u00e0 des utopies concr\u00e8tes et immersives. \u00bb\n \nM28 \u2013 Terres de culture et Unanime Cr\u00e9ative f\u00e9licitent chaleureusement Adriana LARA, et remercient l\u2019ensemble des candidats et candidates pour la richesse et la qualit\u00e9 de leurs propositions. Nous nous r\u00e9jouissons de soutenir cette nouvelle r\u00e9sidence, porteuse de r\u00e9cits sensibles et collectifs \u00e0 travers le geste sc\u00e9nographique.\n\nCette r\u00e9sidence s\u2019inscrit dans le cadre du temps fort port\u00e9 par Montpellier 2028 les 29&amp;30 mai 2026 au Chai des Moulins \u00e0 #S\u00e8te, dans la continuit\u00e9 des r\u00e9sidences engag\u00e9es en 2025 par M28 et ses partenaires. \u200b\u200bEn encourageant des pr\u00e9sences artistiques sur la dur\u00e9e, M28 soutient l\u2019\u00e9mergence de projets sensibles aux r\u00e9alit\u00e9s sociales, environnementales et culturelles du territoire et contribue \u00e0 imaginer, avec les habitants et ses partenaires, de nouveaux r\u00e9cits pour le pr\u00e9sent et les futurs possibles.\n\n#M28 #Montpellier2028 #M28Terresdeculture #ResidenceArtistique #R\u00e9sidence #Recherche #Cr\u00e9ation #Culture #Artistes #Futursenchantier #Sc\u00e9nographie #Espace #Peinture #Son #Musique #Performance\n\n@redsocial___\n\u00a9 E. Coss\u00e9e Cruz\n\n@le__dancing @ville_de_sete @seteagglopole\">\n        <\/a>\n    <\/div>\n<\/div><div class=\"sbi_item sbi_type_carousel sbi_new sbi_transition\" id=\"sbi_18085741964248435\" data-date=\"1775229544\">\n    <div class=\"sbi_photo_wrap\">\n        <a class=\"sbi_photo\" href=\"https:\/\/www.instagram.com\/p\/DWrJ4dQDMN-\/\" target=\"_blank\" rel=\"noopener nofollow\" data-full-res=\"https:\/\/scontent-cdg6-1.cdninstagram.com\/v\/t51.82787-15\/657292210_18045545237758352_6427270400825937608_n.jpg?stp=dst-jpg_e35_tt6&#038;_nc_cat=105&#038;ccb=7-5&#038;_nc_sid=18de74&#038;efg=eyJlZmdfdGFnIjoiQ0FST1VTRUxfSVRFTS5iZXN0X2ltYWdlX3VybGdlbi5DMyJ9&#038;_nc_ohc=kPBA3fX4VOQQ7kNvwE3MTfR&#038;_nc_oc=Adoz2GI_FdYCh4UBz7sZ_bAYlHbHmyiila8WQ7BoCtIAJRzsHQ_E6-qf3r4O8mqcwGo&#038;_nc_zt=23&#038;_nc_ht=scontent-cdg6-1.cdninstagram.com&#038;edm=ANo9K5cEAAAA&#038;_nc_gid=3oivXocHtfEyxivR3srBAA&#038;_nc_tpa=Q5bMBQFKfNVt5Nwr02pK1iq4qJAXj9JF1Iicynr39Vj4lGYrhu2pQ37lifaufkte6wOypZGaIHHgYej0LA&#038;oh=00_Af3DNTJC03QNHQICDmx7PiGcbPo4bD_3wYEe6RZU9tABNQ&#038;oe=69F68D94\" data-img-src-set=\"{&quot;d&quot;:&quot;https:\\\/\\\/scontent-cdg6-1.cdninstagram.com\\\/v\\\/t51.82787-15\\\/657292210_18045545237758352_6427270400825937608_n.jpg?stp=dst-jpg_e35_tt6&amp;_nc_cat=105&amp;ccb=7-5&amp;_nc_sid=18de74&amp;efg=eyJlZmdfdGFnIjoiQ0FST1VTRUxfSVRFTS5iZXN0X2ltYWdlX3VybGdlbi5DMyJ9&amp;_nc_ohc=kPBA3fX4VOQQ7kNvwE3MTfR&amp;_nc_oc=Adoz2GI_FdYCh4UBz7sZ_bAYlHbHmyiila8WQ7BoCtIAJRzsHQ_E6-qf3r4O8mqcwGo&amp;_nc_zt=23&amp;_nc_ht=scontent-cdg6-1.cdninstagram.com&amp;edm=ANo9K5cEAAAA&amp;_nc_gid=3oivXocHtfEyxivR3srBAA&amp;_nc_tpa=Q5bMBQFKfNVt5Nwr02pK1iq4qJAXj9JF1Iicynr39Vj4lGYrhu2pQ37lifaufkte6wOypZGaIHHgYej0LA&amp;oh=00_Af3DNTJC03QNHQICDmx7PiGcbPo4bD_3wYEe6RZU9tABNQ&amp;oe=69F68D94&quot;,&quot;150&quot;:&quot;https:\\\/\\\/scontent-cdg6-1.cdninstagram.com\\\/v\\\/t51.82787-15\\\/657292210_18045545237758352_6427270400825937608_n.jpg?stp=dst-jpg_e35_tt6&amp;_nc_cat=105&amp;ccb=7-5&amp;_nc_sid=18de74&amp;efg=eyJlZmdfdGFnIjoiQ0FST1VTRUxfSVRFTS5iZXN0X2ltYWdlX3VybGdlbi5DMyJ9&amp;_nc_ohc=kPBA3fX4VOQQ7kNvwE3MTfR&amp;_nc_oc=Adoz2GI_FdYCh4UBz7sZ_bAYlHbHmyiila8WQ7BoCtIAJRzsHQ_E6-qf3r4O8mqcwGo&amp;_nc_zt=23&amp;_nc_ht=scontent-cdg6-1.cdninstagram.com&amp;edm=ANo9K5cEAAAA&amp;_nc_gid=3oivXocHtfEyxivR3srBAA&amp;_nc_tpa=Q5bMBQFKfNVt5Nwr02pK1iq4qJAXj9JF1Iicynr39Vj4lGYrhu2pQ37lifaufkte6wOypZGaIHHgYej0LA&amp;oh=00_Af3DNTJC03QNHQICDmx7PiGcbPo4bD_3wYEe6RZU9tABNQ&amp;oe=69F68D94&quot;,&quot;320&quot;:&quot;https:\\\/\\\/scontent-cdg6-1.cdninstagram.com\\\/v\\\/t51.82787-15\\\/657292210_18045545237758352_6427270400825937608_n.jpg?stp=dst-jpg_e35_tt6&amp;_nc_cat=105&amp;ccb=7-5&amp;_nc_sid=18de74&amp;efg=eyJlZmdfdGFnIjoiQ0FST1VTRUxfSVRFTS5iZXN0X2ltYWdlX3VybGdlbi5DMyJ9&amp;_nc_ohc=kPBA3fX4VOQQ7kNvwE3MTfR&amp;_nc_oc=Adoz2GI_FdYCh4UBz7sZ_bAYlHbHmyiila8WQ7BoCtIAJRzsHQ_E6-qf3r4O8mqcwGo&amp;_nc_zt=23&amp;_nc_ht=scontent-cdg6-1.cdninstagram.com&amp;edm=ANo9K5cEAAAA&amp;_nc_gid=3oivXocHtfEyxivR3srBAA&amp;_nc_tpa=Q5bMBQFKfNVt5Nwr02pK1iq4qJAXj9JF1Iicynr39Vj4lGYrhu2pQ37lifaufkte6wOypZGaIHHgYej0LA&amp;oh=00_Af3DNTJC03QNHQICDmx7PiGcbPo4bD_3wYEe6RZU9tABNQ&amp;oe=69F68D94&quot;,&quot;640&quot;:&quot;https:\\\/\\\/scontent-cdg6-1.cdninstagram.com\\\/v\\\/t51.82787-15\\\/657292210_18045545237758352_6427270400825937608_n.jpg?stp=dst-jpg_e35_tt6&amp;_nc_cat=105&amp;ccb=7-5&amp;_nc_sid=18de74&amp;efg=eyJlZmdfdGFnIjoiQ0FST1VTRUxfSVRFTS5iZXN0X2ltYWdlX3VybGdlbi5DMyJ9&amp;_nc_ohc=kPBA3fX4VOQQ7kNvwE3MTfR&amp;_nc_oc=Adoz2GI_FdYCh4UBz7sZ_bAYlHbHmyiila8WQ7BoCtIAJRzsHQ_E6-qf3r4O8mqcwGo&amp;_nc_zt=23&amp;_nc_ht=scontent-cdg6-1.cdninstagram.com&amp;edm=ANo9K5cEAAAA&amp;_nc_gid=3oivXocHtfEyxivR3srBAA&amp;_nc_tpa=Q5bMBQFKfNVt5Nwr02pK1iq4qJAXj9JF1Iicynr39Vj4lGYrhu2pQ37lifaufkte6wOypZGaIHHgYej0LA&amp;oh=00_Af3DNTJC03QNHQICDmx7PiGcbPo4bD_3wYEe6RZU9tABNQ&amp;oe=69F68D94&quot;}\">\n            <span class=\"sbi-screenreader\">Les Rendez-vous M28 \u00e0 l\u2019H\u00f4tel d\u2019Aur\u00e8s\n\nRACO<\/span>\n            <svg class=\"svg-inline--fa fa-clone fa-w-16 sbi_lightbox_carousel_icon\" aria-hidden=\"true\" aria-label=\"Clone\" data-fa-pro\u0192cessed=\"\" data-prefix=\"far\" data-icon=\"clone\" role=\"img\" xmlns=\"http:\/\/www.w3.org\/2000\/svg\" viewBox=\"0 0 512 512\">\n\t                <path fill=\"currentColor\" d=\"M464 0H144c-26.51 0-48 21.49-48 48v48H48c-26.51 0-48 21.49-48 48v320c0 26.51 21.49 48 48 48h320c26.51 0 48-21.49 48-48v-48h48c26.51 0 48-21.49 48-48V48c0-26.51-21.49-48-48-48zM362 464H54a6 6 0 0 1-6-6V150a6 6 0 0 1 6-6h42v224c0 26.51 21.49 48 48 48h224v42a6 6 0 0 1-6 6zm96-96H150a6 6 0 0 1-6-6V54a6 6 0 0 1 6-6h308a6 6 0 0 1 6 6v308a6 6 0 0 1-6 6z\"><\/path>\n\t            <\/svg>\t                    <img decoding=\"async\" src=\"https:\/\/www.montpellier2028.eu\/wp-content\/plugins\/instagram-feed\/img\/placeholder.png\" alt=\"Les Rendez-vous M28 \u00e0 l\u2019H\u00f4tel d\u2019Aur\u00e8s\n\nRACONTONS DEMAIN \u2013 La Fabrique des futurs #2\n\nCette ann\u00e9e, M28 a lanc\u00e9 un nouveau cycle de rencontres et de podcasts autour de la th\u00e9matique du futur, anim\u00e9 par Nicolas Dubourg, directeur artistique de M28.\n\nRendez-vous vendredi 17 avril \u00e0 18h30 \u00e0 l\u2019H\u00f4tel d\u2019Aur\u00e8s \u00e0 Montpellier avec Laurie Bellanca, artiste de sc\u00e8ne et lectrice.\n\nLaurie Bellanca est artiste de sc\u00e8ne et lectrice, initi\u00e9e \u00e0 la musique, la danse et la philosophie. Depuis 2009, elle codirige avec Camille Louis, le collectif KOM.POST dans lequel elle d\u00e9veloppe une recherche autour des r\u00e9cits situ\u00e9s \u00e0 l\u2019\u00e9chelle nationale et internationale (Biennale de Moscou, Tanztage de Berlin, Nanterre-Amandiers, Le Ph\u00e9nix de Valenciennes, Miranda\u2026). \n\nElle cr\u00e9e sa propre cie \u2013 L\u2019OP\u00c9RATRICE en 2020 avec LES LECTURES ELECTRIQUES aux c\u00f4t\u00e9s de Benjamin Chaval. Dans l\u2019\u00e9lan des LECTURES ELECTRIQUES et inspir\u00e9e des mod\u00e8les Warburgiens des pratiques li\u00e9es \u00e0 l\u2019organisation, l\u2019articulation et la mise en partage des livres, l\u2019Op\u00e9ratrice, initie un geste au long cours : BIBLIOTH\u00c8QUES VIVANTES \u2013 lectures trilingues. Pour penser, r\u00e9aliser et d\u00e9plier cette proposition \u00e0 Montpellier, Ath\u00e8nes, Arles et Casablanca, la cie s\u2019associe \u00e0 la maison d\u2019\u00e9dition Sun\/sun et re\u00e7oit le soutien du label Saison M\u00e9diterran\u00e9e de l\u2019Institut fran\u00e7ais.\n\nEn confrontant les h\u00e9ritages des imaginaires litt\u00e9raires, les glissements \u00e9tymologiques, les strates invisibilis\u00e9es des liens qu\u2019entretiennent particuli\u00e8rement les trois langues du bassin m\u00e9diterran\u00e9en; l\u2019Arabe, le Grec et le Fran\u00e7ais, le premier rendez-vous de BIBLIOTH\u00c8QUES VIVANTES, Atlas, fragments du futur sera pr\u00e9sent\u00e9 le 22 mai \u00e0 Montpellier \u2013 La Com\u00e9die du Livre. Cette performance litt\u00e9raire, musicale et cin\u00e9matographique croise l\u2019ouvrage Vestiges du futur avec le corpus trilingue des Lectures \u00e9lectriques, compos\u00e9 de textes et de voix d\u2019auteur.ice. marocain.e., grec.que et fran\u00e7ais.e.\n\nEntr\u00e9e libre dans la limite des places disponibles\n\n#M28 #M28Terresdeculture #RDVM28 #RacontonsDemain #Futur #Ecriture #Lecture #Performance #Fragmentsdufutur #Vestigesdufutur #M\u00e9diterran\u00e9e\n\n\u00a9 Frederic D Oberland - Le Cri\n\u00a9 Elise Ortiou Campion - @lauriebellanca\">\n        <\/a>\n    <\/div>\n<\/div><div class=\"sbi_item sbi_type_carousel sbi_new sbi_transition\" id=\"sbi_17865392919524194\" data-date=\"1774632580\">\n    <div class=\"sbi_photo_wrap\">\n        <a class=\"sbi_photo\" href=\"https:\/\/www.instagram.com\/p\/DWZXQ5MjLlL\/\" target=\"_blank\" rel=\"noopener nofollow\" data-full-res=\"https:\/\/scontent-cdg4-2.cdninstagram.com\/v\/t51.82787-15\/657399301_18044650526758352_2574267291421118245_n.jpg?stp=dst-jpg_e35_tt6&#038;_nc_cat=101&#038;ccb=7-5&#038;_nc_sid=18de74&#038;efg=eyJlZmdfdGFnIjoiQ0FST1VTRUxfSVRFTS5iZXN0X2ltYWdlX3VybGdlbi5DMyJ9&#038;_nc_ohc=bjtLwK8OHSIQ7kNvwEiZfoS&#038;_nc_oc=AdowWxTRQsydCIzu9Rv5ZT5AvuhxB0kOKMi18AQ3NgR9ZnxHRzlmLxo15LbBWa1xtvg&#038;_nc_zt=23&#038;_nc_ht=scontent-cdg4-2.cdninstagram.com&#038;edm=ANo9K5cEAAAA&#038;_nc_gid=3oivXocHtfEyxivR3srBAA&#038;_nc_tpa=Q5bMBQELpujUUxO5Z_EgQj0P-oggkOW7i9mfOtuHSDeXdkCHs-bnZZNfE-LdV3wWXKjuaHlXxo_dcOooSA&#038;oh=00_Af0L9oBZoEQmmFxX_J9DjpgVlW_1UiQXtXquxbTRQBrixQ&#038;oe=69F67C1A\" data-img-src-set=\"{&quot;d&quot;:&quot;https:\\\/\\\/scontent-cdg4-2.cdninstagram.com\\\/v\\\/t51.82787-15\\\/657399301_18044650526758352_2574267291421118245_n.jpg?stp=dst-jpg_e35_tt6&amp;_nc_cat=101&amp;ccb=7-5&amp;_nc_sid=18de74&amp;efg=eyJlZmdfdGFnIjoiQ0FST1VTRUxfSVRFTS5iZXN0X2ltYWdlX3VybGdlbi5DMyJ9&amp;_nc_ohc=bjtLwK8OHSIQ7kNvwEiZfoS&amp;_nc_oc=AdowWxTRQsydCIzu9Rv5ZT5AvuhxB0kOKMi18AQ3NgR9ZnxHRzlmLxo15LbBWa1xtvg&amp;_nc_zt=23&amp;_nc_ht=scontent-cdg4-2.cdninstagram.com&amp;edm=ANo9K5cEAAAA&amp;_nc_gid=3oivXocHtfEyxivR3srBAA&amp;_nc_tpa=Q5bMBQELpujUUxO5Z_EgQj0P-oggkOW7i9mfOtuHSDeXdkCHs-bnZZNfE-LdV3wWXKjuaHlXxo_dcOooSA&amp;oh=00_Af0L9oBZoEQmmFxX_J9DjpgVlW_1UiQXtXquxbTRQBrixQ&amp;oe=69F67C1A&quot;,&quot;150&quot;:&quot;https:\\\/\\\/scontent-cdg4-2.cdninstagram.com\\\/v\\\/t51.82787-15\\\/657399301_18044650526758352_2574267291421118245_n.jpg?stp=dst-jpg_e35_tt6&amp;_nc_cat=101&amp;ccb=7-5&amp;_nc_sid=18de74&amp;efg=eyJlZmdfdGFnIjoiQ0FST1VTRUxfSVRFTS5iZXN0X2ltYWdlX3VybGdlbi5DMyJ9&amp;_nc_ohc=bjtLwK8OHSIQ7kNvwEiZfoS&amp;_nc_oc=AdowWxTRQsydCIzu9Rv5ZT5AvuhxB0kOKMi18AQ3NgR9ZnxHRzlmLxo15LbBWa1xtvg&amp;_nc_zt=23&amp;_nc_ht=scontent-cdg4-2.cdninstagram.com&amp;edm=ANo9K5cEAAAA&amp;_nc_gid=3oivXocHtfEyxivR3srBAA&amp;_nc_tpa=Q5bMBQELpujUUxO5Z_EgQj0P-oggkOW7i9mfOtuHSDeXdkCHs-bnZZNfE-LdV3wWXKjuaHlXxo_dcOooSA&amp;oh=00_Af0L9oBZoEQmmFxX_J9DjpgVlW_1UiQXtXquxbTRQBrixQ&amp;oe=69F67C1A&quot;,&quot;320&quot;:&quot;https:\\\/\\\/scontent-cdg4-2.cdninstagram.com\\\/v\\\/t51.82787-15\\\/657399301_18044650526758352_2574267291421118245_n.jpg?stp=dst-jpg_e35_tt6&amp;_nc_cat=101&amp;ccb=7-5&amp;_nc_sid=18de74&amp;efg=eyJlZmdfdGFnIjoiQ0FST1VTRUxfSVRFTS5iZXN0X2ltYWdlX3VybGdlbi5DMyJ9&amp;_nc_ohc=bjtLwK8OHSIQ7kNvwEiZfoS&amp;_nc_oc=AdowWxTRQsydCIzu9Rv5ZT5AvuhxB0kOKMi18AQ3NgR9ZnxHRzlmLxo15LbBWa1xtvg&amp;_nc_zt=23&amp;_nc_ht=scontent-cdg4-2.cdninstagram.com&amp;edm=ANo9K5cEAAAA&amp;_nc_gid=3oivXocHtfEyxivR3srBAA&amp;_nc_tpa=Q5bMBQELpujUUxO5Z_EgQj0P-oggkOW7i9mfOtuHSDeXdkCHs-bnZZNfE-LdV3wWXKjuaHlXxo_dcOooSA&amp;oh=00_Af0L9oBZoEQmmFxX_J9DjpgVlW_1UiQXtXquxbTRQBrixQ&amp;oe=69F67C1A&quot;,&quot;640&quot;:&quot;https:\\\/\\\/scontent-cdg4-2.cdninstagram.com\\\/v\\\/t51.82787-15\\\/657399301_18044650526758352_2574267291421118245_n.jpg?stp=dst-jpg_e35_tt6&amp;_nc_cat=101&amp;ccb=7-5&amp;_nc_sid=18de74&amp;efg=eyJlZmdfdGFnIjoiQ0FST1VTRUxfSVRFTS5iZXN0X2ltYWdlX3VybGdlbi5DMyJ9&amp;_nc_ohc=bjtLwK8OHSIQ7kNvwEiZfoS&amp;_nc_oc=AdowWxTRQsydCIzu9Rv5ZT5AvuhxB0kOKMi18AQ3NgR9ZnxHRzlmLxo15LbBWa1xtvg&amp;_nc_zt=23&amp;_nc_ht=scontent-cdg4-2.cdninstagram.com&amp;edm=ANo9K5cEAAAA&amp;_nc_gid=3oivXocHtfEyxivR3srBAA&amp;_nc_tpa=Q5bMBQELpujUUxO5Z_EgQj0P-oggkOW7i9mfOtuHSDeXdkCHs-bnZZNfE-LdV3wWXKjuaHlXxo_dcOooSA&amp;oh=00_Af0L9oBZoEQmmFxX_J9DjpgVlW_1UiQXtXquxbTRQBrixQ&amp;oe=69F67C1A&quot;}\">\n            <span class=\"sbi-screenreader\">Les Rendez-vous M28 en podcast x Les Radios du CRL<\/span>\n            <svg class=\"svg-inline--fa fa-clone fa-w-16 sbi_lightbox_carousel_icon\" aria-hidden=\"true\" aria-label=\"Clone\" data-fa-pro\u0192cessed=\"\" data-prefix=\"far\" data-icon=\"clone\" role=\"img\" xmlns=\"http:\/\/www.w3.org\/2000\/svg\" viewBox=\"0 0 512 512\">\n\t                <path fill=\"currentColor\" d=\"M464 0H144c-26.51 0-48 21.49-48 48v48H48c-26.51 0-48 21.49-48 48v320c0 26.51 21.49 48 48 48h320c26.51 0 48-21.49 48-48v-48h48c26.51 0 48-21.49 48-48V48c0-26.51-21.49-48-48-48zM362 464H54a6 6 0 0 1-6-6V150a6 6 0 0 1 6-6h42v224c0 26.51 21.49 48 48 48h224v42a6 6 0 0 1-6 6zm96-96H150a6 6 0 0 1-6-6V54a6 6 0 0 1 6-6h308a6 6 0 0 1 6 6v308a6 6 0 0 1-6 6z\"><\/path>\n\t            <\/svg>\t                    <img decoding=\"async\" src=\"https:\/\/www.montpellier2028.eu\/wp-content\/plugins\/instagram-feed\/img\/placeholder.png\" alt=\"Les Rendez-vous M28 en podcast x Les Radios du CRLO\n\nCette ann\u00e9e, M28 organise un nouveau cycle de rencontres et de podcasts autour de la th\u00e9matique du futur.\n\nRACONTONS DEMAIN \u2013 La Fabrique des futurs #1\n\n\u27a1 \u00e9couter le podcast de l&#039;\u00e9pisode #1 \nvia le lien dans la bio, avec Pierre Lergenm\u00fcller et anim\u00e9 par Nicolas Dubourg, directeur artistique de M28\n\nPierre Lergenm\u00fcller est cr\u00e9ateur, auteur et r\u00e9alisateur de s\u00e9ries documentaires (Points de Rep\u00e8res @artefr ; D\u00e9clics @artefr ; 2080, Nos Futurs @canalplus) ainsi que charg\u00e9 de d\u00e9veloppement p\u00e9dagogique \u00e0 l\u2019\u00e9cole ARTFX @artfxschool.\n\nDepuis une dizaine d\u2019ann\u00e9es, Pierre consacre l\u2019essentiel de son activit\u00e9 \u00e0 l\u2019\u00e9criture et \u00e0 la r\u00e9alisation de s\u00e9ries documentaires : \u00e0 ce jour, il a sign\u00e9 56 films. \u00c0 travers ce travail, il mobilise une approche rigoureuse de la recherche, de la narration et de la vulgarisation, avec un souci constant de pr\u00e9cision et de justesse.\n\nRDV M28 #2 avec Laurie Bellanca : \n\ud83d\udcc6 Vendredi 17 avril \u00e0 18h30 \u00e0 l\u2019H\u00f4tel d\u2019Aur\u00e8s \u00e0 Montpellier\n\n#M28 #M28Terresdeculture #RDVM28 #RacontonsDemain #Futur #podcasts @radioclapas \n\n@villedemontpellier @michael_delafosse\n@ville_de_sete @seteagglopole\n@grandpicsaintloup\n@agglohm\n@lunelagglo\n@legrauduroiportcamargue\n#Vall\u00e9edelH\u00e9rault\n@laregionoccitanie\n@cci_herault\n@culture_gouv #DRACOccitanie\n@chudemontpellier\n@acmontpellier\n@univmontpellierpaulvalery\n@umontpellier\n\n\u00a9 Alain Scherer\">\n        <\/a>\n    <\/div>\n<\/div><div class=\"sbi_item sbi_type_image sbi_new sbi_transition\" id=\"sbi_18081350438062357\" data-date=\"1774285779\">\n    <div class=\"sbi_photo_wrap\">\n        <a class=\"sbi_photo\" href=\"https:\/\/www.instagram.com\/p\/DWPByxpjHKA\/\" target=\"_blank\" rel=\"noopener nofollow\" data-full-res=\"https:\/\/scontent-cdg4-3.cdninstagram.com\/v\/t51.82787-15\/656225045_18044098340758352_3838268694757705764_n.jpg?stp=dst-jpg_e35_tt6&#038;_nc_cat=111&#038;ccb=7-5&#038;_nc_sid=18de74&#038;efg=eyJlZmdfdGFnIjoiRkVFRC5iZXN0X2ltYWdlX3VybGdlbi5DMyJ9&#038;_nc_ohc=fPUUSwpBpgwQ7kNvwGxQ2Z8&#038;_nc_oc=AdpAd4x3_mylvKAOa9O3B4ylpQsz6idIKlyitzKHCq37fjZBOSFcNG1X4GK-pWK-Hs4&#038;_nc_zt=23&#038;_nc_ht=scontent-cdg4-3.cdninstagram.com&#038;edm=ANo9K5cEAAAA&#038;_nc_gid=3oivXocHtfEyxivR3srBAA&#038;_nc_tpa=Q5bMBQFm2RPj0xQTEORoG4DTYFZBZm1cs_rGp04VYCFJlcHrnx_JaAf7IozaHXDjsY31juQPIhkgiQngyQ&#038;oh=00_Af1xo6uelcEoProfz7C5eEuafUcPr8UhcABYcY7B6Nd6fg&#038;oe=69F687AB\" data-img-src-set=\"{&quot;d&quot;:&quot;https:\\\/\\\/scontent-cdg4-3.cdninstagram.com\\\/v\\\/t51.82787-15\\\/656225045_18044098340758352_3838268694757705764_n.jpg?stp=dst-jpg_e35_tt6&amp;_nc_cat=111&amp;ccb=7-5&amp;_nc_sid=18de74&amp;efg=eyJlZmdfdGFnIjoiRkVFRC5iZXN0X2ltYWdlX3VybGdlbi5DMyJ9&amp;_nc_ohc=fPUUSwpBpgwQ7kNvwGxQ2Z8&amp;_nc_oc=AdpAd4x3_mylvKAOa9O3B4ylpQsz6idIKlyitzKHCq37fjZBOSFcNG1X4GK-pWK-Hs4&amp;_nc_zt=23&amp;_nc_ht=scontent-cdg4-3.cdninstagram.com&amp;edm=ANo9K5cEAAAA&amp;_nc_gid=3oivXocHtfEyxivR3srBAA&amp;_nc_tpa=Q5bMBQFm2RPj0xQTEORoG4DTYFZBZm1cs_rGp04VYCFJlcHrnx_JaAf7IozaHXDjsY31juQPIhkgiQngyQ&amp;oh=00_Af1xo6uelcEoProfz7C5eEuafUcPr8UhcABYcY7B6Nd6fg&amp;oe=69F687AB&quot;,&quot;150&quot;:&quot;https:\\\/\\\/scontent-cdg4-3.cdninstagram.com\\\/v\\\/t51.82787-15\\\/656225045_18044098340758352_3838268694757705764_n.jpg?stp=dst-jpg_e35_tt6&amp;_nc_cat=111&amp;ccb=7-5&amp;_nc_sid=18de74&amp;efg=eyJlZmdfdGFnIjoiRkVFRC5iZXN0X2ltYWdlX3VybGdlbi5DMyJ9&amp;_nc_ohc=fPUUSwpBpgwQ7kNvwGxQ2Z8&amp;_nc_oc=AdpAd4x3_mylvKAOa9O3B4ylpQsz6idIKlyitzKHCq37fjZBOSFcNG1X4GK-pWK-Hs4&amp;_nc_zt=23&amp;_nc_ht=scontent-cdg4-3.cdninstagram.com&amp;edm=ANo9K5cEAAAA&amp;_nc_gid=3oivXocHtfEyxivR3srBAA&amp;_nc_tpa=Q5bMBQFm2RPj0xQTEORoG4DTYFZBZm1cs_rGp04VYCFJlcHrnx_JaAf7IozaHXDjsY31juQPIhkgiQngyQ&amp;oh=00_Af1xo6uelcEoProfz7C5eEuafUcPr8UhcABYcY7B6Nd6fg&amp;oe=69F687AB&quot;,&quot;320&quot;:&quot;https:\\\/\\\/scontent-cdg4-3.cdninstagram.com\\\/v\\\/t51.82787-15\\\/656225045_18044098340758352_3838268694757705764_n.jpg?stp=dst-jpg_e35_tt6&amp;_nc_cat=111&amp;ccb=7-5&amp;_nc_sid=18de74&amp;efg=eyJlZmdfdGFnIjoiRkVFRC5iZXN0X2ltYWdlX3VybGdlbi5DMyJ9&amp;_nc_ohc=fPUUSwpBpgwQ7kNvwGxQ2Z8&amp;_nc_oc=AdpAd4x3_mylvKAOa9O3B4ylpQsz6idIKlyitzKHCq37fjZBOSFcNG1X4GK-pWK-Hs4&amp;_nc_zt=23&amp;_nc_ht=scontent-cdg4-3.cdninstagram.com&amp;edm=ANo9K5cEAAAA&amp;_nc_gid=3oivXocHtfEyxivR3srBAA&amp;_nc_tpa=Q5bMBQFm2RPj0xQTEORoG4DTYFZBZm1cs_rGp04VYCFJlcHrnx_JaAf7IozaHXDjsY31juQPIhkgiQngyQ&amp;oh=00_Af1xo6uelcEoProfz7C5eEuafUcPr8UhcABYcY7B6Nd6fg&amp;oe=69F687AB&quot;,&quot;640&quot;:&quot;https:\\\/\\\/scontent-cdg4-3.cdninstagram.com\\\/v\\\/t51.82787-15\\\/656225045_18044098340758352_3838268694757705764_n.jpg?stp=dst-jpg_e35_tt6&amp;_nc_cat=111&amp;ccb=7-5&amp;_nc_sid=18de74&amp;efg=eyJlZmdfdGFnIjoiRkVFRC5iZXN0X2ltYWdlX3VybGdlbi5DMyJ9&amp;_nc_ohc=fPUUSwpBpgwQ7kNvwGxQ2Z8&amp;_nc_oc=AdpAd4x3_mylvKAOa9O3B4ylpQsz6idIKlyitzKHCq37fjZBOSFcNG1X4GK-pWK-Hs4&amp;_nc_zt=23&amp;_nc_ht=scontent-cdg4-3.cdninstagram.com&amp;edm=ANo9K5cEAAAA&amp;_nc_gid=3oivXocHtfEyxivR3srBAA&amp;_nc_tpa=Q5bMBQFm2RPj0xQTEORoG4DTYFZBZm1cs_rGp04VYCFJlcHrnx_JaAf7IozaHXDjsY31juQPIhkgiQngyQ&amp;oh=00_Af1xo6uelcEoProfz7C5eEuafUcPr8UhcABYcY7B6Nd6fg&amp;oe=69F687AB&quot;}\">\n            <span class=\"sbi-screenreader\">| Appel \u00e0 Candidatures \u2013 R\u00e9sidence \u00ab Futurs e<\/span>\n            \t                    <img decoding=\"async\" src=\"https:\/\/www.montpellier2028.eu\/wp-content\/plugins\/instagram-feed\/img\/placeholder.png\" alt=\"| Appel \u00e0 Candidatures \u2013 R\u00e9sidence \u00ab Futurs en chantier \u00bb au Chai des Moulins \u00e0 S\u00e8te | \n\nDans le cadre commun d\u2019un temps fort pr\u00e9vu \u00e0 S\u00e8te en mai 2026, Unanime Cr\u00e9ative et l\u2019association Montpellier 2028 \u2013 Terres de culture portent conjointement un appel \u00e0 r\u00e9sidence sur la th\u00e9matique du futur.\n\nLa r\u00e9sidence \u00ab Futurs en chantier \u00bb, accompagn\u00e9e par l\u2019\u00e9quipe d\u2019Unanime Cr\u00e9ative, permet \u00e0 un.e artiste ou \u00e0 un collectif de d\u00e9ployer un projet dans une d\u00e9marche d\u2019exp\u00e9rimentation et de cr\u00e9ation artistique, au c\u0153ur d\u2019un espace patrimonial en transition : le Chai des Moulins.\n\nElle permet ici d\u2019explorer un univers vou\u00e9 aux mouvements, \u00e0 la fois dans le cadre imminent d\u2019une r\u00e9habilitation et en vue d\u2019un \u00e9v\u00e9nement ponctuel qui s\u2019y d\u00e9roulera les 29 et 30 mai 2026.\n\n\ud83d\udc49 La finalit\u00e9 attendue est la sc\u00e9nographie d\u2019un espace. Le chai comme espace sc\u00e9nographique (esth\u00e9tiques et usages).\n\n\ud83d\udcbc Conditions :\n\u2022 4 semaines : du lundi 4 mai au samedi 30 mai 2026 inclus\n\u2022 Bourse de cr\u00e9ation\n\u2022 Rendez-vous interm\u00e9diaire au Chai des Moulins ouvert au public avec un temps de rencontre et\/ou de pratiques artistiques amateurs et une restitution lors du temps fort M28 au Chai des Moulins \u00e0 S\u00e8te le 29 mai 2026\n\n\ud83d\udcc5 D\u00e9p\u00f4t des candidatures jusqu&#039;au 10 avril 2026 inclus.\n\nLes candidats peuvent postuler individuellement ou en collectif.\n\nPlus d&#039;infos et modalit\u00e9s sur le lien dans la bio.\n\n#M28 #Montpellier2028 #M28Terresdeculture #AppelACandidatures #ResidenceArtistique #R\u00e9sidence #Recherche #Cr\u00e9ation #Culture #Artistes #Futursenchantier #Sc\u00e9nographie #Espace\n\n@le__dancing\n@ville_de_sete @seteagglopole\n\n@villedemontpellier @michael_delafosse\n@grandpicsaintloup\n@agglohm\n@lunelagglo\n@villelegrauduroi_portcamargue\n#Vall\u00e9edelH\u00e9rault\n@laregionoccitanie\n@cci_herault\n@culture_gouv #DRACOccitanie\n@chudemontpellier\n@acmontpellier\n@univmontpellierpaulvalery\n@umontpellier\">\n        <\/a>\n    <\/div>\n<\/div>    <\/div>\n\n\t<div id=\"sbi_load\" >\n\n\t\t\t<a class=\"sbi_load_btn\" href=\"javascript:void(0);\">\n\t\t\t<span class=\"sbi_btn_text\">Load More<\/span>\n\t\t\t<span class=\"sbi_loader sbi_hidden\" style=\"background-color: rgb(255, 255, 255);\" aria-hidden=\"true\"><\/span>\n\t\t<\/a>\n\t\n\t\t\t<span class=\"sbi_follow_btn sbi_custom\">\n        <a href=\"https:\/\/www.instagram.com\/montpellier2028\/\" style=\"background: rgb(64,139,209);\" target=\"_blank\" rel=\"nofollow noopener\">\n            <svg class=\"svg-inline--fa fa-instagram fa-w-14\" aria-hidden=\"true\" data-fa-processed=\"\" aria-label=\"Instagram\" data-prefix=\"fab\" data-icon=\"instagram\" role=\"img\" viewBox=\"0 0 448 512\">\n\t                <path fill=\"currentColor\" d=\"M224.1 141c-63.6 0-114.9 51.3-114.9 114.9s51.3 114.9 114.9 114.9S339 319.5 339 255.9 287.7 141 224.1 141zm0 189.6c-41.1 0-74.7-33.5-74.7-74.7s33.5-74.7 74.7-74.7 74.7 33.5 74.7 74.7-33.6 74.7-74.7 74.7zm146.4-194.3c0 14.9-12 26.8-26.8 26.8-14.9 0-26.8-12-26.8-26.8s12-26.8 26.8-26.8 26.8 12 26.8 26.8zm76.1 27.2c-1.7-35.9-9.9-67.7-36.2-93.9-26.2-26.2-58-34.4-93.9-36.2-37-2.1-147.9-2.1-184.9 0-35.8 1.7-67.6 9.9-93.9 36.1s-34.4 58-36.2 93.9c-2.1 37-2.1 147.9 0 184.9 1.7 35.9 9.9 67.7 36.2 93.9s58 34.4 93.9 36.2c37 2.1 147.9 2.1 184.9 0 35.9-1.7 67.7-9.9 93.9-36.2 26.2-26.2 34.4-58 36.2-93.9 2.1-37 2.1-147.8 0-184.8zM398.8 388c-7.8 19.6-22.9 34.7-42.6 42.6-29.5 11.7-99.5 9-132.1 9s-102.7 2.6-132.1-9c-19.6-7.8-34.7-22.9-42.6-42.6-11.7-29.5-9-99.5-9-132.1s-2.6-102.7 9-132.1c7.8-19.6 22.9-34.7 42.6-42.6 29.5-11.7 99.5-9 132.1-9s102.7-2.6 132.1 9c19.6 7.8 34.7 22.9 42.6 42.6 11.7 29.5 9 99.5 9 132.1s2.7 102.7-9 132.1z\"><\/path>\n\t            <\/svg>            <span>Follow on Instagram<\/span>\n        <\/a>\n    <\/span>\n\t\n<\/div>\n\n\t    <span class=\"sbi_resized_image_data\" data-feed-id=\"*3\" data-resized=\"{&quot;18085741964248435&quot;:{&quot;id&quot;:&quot;657292210_18045545237758352_6427270400825937608_n&quot;,&quot;ratio&quot;:&quot;0.80&quot;,&quot;sizes&quot;:{&quot;full&quot;:640,&quot;low&quot;:320,&quot;thumb&quot;:150},&quot;extension&quot;:&quot;.webp&quot;},&quot;17865392919524194&quot;:{&quot;id&quot;:&quot;657399301_18044650526758352_2574267291421118245_n&quot;,&quot;ratio&quot;:&quot;0.80&quot;,&quot;sizes&quot;:{&quot;full&quot;:640,&quot;low&quot;:320,&quot;thumb&quot;:150},&quot;extension&quot;:&quot;.webp&quot;},&quot;18081350438062357&quot;:{&quot;id&quot;:&quot;656225045_18044098340758352_3838268694757705764_n&quot;,&quot;ratio&quot;:&quot;0.80&quot;,&quot;sizes&quot;:{&quot;full&quot;:640,&quot;low&quot;:320,&quot;thumb&quot;:150},&quot;extension&quot;:&quot;.webp&quot;},&quot;18196037785360882&quot;:{&quot;id&quot;:&quot;671747358_18048040742758352_6281725470711493497_n&quot;,&quot;ratio&quot;:&quot;0.80&quot;,&quot;sizes&quot;:{&quot;full&quot;:640,&quot;low&quot;:320,&quot;thumb&quot;:150},&quot;extension&quot;:&quot;.webp&quot;}}\">\n\t<\/span>\n\t<\/div>\n\n\n<\/div><\/div>\n","protected":false},"excerpt":{"rendered":"<p>Agenda News M28. \u2192 All news A new phase of experimentation 25 Event map Discover the agenda across the entire [&hellip;]<\/p>\n","protected":false},"author":7,"featured_media":0,"parent":0,"menu_order":0,"comment_status":"closed","ping_status":"closed","template":"","meta":{"_acf_changed":false,"footnotes":""},"class_list":["post-1874","page","type-page","status-publish","hentry"],"acf":[],"yoast_head":"<!-- This site is optimized with the Yoast SEO plugin v24.8 - https:\/\/yoast.com\/wordpress\/plugins\/seo\/ -->\n<title>Montpellier 2028<\/title>\n<meta name=\"robots\" content=\"index, follow, max-snippet:-1, max-image-preview:large, max-video-preview:-1\" \/>\n<link rel=\"canonical\" href=\"https:\/\/www.montpellier2028.eu\/en\/\" \/>\n<meta property=\"og:locale\" content=\"en_US\" \/>\n<meta property=\"og:type\" content=\"article\" \/>\n<meta property=\"og:title\" content=\"Montpellier 2028\" \/>\n<meta property=\"og:description\" content=\"Agenda News M28. \u2192 All news A new phase of experimentation 25 Event map Discover the agenda across the entire [&hellip;]\" \/>\n<meta property=\"og:url\" content=\"https:\/\/www.montpellier2028.eu\/en\/\" \/>\n<meta property=\"og:site_name\" content=\"Montpellier 2028\" \/>\n<meta property=\"article:publisher\" content=\"https:\/\/www.facebook.com\/montpellier2028\" \/>\n<meta property=\"article:modified_time\" content=\"2025-05-22T10:37:04+00:00\" \/>\n<meta property=\"og:image\" content=\"https:\/\/www.montpellier2028.eu\/wp-content\/uploads\/2025\/05\/EV25-Carte-situee-pour-site-1024x683.jpg\" \/>\n<meta name=\"twitter:card\" content=\"summary_large_image\" \/>\n<meta name=\"twitter:site\" content=\"@mtp2028\" \/>\n<meta name=\"twitter:label1\" content=\"Est. reading time\" \/>\n\t<meta name=\"twitter:data1\" content=\"1 minute\" \/>\n<script type=\"application\/ld+json\" class=\"yoast-schema-graph\">{\"@context\":\"https:\/\/schema.org\",\"@graph\":[{\"@type\":\"WebPage\",\"@id\":\"https:\/\/www.montpellier2028.eu\/en\/\",\"url\":\"https:\/\/www.montpellier2028.eu\/en\/\",\"name\":\"Montpellier 2028\",\"isPartOf\":{\"@id\":\"https:\/\/www.montpellier2028.eu\/en\/#website\"},\"primaryImageOfPage\":{\"@id\":\"https:\/\/www.montpellier2028.eu\/en\/#primaryimage\"},\"image\":{\"@id\":\"https:\/\/www.montpellier2028.eu\/en\/#primaryimage\"},\"thumbnailUrl\":\"https:\/\/www.montpellier2028.eu\/wp-content\/uploads\/2025\/05\/EV25-Carte-situee-pour-site-1024x683.jpg\",\"datePublished\":\"2022-09-13T09:21:25+00:00\",\"dateModified\":\"2025-05-22T10:37:04+00:00\",\"breadcrumb\":{\"@id\":\"https:\/\/www.montpellier2028.eu\/en\/#breadcrumb\"},\"inLanguage\":\"en-US\",\"potentialAction\":[{\"@type\":\"ReadAction\",\"target\":[\"https:\/\/www.montpellier2028.eu\/en\/\"]}]},{\"@type\":\"ImageObject\",\"inLanguage\":\"en-US\",\"@id\":\"https:\/\/www.montpellier2028.eu\/en\/#primaryimage\",\"url\":\"https:\/\/www.montpellier2028.eu\/wp-content\/uploads\/2025\/05\/EV25-Carte-situee-pour-site-1024x683.jpg\",\"contentUrl\":\"https:\/\/www.montpellier2028.eu\/wp-content\/uploads\/2025\/05\/EV25-Carte-situee-pour-site-1024x683.jpg\"},{\"@type\":\"BreadcrumbList\",\"@id\":\"https:\/\/www.montpellier2028.eu\/en\/#breadcrumb\",\"itemListElement\":[{\"@type\":\"ListItem\",\"position\":1,\"name\":\"Home\",\"item\":\"https:\/\/www.montpellier2028.eu\/en\/\"},{\"@type\":\"ListItem\",\"position\":2,\"name\":\"Home\"}]},{\"@type\":\"WebSite\",\"@id\":\"https:\/\/www.montpellier2028.eu\/en\/#website\",\"url\":\"https:\/\/www.montpellier2028.eu\/en\/\",\"name\":\"Montpellier 2028\",\"description\":\"Construisons ensemble!\",\"publisher\":{\"@id\":\"https:\/\/www.montpellier2028.eu\/en\/#organization\"},\"potentialAction\":[{\"@type\":\"SearchAction\",\"target\":{\"@type\":\"EntryPoint\",\"urlTemplate\":\"https:\/\/www.montpellier2028.eu\/en\/?s={search_term_string}\"},\"query-input\":{\"@type\":\"PropertyValueSpecification\",\"valueRequired\":true,\"valueName\":\"search_term_string\"}}],\"inLanguage\":\"en-US\"},{\"@type\":\"Organization\",\"@id\":\"https:\/\/www.montpellier2028.eu\/en\/#organization\",\"name\":\"Montpellier 2028\",\"url\":\"https:\/\/www.montpellier2028.eu\/en\/\",\"logo\":{\"@type\":\"ImageObject\",\"inLanguage\":\"en-US\",\"@id\":\"https:\/\/www.montpellier2028.eu\/en\/#\/schema\/logo\/image\/\",\"url\":\"https:\/\/www.montpellier2028.eu\/wp-content\/uploads\/2022\/09\/cropped-small-logo-lg.png\",\"contentUrl\":\"https:\/\/www.montpellier2028.eu\/wp-content\/uploads\/2022\/09\/cropped-small-logo-lg.png\",\"width\":512,\"height\":512,\"caption\":\"Montpellier 2028\"},\"image\":{\"@id\":\"https:\/\/www.montpellier2028.eu\/en\/#\/schema\/logo\/image\/\"},\"sameAs\":[\"https:\/\/www.facebook.com\/montpellier2028\",\"https:\/\/x.com\/mtp2028\",\"https:\/\/www.instagram.com\/montpellier2028\/\",\"https:\/\/www.linkedin.com\/showcase\/montpellier2028\/about\/\"]}]}<\/script>\n<!-- \/ Yoast SEO plugin. -->","yoast_head_json":{"title":"Montpellier 2028","robots":{"index":"index","follow":"follow","max-snippet":"max-snippet:-1","max-image-preview":"max-image-preview:large","max-video-preview":"max-video-preview:-1"},"canonical":"https:\/\/www.montpellier2028.eu\/en\/","og_locale":"en_US","og_type":"article","og_title":"Montpellier 2028","og_description":"Agenda News M28. \u2192 All news A new phase of experimentation 25 Event map Discover the agenda across the entire [&hellip;]","og_url":"https:\/\/www.montpellier2028.eu\/en\/","og_site_name":"Montpellier 2028","article_publisher":"https:\/\/www.facebook.com\/montpellier2028","article_modified_time":"2025-05-22T10:37:04+00:00","og_image":[{"url":"https:\/\/www.montpellier2028.eu\/wp-content\/uploads\/2025\/05\/EV25-Carte-situee-pour-site-1024x683.jpg","type":"","width":"","height":""}],"twitter_card":"summary_large_image","twitter_site":"@mtp2028","twitter_misc":{"Est. reading time":"1 minute"},"schema":{"@context":"https:\/\/schema.org","@graph":[{"@type":"WebPage","@id":"https:\/\/www.montpellier2028.eu\/en\/","url":"https:\/\/www.montpellier2028.eu\/en\/","name":"Montpellier 2028","isPartOf":{"@id":"https:\/\/www.montpellier2028.eu\/en\/#website"},"primaryImageOfPage":{"@id":"https:\/\/www.montpellier2028.eu\/en\/#primaryimage"},"image":{"@id":"https:\/\/www.montpellier2028.eu\/en\/#primaryimage"},"thumbnailUrl":"https:\/\/www.montpellier2028.eu\/wp-content\/uploads\/2025\/05\/EV25-Carte-situee-pour-site-1024x683.jpg","datePublished":"2022-09-13T09:21:25+00:00","dateModified":"2025-05-22T10:37:04+00:00","breadcrumb":{"@id":"https:\/\/www.montpellier2028.eu\/en\/#breadcrumb"},"inLanguage":"en-US","potentialAction":[{"@type":"ReadAction","target":["https:\/\/www.montpellier2028.eu\/en\/"]}]},{"@type":"ImageObject","inLanguage":"en-US","@id":"https:\/\/www.montpellier2028.eu\/en\/#primaryimage","url":"https:\/\/www.montpellier2028.eu\/wp-content\/uploads\/2025\/05\/EV25-Carte-situee-pour-site-1024x683.jpg","contentUrl":"https:\/\/www.montpellier2028.eu\/wp-content\/uploads\/2025\/05\/EV25-Carte-situee-pour-site-1024x683.jpg"},{"@type":"BreadcrumbList","@id":"https:\/\/www.montpellier2028.eu\/en\/#breadcrumb","itemListElement":[{"@type":"ListItem","position":1,"name":"Home","item":"https:\/\/www.montpellier2028.eu\/en\/"},{"@type":"ListItem","position":2,"name":"Home"}]},{"@type":"WebSite","@id":"https:\/\/www.montpellier2028.eu\/en\/#website","url":"https:\/\/www.montpellier2028.eu\/en\/","name":"Montpellier 2028","description":"Construisons ensemble!","publisher":{"@id":"https:\/\/www.montpellier2028.eu\/en\/#organization"},"potentialAction":[{"@type":"SearchAction","target":{"@type":"EntryPoint","urlTemplate":"https:\/\/www.montpellier2028.eu\/en\/?s={search_term_string}"},"query-input":{"@type":"PropertyValueSpecification","valueRequired":true,"valueName":"search_term_string"}}],"inLanguage":"en-US"},{"@type":"Organization","@id":"https:\/\/www.montpellier2028.eu\/en\/#organization","name":"Montpellier 2028","url":"https:\/\/www.montpellier2028.eu\/en\/","logo":{"@type":"ImageObject","inLanguage":"en-US","@id":"https:\/\/www.montpellier2028.eu\/en\/#\/schema\/logo\/image\/","url":"https:\/\/www.montpellier2028.eu\/wp-content\/uploads\/2022\/09\/cropped-small-logo-lg.png","contentUrl":"https:\/\/www.montpellier2028.eu\/wp-content\/uploads\/2022\/09\/cropped-small-logo-lg.png","width":512,"height":512,"caption":"Montpellier 2028"},"image":{"@id":"https:\/\/www.montpellier2028.eu\/en\/#\/schema\/logo\/image\/"},"sameAs":["https:\/\/www.facebook.com\/montpellier2028","https:\/\/x.com\/mtp2028","https:\/\/www.instagram.com\/montpellier2028\/","https:\/\/www.linkedin.com\/showcase\/montpellier2028\/about\/"]}]}},"_links":{"self":[{"href":"https:\/\/www.montpellier2028.eu\/en\/wp-json\/wp\/v2\/pages\/1874","targetHints":{"allow":["GET"]}}],"collection":[{"href":"https:\/\/www.montpellier2028.eu\/en\/wp-json\/wp\/v2\/pages"}],"about":[{"href":"https:\/\/www.montpellier2028.eu\/en\/wp-json\/wp\/v2\/types\/page"}],"author":[{"embeddable":true,"href":"https:\/\/www.montpellier2028.eu\/en\/wp-json\/wp\/v2\/users\/7"}],"replies":[{"embeddable":true,"href":"https:\/\/www.montpellier2028.eu\/en\/wp-json\/wp\/v2\/comments?post=1874"}],"version-history":[{"count":233,"href":"https:\/\/www.montpellier2028.eu\/en\/wp-json\/wp\/v2\/pages\/1874\/revisions"}],"predecessor-version":[{"id":8463,"href":"https:\/\/www.montpellier2028.eu\/en\/wp-json\/wp\/v2\/pages\/1874\/revisions\/8463"}],"wp:attachment":[{"href":"https:\/\/www.montpellier2028.eu\/en\/wp-json\/wp\/v2\/media?parent=1874"}],"curies":[{"name":"wp","href":"https:\/\/api.w.org\/{rel}","templated":true}]}}