{"id":2457,"date":"2022-09-12T17:21:20","date_gmt":"2022-09-12T15:21:20","guid":{"rendered":"https:\/\/www.montpellier2028.eu\/toolkits-and-press-review\/"},"modified":"2024-04-18T11:50:07","modified_gmt":"2024-04-18T09:50:07","slug":"toolkits-and-press-review","status":"publish","type":"page","link":"https:\/\/www.montpellier2028.eu\/en\/toolkits-and-press-review\/","title":{"rendered":"Toolkits and press review"},"content":{"rendered":"\n<p class=\"is-style-intro\">Find out our latest news, access our press releases and download visuals&#8230;<\/p>\n\n\n\n<div class=\"wp-block-group is-style-two-columns\"><div class=\"wp-block-group__inner-container is-layout-flow wp-block-group-is-layout-flow\">\n<div class=\"wp-block-group\"><div class=\"wp-block-group__inner-container is-layout-flow wp-block-group-is-layout-flow\">\n<p><strong>Press releases<\/strong><\/p>\n\n\n\n<p class=\"is-style-link\"><a href=\"https:\/\/www.montpellier2028.eu\/wp-content\/uploads\/2024\/04\/Mcec28-CP-EN-AG-9.01.pdf\" target=\"_blank\" rel=\"noreferrer noopener\">\u2192 Press release &#8220;The adventure continues !&#8221; <\/a><\/p>\n\n\n\n<p class=\"is-style-link\"><a href=\"https:\/\/www.montpellier2028.eu\/wp-content\/uploads\/2024\/04\/Mcec28-CP-Result-Designation-CEC28.pdf\" target=\"_blank\" rel=\"noreferrer noopener\">\u2192 Press release &#8220;CEC 2028 : Jury Decision&#8221; <\/a><\/p>\n\n\n\n<p class=\"is-style-link\"><a href=\"https:\/\/www.montpellier2028.eu\/wp-content\/uploads\/2024\/04\/Mcec28-CP-EN-SNCF.pdf\" target=\"_blank\" rel=\"noreferrer noopener\">\u2192 Press release &#8220;Montpellier 2028 on display in stations&#8221;<\/a><\/p>\n\n\n\n<p class=\"is-style-link\"><a href=\"https:\/\/www.montpellier2028.eu\/wp-content\/uploads\/2024\/04\/Mcec28-CP-M28-qualified-2ndTour.pdf\" target=\"_blank\" rel=\"noreferrer noopener\">\u2192 Press release &#8220;M28 qualified for the second round!&#8221;<\/a><br><br><\/p>\n\n\n\n<p><strong>Press kits<\/strong><\/p>\n\n\n\n<p class=\"is-style-link\"><a href=\"https:\/\/www.montpellier2028.eu\/wp-content\/uploads\/2023\/11\/DP-expositions-M28-SNCF.pdf\" target=\"_blank\" rel=\"noreferrer noopener\">\u2192 Press kit Montpellier 2028 on display in stations<\/a><\/p>\n\n\n\n<p class=\"is-style-link\"><a href=\"https:\/\/www.montpellier2028.eu\/wp-content\/uploads\/2023\/06\/Soutiens-des-mecenes-Montpellier-2028.pdf\" target=\"_blank\" rel=\"noreferrer noopener\">\u2192 Press kit &#8220;Soutiens &#8211; M\u00e9c\u00e8nes de Montpellier2028&#8221;<\/a><\/p>\n\n\n\n<p class=\"is-style-link\"><a href=\"https:\/\/www.montpellier2028.eu\/wp-content\/uploads\/2023\/02\/AAP2023_DPM28.pdf\" target=\"_blank\" rel=\"noreferrer noopener\">\u2192<\/a> <a href=\"https:\/\/www.montpellier2028.eu\/wp-content\/uploads\/2023\/03\/AAP2023_DP230216.pdf\" target=\"_blank\" rel=\"noreferrer noopener\">2023 Laureates press kit<\/a><\/p>\n\n\n\n<p class=\"is-style-link\"><a href=\"https:\/\/www.montpellier2028.eu\/wp-content\/uploads\/2022\/10\/Dossier-de-presse-Paris.pdf\" target=\"_blank\" rel=\"noreferrer noopener\">\u2192 2022 Press kit<\/a><\/p>\n<\/div><\/div>\n<\/div><\/div>\n\n\n\n<figure class=\"wp-block-image size-large\"><img loading=\"lazy\" decoding=\"async\" width=\"2560\" height=\"1439\" src=\"https:\/\/www.montpellier2028.eu\/wp-content\/uploads\/2023\/08\/presse_low-edited-scaled.jpg\" alt=\"\" class=\"wp-image-5160\" srcset=\"https:\/\/www.montpellier2028.eu\/wp-content\/uploads\/2023\/08\/presse_low-edited-scaled.jpg 2560w, https:\/\/www.montpellier2028.eu\/wp-content\/uploads\/2023\/08\/presse_low-edited-300x169.jpg 300w, https:\/\/www.montpellier2028.eu\/wp-content\/uploads\/2023\/08\/presse_low-edited-1024x576.jpg 1024w, https:\/\/www.montpellier2028.eu\/wp-content\/uploads\/2023\/08\/presse_low-edited-768x432.jpg 768w, https:\/\/www.montpellier2028.eu\/wp-content\/uploads\/2023\/08\/presse_low-edited-1536x863.jpg 1536w, https:\/\/www.montpellier2028.eu\/wp-content\/uploads\/2023\/08\/presse_low-edited-2048x1151.jpg 2048w, https:\/\/www.montpellier2028.eu\/wp-content\/uploads\/2023\/08\/presse_low-edited-1360x764.jpg 1360w\" sizes=\"auto, (max-width: 2560px) 100vw, 2560px\" \/><figcaption class=\"wp-element-caption\">Credits : Christophe Ruiz \/ Montpellier M\u00e9diterran\u00e9e M\u00e9tropole<\/figcaption><\/figure>\n\n\n\n<blockquote class=\"wp-block-quote is-layout-flow wp-block-quote-is-layout-flow\">\n<p><em>La candidature de Montpellier 2028 vise \u00e0 transformer le territoire en devenant un lieu d\u2019exp\u00e9rimentation et d\u2019invention au carrefour entre l\u2019Europe et l\u2019Afrique, notamment autour des enjeux d\u2019inclusion, de coop\u00e9ration territoriale et de transition.<\/em><\/p>\n<cite>France 3 Occitanie&nbsp;: Visite de Rima Abdul Malak, ministre de la Culture au c\u0153ur de Montpellier 2028<br><a href=\"https:\/\/www.montpellier2028.eu\/wp-content\/uploads\/2023\/11\/fr3-languedoc_2023-11-18T18-21-17Z_2023-11-18T18-23-22Z.mp4\" target=\"_blank\" rel=\"noreferrer noopener\"><u>\u2192&nbsp;<\/u>regarder la vid\u00e9o<\/a><\/cite><\/blockquote>\n\n\n\n<blockquote class=\"wp-block-quote is-layout-flow wp-block-quote-is-layout-flow\">\n<p><em>La candidature occitane, tr\u00e8s tourn\u00e9e vers l\u2019international, s\u2019est efforc\u00e9e de r\u00e9pondre au mieux aux remarques formul\u00e9es par le jury sur son premier projet.<\/em><\/p>\n<cite>Le Journal Des Arts&nbsp;: \u00ab Montpellier 2028 \u00bb se veut un carrefour entre l&#8217;Europe et l&#8217;Afrique<br><a href=\"https:\/\/www.lejournaldesarts.fr\/actualites\/montpellier-2028-se-veut-un-carrefour-entre-leurope-et-lafrique-169276\" target=\"_blank\" rel=\"noreferrer noopener\"><u>\u2192&nbsp;<\/u>lire l&#8217;article<\/a><\/cite><\/blockquote>\n\n\n\n<blockquote class=\"wp-block-quote is-layout-flow wp-block-quote-is-layout-flow\">\n<p><em>Au-del\u00e0 de l\u2019id\u00e9e de Montpellier comme carrefour g\u00e9ographique, historique, culturel, cette candidature symbolise la notion de lieu de passage, de brassage, d\u2019accueil, d\u2019hospitalit\u00e9. <\/em><\/p>\n<cite>News Tank Culture&nbsp;: CEC 2028 : \u00ab&nbsp;La candidature de Montpellier peut nous aider \u00e0 penser l&#8217;avenir diff\u00e9remment \u00bb (Sophie L\u00e9ron)<br><a href=\"https:\/\/culture.newstank.fr\/article\/view\/305798\/cec-2028-candidature-montpellier-peut-aider-penser-avenir-differemment.html?t=a&amp;d=1%2C2%2C3&amp;c=1&amp;a=2042071&amp;p=32961\" target=\"_blank\" rel=\"noreferrer noopener\"><u>\u2192&nbsp;<\/u>lire l&#8217;article<\/a><\/cite><\/blockquote>\n\n\n\n<blockquote class=\"wp-block-quote is-layout-flow wp-block-quote-is-layout-flow\">\n<p><em>Quatre villes finalistes et une seule laur\u00e9ate ! On saura mercredi 13 d\u00e9cembre qui de Montpellier-S\u00e8te, Clermont-Ferrand, Bourges ou Rouen sera s\u00e9lectionn\u00e9e pour devenir Capitale europ\u00e9enne de la cuture en 2028.<\/em><\/p>\n<cite>Midi Libre :&nbsp;Capitale europ\u00e9enne de la culture : c&#8217;est la derni\u00e8re ligne droite<br><a href=\"https:\/\/www.midilibre.fr\/2023\/11\/10\/montpellier-rouen-bourges-et-clermont-ferrand-qui-remportera-le-titre-de-capitale-europeenne-de-la-culture-2028-11569634.php\" target=\"_blank\" rel=\"noreferrer noopener\"><u>\u2192&nbsp;<\/u>lire l&#8217;article<\/a><\/cite><\/blockquote>\n\n\n\n<blockquote class=\"wp-block-quote is-layout-flow wp-block-quote-is-layout-flow\">\n<p><em>Dans le cadre de la premi\u00e8re Biennale Euro-Africa Montpellier (du 9 au 15 octobre), Montpellier 2028, candidate au titre de Capitale europ\u00e9enne de la culture, a organis\u00e9 une table ronde le lundi 9 octobre \u00e0 la Maison des relations internationales autour de la strat\u00e9gie de d\u00e9veloppement des villes par la culture et notamment sur le continent africain. Restitution.<\/em><\/p>\n<cite>Le Quotidien de l\u2019Art&nbsp;:&nbsp;L\u2019enjeu des Capitales africaines de la culture<br><a href=\"https:\/\/www.montpellier2028.eu\/wp-content\/uploads\/2023\/10\/QDA_2023-10-13-17.pdf\" target=\"_blank\" rel=\"noreferrer noopener\"><u>\u2192&nbsp;<\/u>lire l&#8217;article<\/a><\/cite><\/blockquote>\n\n\n\n<blockquote class=\"wp-block-quote is-layout-flow wp-block-quote-is-layout-flow\">\n<p><em>Cette candidature est bas\u00e9e sur l\u2019ouverture et le partage. Elle permet de penser la question du lien, de la mutation, de l\u2019hospitalit\u00e9 et de la mobilit\u00e9 des artistes, \u00e0 un point de convergence historique des itin\u00e9raires qui traversent le continent. La premi\u00e8re \u00e9dition de la biennale Euro-Africa en est une parfaite illustration. Avec ce rendez-vous, Montpellier affirme la place centrale que la ville entend donner aux artistes, \u00e0 la jeunesse et au continent africain.<\/em><\/p>\n<cite>Le Quotidien de l\u2019Art&nbsp;: Montpellier pour l\u2019Europe<br><a href=\"https:\/\/www.montpellier2028.eu\/wp-content\/uploads\/2023\/10\/HS-Montpellier2028.pdf\" target=\"_blank\" rel=\"noreferrer noopener\"><u><em>\u2192&nbsp;<\/em><\/u>lire le Hors-S\u00e9rie<\/a><\/cite><\/blockquote>\n\n\n\n<blockquote class=\"wp-block-quote is-layout-flow wp-block-quote-is-layout-flow\">\n<p><em>Durant sept jours, Montpellier va vivre au rythme d&#8217;\u00e9v\u00e8nements, de conf\u00e9rences, de concerts, de cr\u00e9ations, d&#8217;expositions et d&#8217;animations tissant des liens entre l&#8217;Europe et l&#8217;Afrique.<\/em><br><em>Ce sont 100 \u00e9v\u00e9nements rassembl\u00e9s dans plus de 20 lieux qui sont programm\u00e9s du 9 au 15 octobre.<\/em><\/p>\n<cite>Midi Libre&nbsp;: L&#8217;Afrique va faire vibrer Montpellier pour la toute premi\u00e8re \u00e9dition de la Biennale Euro-Africa<br><a href=\"https:\/\/www.midilibre.fr\/2023\/09\/30\/lafrique-va-faire-vibrer-montpellier-pour-la-toute-premiere-edition-de-la-biennale-euro-africa-11486042.php\" target=\"_blank\" rel=\"noreferrer noopener\"><em><u>\u2192&nbsp;<\/u><\/em>lire l\u2019article<\/a><\/cite><\/blockquote>\n\n\n\n<blockquote class=\"wp-block-quote is-layout-flow wp-block-quote-is-layout-flow\">\n<p><em>Cet \u00e9v\u00e9nement, \u00e0 la fois culturel et tourn\u00e9 vers l\u2019innovation, se tiendra du 9 au 15 octobre dans la septi\u00e8me ville de France, candidate au statut de Capitale europ\u00e9enne de la culture en 2028.<\/em><\/p>\n<cite>Le Monde : Montpellier accueille sa premi\u00e8re Biennale Euro-Africa&nbsp;&nbsp;<br><a href=\"https:\/\/www.lemonde.fr\/afrique\/article\/2023\/10\/02\/montpellier-accueille-sa-premiere-biennale-euro-africa_6192004_3212.html\" target=\"_blank\" rel=\"noreferrer noopener\"><em><u>\u2192&nbsp;<\/u><\/em>lire l\u2019article<\/a><\/cite><\/blockquote>\n\n\n\n<blockquote class=\"wp-block-quote is-layout-flow wp-block-quote-is-layout-flow\">\n<p><em>Mettre en avant les richesses et les talents africains, tout en cr\u00e9ant des ponts entre les deux continents, telle est l\u2019ambition de la premi\u00e8re biennale Euro-Africa, qui d\u00e9butera le 9 octobre \u00e0 Montpellier et fera vibrer la m\u00e9tropole durant une semaine.<\/em><\/p>\n<cite>La Tribune :&nbsp;Montpellier passera \u00e0 l\u2019heure africaine du 9 au 15 octobre<br><a href=\"https:\/\/www.latribune.fr\/supplement\/la-tribune-now\/montpellier-passera-a-l-heure-africaine-du-9-au-15-octobre-978608.html\" target=\"_blank\" rel=\"noreferrer noopener\"><em><u>\u2192&nbsp;<\/u><\/em>lire l\u2019article<\/a><\/cite><\/blockquote>\n\n\n\n<blockquote class=\"wp-block-quote is-layout-flow wp-block-quote-is-layout-flow\">\n<p><em>Acc\u00e9der \u00e0 la culture et participer \u00e0 la dynamique du territoire d\u00e8s le plus jeune \u00e2ge sont de puissants leviers pour l&#8217;\u00e9mancipation des enfants. L\u2019acad\u00e9mie de Montpellier et d\u2019Occitanie s\u2019associe \u00e0 Montpellier 2028 pour relever ces enjeux essentiels pour la jeunesse.<\/em><\/p>\n<cite>France Bleu H\u00e9rault :&nbsp;Rencontre avec Sophie B\u00e9jan, rectrice de l\u2019acad\u00e9mie de Montpellier et d\u2019Occitanie<br><em><a href=\"https:\/\/www.francebleu.fr\/emissions\/montpellier-2028-future-capitale-europeenne-de-la-culture\/sophie-bejean-rectrice-de-l-academie-de-montpellier-et-d-occitanie-7024753?fbclid=IwAR23e1Q2Bgz6d6h4-a2E4octtDt1v39cmv6tqp45-po3CMmtUdApMFhEigA\" target=\"_blank\" rel=\"noreferrer noopener\">\u2192 \u00e9couter l\u2019\u00e9mission<\/a><\/em><\/cite><\/blockquote>\n\n\n\n<blockquote class=\"wp-block-quote is-layout-flow wp-block-quote-is-layout-flow\">\n<p><em>L\u2019agence Les Sismos a amorc\u00e9 l\u2019\u00e9criture du projet avec Montpellier 2028 par un travail de design consistant en l\u2019organisation d\u2019ateliers th\u00e9matiques r\u00e9unissant professionnels, artistes, associations, autour des grands axes strat\u00e9giques de la politique culturelle du territoire.<\/em><\/p>\n<cite>France Bleu H\u00e9rault :&nbsp;Rencontre avec Louis B\u00e9ziau, co-directeur de l&#8217;agence Les Sismo<br><em><a href=\"https:\/\/www.francebleu.fr\/emissions\/montpellier-2028-future-capitale-europeenne-de-la-culture\/louis-beziau-co-directeur-de-l-agence-les-sismos-5120060?fbclid=IwAR0RAmPoNW8LyforsynZDxS10ruopVm28ftH9w6dF1N_5ECqBFkp1zP4PeM\" target=\"_blank\" rel=\"noreferrer noopener\">\u2192 \u00e9couter l\u2019\u00e9mission<\/a><\/em><\/cite><\/blockquote>\n\n\n\n<blockquote class=\"wp-block-quote is-layout-flow wp-block-quote-is-layout-flow\">\n<p><em>D\u00e9couvrez &#8220;Bal Populaire&#8221; r\u00e9alis\u00e9 par des enfants et de jeunes adultes touch\u00e9s par des probl\u00e8mes psychiques. L\u2019occasion de se rassembler autour d\u2019un spectacle de danse participatif et transg\u00e9n\u00e9rationnel !<\/em><\/p>\n<cite>France Bleu H\u00e9rault :&nbsp;Rencontre avec Patrick Mardille Vidal, Directeur Institut Nazareth<br><em><a href=\"https:\/\/www.francebleu.fr\/emissions\/montpellier-2028-future-capitale-europeenne-de-la-culture\/patrick-mardille-vidal-directeur-de-l-institut-nazareth-a-montpellier-3669697\" target=\"_blank\" rel=\"noreferrer noopener\">\u2192 \u00e9couter l\u2019\u00e9mission<\/a><\/em><\/cite><\/blockquote>\n\n\n\n<blockquote class=\"wp-block-quote is-layout-flow wp-block-quote-is-layout-flow\">\n<p><em>Un des temps forts du projet laur\u00e9at Espaces Capitale est l\u2019op\u00e9ration L581-13 avec la mise en place de propositions artistiques des \u00e9tudiants qui investiront les panneaux d\u2019affichage d\u2019expressions libres \u00e0 S\u00e8te et \u00e0 Montpellier.<\/em><\/p>\n<cite>France Bleu H\u00e9rault :&nbsp;Rencontre avec Isabelle Avon, Directrice de la communication et du d\u00e9veloppement de l\u2019\u00c9cole Nationale Sup\u00e9rieure de l\u2019Architecture de Montpellier<br><a href=\"https:\/\/www.francebleu.fr\/emissions\/montpellier-2028-future-capitale-europeenne-de-la-culture\/isabelle-avon-de-l-ecole-d-architecture-de-montpellier-5841690\" target=\"_blank\" rel=\"noreferrer noopener\"><em>\u2192 \u00e9couter l\u2019\u00e9missi<\/em><\/a><em><a href=\"https:\/\/www.francebleu.fr\/emissions\/montpellier-2028-future-capitale-europeenne-de-la-culture\/isabelle-avon-de-l-ecole-d-architecture-de-montpellier-5841690\">on<\/a><\/em><\/cite><\/blockquote>\n\n\n\n<blockquote class=\"wp-block-quote is-layout-flow wp-block-quote-is-layout-flow\">\n<p><em>Dans le cadre de la programmation artistique pour la candidature de Montpellier en tant que Capitale Europ\u00e9enne de la Culture 2028, Lunel propose aux curieux et aux promeneurs de (re)d\u00e9couvrir le territoire par le biais de Jean Hugo, l&#8217;un de ses ambassadeurs.<\/em><\/p>\n<cite>H\u00e9rault Tribune :&nbsp;Lunel : lancement de deux balades cont\u00e9es, inspir\u00e9es de l&#8217;artiste Jean Hugo<br><a href=\"https:\/\/www.herault-tribune.com\/articles\/lunel-lancement-de-deux-balades-contees-inspirees-de-lartiste-jean-hugo\/\" target=\"_blank\" rel=\"noreferrer noopener\"><em><u>\u2192&nbsp;<\/u><\/em>lire l\u2019article<\/a><\/cite><\/blockquote>\n\n\n\n<blockquote class=\"wp-block-quote is-layout-flow wp-block-quote-is-layout-flow\">\n<p><em>Dans le cadre de Montpellier 2028, l\u2019agence Bipolar a lanc\u00e9 une grande n\u00e9gociation entre le Lez et les habitantes et habitants \u00ab Rassemblez-Lez \u00bb et nous invite ainsi, \u00e0 travers une m\u00e9diation sensible, \u00e0 nous reconnecter avec notre environnement.<\/em><\/p>\n<cite>France Bleu H\u00e9rault :&nbsp;Rencontre avec Mathieu Argaux, co-directeur de l&#8217;agence artistique montpellieraine Bipolar<br><a href=\"https:\/\/www.francebleu.fr\/emissions\/montpellier-2028-future-capitale-europeenne-de-la-culture\/mathieu-argaux-co-directeur-de-l-agence-artistique-montpellieraine-bipolar-2738164\" target=\"_blank\" rel=\"noreferrer noopener\"><em>\u2192 \u00e9couter l\u2019\u00e9mission<\/em> <\/a><\/cite><\/blockquote>\n\n\n\n<blockquote class=\"wp-block-quote is-layout-flow wp-block-quote-is-layout-flow\">\n<p><em>La premi\u00e8re \u00e9dition de la Biennale Euro-Africa va se tenir au sein de la capitale h\u00e9raultaise, du 9 au 15 octobre 2023.<\/em><\/p>\n<cite>Infoccitanie.fr&nbsp;: H\u00e9rault : premi\u00e8re Biennale Euro-Africa \u00e0 Montpellier, pour connecter les \u00e9cosyst\u00e8mes<br><a href=\"https:\/\/infoccitanie.fr\/herault-premiere-biennale-euro-africa-a-montpellier-pour-connecter-les-ecosystemes\/\" target=\"_blank\" rel=\"noreferrer noopener\"><em>\u2192 <\/em>lire l&#8217;article<\/a><\/cite><\/blockquote>\n\n\n\n<blockquote class=\"wp-block-quote is-layout-flow wp-block-quote-is-layout-flow\">\n<p><em>Ga\u00eblle Cap Jedikian, directrice du Ch\u00e2teau Laurens \u00e0 Agde o\u00f9 avait \u00e9t\u00e9 organis\u00e9e en septembre dernier la pr\u00e9sentation de la programmation des projets laur\u00e9ats 2022 dans le cadre de Montpellier 2028, pr\u00e9sente la place et l\u2019implication de cette superbe villa de la belle \u00e9poque dans la candidature.<\/em><\/p>\n<cite>France Bleu H\u00e9rault : Rencontre avec Ga\u00eblle Cap Jedikian, directrice du Ch\u00e2teau Laurens \u00e0 Agde<br><em><a href=\"https:\/\/www.francebleu.fr\/emissions\/montpellier-2028-future-capitale-europeenne-de-la-culture\/gaelle-cap-jedikian-directrice-du-chateau-laurens-a-agde-1598502\" target=\"_blank\" rel=\"noreferrer noopener\">\u2192 \u00e9couter l\u2019\u00e9mission<\/a><\/em> <\/cite><\/blockquote>\n\n\n\n<blockquote class=\"wp-block-quote is-layout-flow wp-block-quote-is-layout-flow\">\n<p><em>Le festival Agropol\u2019Eat, soutenu par Montpellier 2028 vise \u00e0 sensibiliser le public aux questions agro-\u00e9cologiques et environnementales. Retour sur la 2e \u00e9dition consacr\u00e9e \u00e0 la th\u00e9matique de l&#8217;eau qui s&#8217;est tenue en juillet au sein du quartier Agropolis \u00e0 Montpellier, un espace naturel au bord du Lez.<\/em><\/p>\n<cite>France Bleu H\u00e9rault : Rencontre avec Anne Lambert, directrice du festival Agropol&#8217;eat, projet laur\u00e9at 2023<br><a href=\"https:\/\/www.francebleu.fr\/emissions\/montpellier-2028-future-capitale-europeenne-de-la-culture\/anne-lambert-coordinatrice-du-festival-agropol-eat-6570637\" target=\"_blank\" rel=\"noreferrer noopener\">\u2192 \u00e9couter l\u2019\u00e9mission<\/a><\/cite><\/blockquote>\n\n\n\n<div class=\"wp-block-group\"><div class=\"wp-block-group__inner-container is-layout-flow wp-block-group-is-layout-flow\">\n<blockquote class=\"wp-block-quote is-layout-flow wp-block-quote-is-layout-flow\">\n<blockquote class=\"wp-block-quote is-layout-flow wp-block-quote-is-layout-flow\">\n<p><em>Dans le cadre du Festival d&#8217;Avignon, qui r\u00e9unit chaque ann\u00e9e des artistes \u00e0 la fois fran\u00e7ais et internationaux, Montpellier 2028, candidate au titre de Capitale europ\u00e9enne de la culture, a invit\u00e9 quatre acteurs du secteur culturel \u00e0 r\u00e9fl\u00e9chir aux enjeux de la mobilit\u00e9 des artistes [&#8230;].<\/em><\/p>\n<cite>Le Quotidien de l&#8217;Art :<em> <\/em>Les enjeux de la mobilit\u00e9 des&nbsp;artistes<br><a href=\"https:\/\/www.lequotidiendelart.com\/articles\/24217-les-enjeux-de-la-mobilit%C3%A9-des-artistes.html\" target=\"_blank\" rel=\"noreferrer noopener\">\u2192 lire l&#8217;article<\/a><\/cite><\/blockquote>\n\n\n\n<blockquote class=\"wp-block-quote is-layout-flow wp-block-quote-is-layout-flow\">\n<p><em>Cet \u00e9t\u00e9, la Ville de Montpellier sort le grand jeu artistique avec une kyrielle d\u2019expositions montrant sa capacit\u00e9 \u00e0 devenir Capitale culturelle europ\u00e9enne en 2028.<\/em><\/p>\n<cite>Connaissance des Arts :<em> <\/em>Montpellier : 6 expositions d\u2019art contemporain \u00e0 ne pas manquer cet \u00e9t\u00e9<br><a href=\"https:\/\/www.connaissancedesarts.com\/arts-expositions\/art-contemporain\/montpellier-6-expositions-dart-contemporain-a-ne-pas-manquer-cet-ete-11184095\/\" target=\"_blank\" rel=\"noreferrer noopener\">\u2192 lire l&#8217;article<\/a><\/cite><\/blockquote>\n\n\n\n<blockquote class=\"wp-block-quote is-layout-flow wp-block-quote-is-layout-flow\">\n<p><em>La candidature de Montpellier \u00e0 la Capitale europ\u00e9enne de la culture 2028 \u00e9tait en Avignon pour affirmer son ambition d&#8217;\u00eatre un carrefour de l&#8217;Europe et un pont vers l&#8217;Afrique.<\/em><\/p>\n<cite><em>Actu.fr : <\/em>En Avignon, Montpellier d\u00e9fend sa candidature, carrefour de l&#8217;Europe et pont vers l&#8217;Afrique | M\u00e9tropolitain<br><a href=\"https:\/\/actu.fr\/occitanie\/montpellier_34172\/en-avignon-montpellier-defend-sa-candidature-carrefour-de-l-europe-et-pont-vers-l-afrique_59849407.html\" target=\"_blank\" rel=\"noreferrer noopener\">\u2192 lire l&#8217;article<\/a><\/cite><\/blockquote>\n\n\n\n<blockquote class=\"wp-block-quote is-layout-flow wp-block-quote-is-layout-flow\">\n<p><em>Les 154 communes partenaires de la candidature de Montpellier au titre de capitale europ\u00e9enne de la culture 2028 \u00e9taient dans la cit\u00e9 des Papes.<\/em><\/p>\n<cite>Midi Libre&nbsp;: Montpellier et son territoire portent au festival d&#8217;Avignon leur candidature comme capitale europ\u00e9enne de la culture 2028.&nbsp;<br><a href=\"https:\/\/www.midilibre.fr\/2023\/07\/12\/montpellier-et-son-territoire-portent-au-festival-davignon-leur-candidature-comme-capitale-europeenne-de-la-culture-2028-11338299.php\" target=\"_blank\" rel=\"noreferrer noopener\">\u2192 lire l&#8217;article<\/a><\/cite><\/blockquote>\n\n\n\n<blockquote class=\"wp-block-quote is-layout-flow wp-block-quote-is-layout-flow\">\n<p><em>Sophie L\u00e9ron, directrice strat\u00e9gique de la candidature de Montpellier Capitale europ\u00e9enne de la culture 2028, fait un point sur la dynamique importante autour du projet. <\/em><\/p>\n<cite><em>Actu.fr : Montpellier \/ Capitale Europ\u00e9enne de la Culture 2028. &#8220;Une candidature est forc\u00e9ment singuli\u00e8re&#8221;<\/em>&nbsp;<br><a href=\"https:\/\/actu.fr\/occitanie\/montpellier_34172\/montpellier-capitale-europeenne-de-la-culture-2028-une-candidature-est-forcement-singuliere_59853457.html\" target=\"_blank\" rel=\"noreferrer noopener\">\u2192 lire l&#8217;article<\/a><\/cite><\/blockquote>\n\n\n\n<blockquote class=\"wp-block-quote is-layout-flow wp-block-quote-is-layout-flow\">\n<p id=\"block-18076834-e8a2-4385-b44e-c8e595a2e272\"><em>Max Ponseill\u00e9, PDG du groupe OC Sant\u00e9, Tr\u00e9sorier de l\u2019association M28 et Pr\u00e9sident du coll\u00e8ge des m\u00e9c\u00e8nes de Montpellier 2028 pr\u00e9sente les enjeux de la candidature pour le territoire et en quoi l\u2019implication des m\u00e9c\u00e8nes constitue un v\u00e9ritable levier.<\/em><\/p>\n<cite>France Bleu H\u00e9rault&nbsp;: Rencontre avec Max Ponseill\u00e9, Pr\u00e9sident du coll\u00e8ge des m\u00e9c\u00e8nes de Montpellier 2028<br><a href=\"https:\/\/www.francebleu.fr\/emissions\/montpellier-2028-future-capitale-europeenne-de-la-culture\/max-ponseille-tresorier-et-president-du-cercle-des-mecenes-de-la-candidature-7169889\" target=\"_blank\" rel=\"noreferrer noopener\">\u2192 \u00e9couter l\u2019\u00e9mission<\/a><\/cite><\/blockquote>\n\n\n\n<blockquote class=\"wp-block-quote is-layout-flow wp-block-quote-is-layout-flow\">\n<p><em>La candidature de Montpellier au titre de Capitale europ\u00e9enne de la culture continue \u00e0 f\u00e9d\u00e9rer. [\u2026] 39 entreprises ont officiellement rejoint le coll\u00e8ge des m\u00e9c\u00e8nes pr\u00e9sid\u00e9 par Max Ponseill\u00e9 [\u2026].<\/em><\/p>\n<cite>Midi Libre&nbsp;: Capitale europ\u00e9enne de la culture : des m\u00e9c\u00e8nes s&#8217;engagent en faveur de la candidature de Montpellier.&nbsp;<br><a href=\"https:\/\/www.midilibre.fr\/2023\/06\/29\/capitale-europeenne-de-la-culture-des-mecenes-sengagent-en-faveur-de-la-candidature-de-montpellier-11310214.php\" target=\"_blank\" rel=\"noreferrer noopener\">\u2192 lire l&#8217;article<\/a><\/cite><\/blockquote>\n\n\n\n<blockquote class=\"wp-block-quote is-layout-flow wp-block-quote-is-layout-flow\">\n<p id=\"block-18076834-e8a2-4385-b44e-c8e595a2e272\"><em>Renforcer le soutien local pour la candidature de Montpellier en tant que Capitale Europ\u00e9enne de la Culture 2028.<\/em><\/p>\n<cite>Tout Montpellier&nbsp;:&nbsp;Montpellier capitale europ\u00e9enne de la culture 2028 : petit-d\u00e9jeuner des m\u00e9c\u00e8nes<br><a href=\"https:\/\/toutmontpellier.fr\/news\/montpellier-capitale-europeenne-de-la-culture-2028-petit-dejeuner-des-mecenes\" target=\"_blank\" rel=\"noreferrer noopener\">\u2192 lire l&#8217;article<\/a><\/cite><\/blockquote>\n\n\n\n<blockquote class=\"wp-block-quote is-layout-flow wp-block-quote-is-layout-flow\">\n<p id=\"block-18076834-e8a2-4385-b44e-c8e595a2e272\"><em>Yannick Proto, le Directeur de l&#8217;association Occitanie Europe, pr\u00e9sente le r\u00f4le et les actions de l\u2019association et revient sur la visite de Micha\u00ebl Delafosse et l\u2019\u00e9quipe de Montpellier 2028 \u00e0 Bruxelles.<\/em><\/p>\n<cite>France Bleu H\u00e9rault&nbsp;: Retour sur la visite de Micha\u00ebl Delafosse \u00e0 Bruxelles &#8211; Montpellier 2028<br><a href=\"https:\/\/www.francebleu.fr\/emissions\/montpellier-2028-future-capitale-europeenne-de-la-culture\/retour-sur-la-visite-de-michael-delafosse-a-bruxelles-1975919\" target=\"_blank\" rel=\"noreferrer noopener\">\u2192 \u00e9couter l\u2019\u00e9mission<\/a><\/cite><\/blockquote>\n\n\n\n<blockquote class=\"wp-block-quote is-layout-flow wp-block-quote-is-layout-flow\">\n<p id=\"block-91e4e6b5-82ea-4c8e-ac0b-1bade967e371\"><em>Retour en images sur la visite de Micha\u00ebl Delafosse et l\u2019\u00e9quipe de Montpellier 2028 \u00e0 Bruxelles lors de 2 journ\u00e9es de rencontres dans le cadre de la candidature de Montpellier 2028 au titre de Capitale europ\u00e9enne de la culture. <\/em><\/p>\n<cite>France 3 Occitanie&nbsp;: Retour en images sur la visite de Micha\u00ebl Delafosse \u00e0 Bruxelles &#8211; Montpellier 2028<br><a href=\"https:\/\/www.montpellier2028.eu\/wp-content\/uploads\/2023\/07\/VID-20230628-WA0002.mp4\" target=\"_blank\" rel=\"noreferrer noopener\">\u2192 regarder la vid\u00e9o<\/a><\/cite><\/blockquote>\n\n\n\n<blockquote class=\"wp-block-quote is-layout-flow wp-block-quote-is-layout-flow\">\n<p id=\"block-91e4e6b5-82ea-4c8e-ac0b-1bade967e371\"><em>Delphine Maurel, la directrice de l&#8217;Esat &#8220;la Bulle Bleue&#8221;, nous pr\u00e9sente son projet qui s&#8217;inscrit dans une tradition d&#8217;exp\u00e9rimentation aux croisements de l&#8217;art et du soin.<\/em> <\/p>\n<cite>France Bleu H\u00e9rault&nbsp;: &#8220;La Bulle Bleue&#8221;, fabrique artistique montpellieraine, laur\u00e9ate de Montpellier 2028.<br><a href=\"https:\/\/www.francebleu.fr\/emissions\/montpellier-2028-future-capitale-europeenne-de-la-culture\/la-bulle-bleue-fabrique-artistique-montpellieraine-laureate-de-montpellier-2028-1955166\" target=\"_blank\" rel=\"noreferrer noopener\">\u2192 \u00e9couter l\u2019\u00e9mission<\/a><\/cite><\/blockquote>\n\n\n\n<blockquote class=\"wp-block-quote is-layout-flow wp-block-quote-is-layout-flow\">\n<p><em>Le directeur artistique de la candidature revient sur l&#8217;int\u00e9r\u00eat pour Montpellier de devenir capitale europ\u00e9enne de la culture en 2028 et sur les \u00e9ch\u00e9ances \u00e0 venir. <\/em><\/p>\n<cite>France Bleu H\u00e9rault&nbsp;: Le point d&#8217;\u00e9tape de Nicolas Dubourg sur la candidature de Montpellier<br><a href=\"https:\/\/www.francebleu.fr\/emissions\/montpellier-2028-future-capitale-europeenne-de-la-culture\/le-point-d-etape-de-nicolas-dubourg-sur-la-candidature-de-montpellier-7784283\" target=\"_blank\" rel=\"noreferrer noopener\">\u2192 \u00e9couter l\u2019\u00e9mission<\/a><\/cite><\/blockquote>\n\n\n\n<blockquote class=\"wp-block-quote is-layout-flow wp-block-quote-is-layout-flow\">\n<p id=\"block-f518d473-7867-4886-98dc-bfae8bc76014\"><em>Les trois autrices \u00e9voquent dans et au-del\u00e0 de leurs r\u00e9cits l\u2019exp\u00e9rience \u00e0 la fois intime et politique de la qu\u00eate, de la fuite ou du rejet de l\u2019id\u00e9al europ\u00e9en. <\/em><\/p>\n<cite>Le Quotidien de l&#8217;Art : D\u00e9bat : Existe-t-il une litt\u00e9rature europ\u00e9enne ?<br><a href=\"https:\/\/www.lequotidiendelart.com\/articles\/23837-d%C3%A9bat-existe-t-il-une-litt%C3%A9rature-europ%C3%A9enne.html\" target=\"_blank\" rel=\"noreferrer noopener\">\u2192 lire l\u2019article<\/a><\/cite><\/blockquote>\n\n\n\n<p><em>Civis Maritimus souhaite mettre en lien la ville de S\u00e8te avec d\u2019autres rives de la M\u00e9diterran\u00e9e afin de d\u00e9voiler les enjeux grandissant de la pr\u00e9servation des mers et oc\u00e9ans, tout en consolidant une identit\u00e9 europ\u00e9enne artistique forte. <\/em><\/p>\n<cite>fisheye : Aliki Christoforou et Charles Thiefaine, laur\u00e9at\u00b7es de la Bourse Ronan Guillou<br><a href=\"https:\/\/www.fisheyemagazine.fr\/decouvertes\/actu\/aliki-christoforou-et-charles-thiefaine-laureat%c2%b7es-de-la-bourse-ronan-guillou\/\" target=\"_blank\" rel=\"noreferrer noopener\">\u2192 lire l\u2019article<\/a><\/cite><\/blockquote>\n\n\n\n<blockquote class=\"wp-block-quote is-layout-flow wp-block-quote-is-layout-flow\">\n<p><em>Finaliste aux c\u00f4t\u00e9s de Bourges, Rouen, Clermont-Ferrand, Montpellier-S\u00e8te se r\u00eave en Capitale europ\u00e9enne de la culture 2028. Le dossier, port\u00e9 par les \u00e9lus de divers bords, est con\u00e7u autour de projets \u00e0 long terme.<\/em> <\/p>\n<cite>T\u00e9l\u00e9rama : Montpellier-S\u00e8te, pr\u00e9tendante au titre de Capitale europ\u00e9enne de la culture 2028 : une candidature capitale<br><a href=\"https:\/\/www.telerama.fr\/debats-reportages\/montpellier-sete-pretendante-au-titre-de-capitale-europeenne-de-la-culture-2028-une-candidature-capitale-7015535.php\" target=\"_blank\" rel=\"noreferrer noopener\">\u2192 lire l\u2019article<\/a><\/cite><\/blockquote>\n\n\n\n<blockquote class=\"wp-block-quote is-layout-flow wp-block-quote-is-layout-flow\">\n<p><em>La candidature de Montpellier dynamise tout le territoire, qui \u00e9toffe sa proposition artistique en vue du second oral devant le jury europ\u00e9en, en d\u00e9cembre.<\/em> <\/p>\n<cite>Le Point : Montpellier capitale europ\u00e9enne de la culture : l\u2019aventure continue !<br><a href=\"https:\/\/www.lepoint.fr\/culture\/montpellier-capitale-europeenne-de-la-culture-l-aventure-continue-04-05-2023-2518887_3.php\" target=\"_blank\" rel=\"noreferrer noopener\">\u2192 lire l\u2019article<\/a><\/cite><\/blockquote>\n\n\n\n<blockquote class=\"wp-block-quote is-layout-flow wp-block-quote-is-layout-flow\">\n<p><em>Des projets qui se d\u00e9rouleront tout au long de l&#8217;ann\u00e9e 2023 sur les diff\u00e9rentes communes du territoire. C&#8217;est une nouvelle \u00e9tape pour la conqu\u00eate du titre de capitale europ\u00e9enne de la culture ! <\/em><\/p>\n<cite>Midi Libre : Capitale europ\u00e9enne de la culture 2028 : lever de voile sur les 35 projets laur\u00e9ats du territoire<br><a href=\"https:\/\/www.midilibre.fr\/2023\/04\/19\/capitale-europeenne-de-la-culture-2028-lever-de-voile-sur-les-35-projets-laureats-du-territoire-11145194.php\" target=\"_blank\" rel=\"noreferrer noopener\">\u2192 lire l\u2019article<\/a><\/cite><\/blockquote>\n\n\n\n<blockquote class=\"wp-block-quote is-layout-flow wp-block-quote-is-layout-flow\">\n<p><em>Cette candidature nous a d\u00e9j\u00e0 bien chang\u00e9s. Nos trajectoires bougent et stimulent tous les acteurs, priv\u00e9s comme publics. <\/em><\/p>\n<cite>H\u00e9rault Tribune : Montpellier \u2013 S\u00e8te : Montpellier 2028 lance un second appel \u00e0 projets culturels<br><a href=\"https:\/\/www.herault-tribune.com\/articles\/montpellier-sete-montpellier-2028-lance-un-second-appel-a-projets-culturels\/\" target=\"_blank\" rel=\"noreferrer noopener\">\u2192 lire l\u2019article<\/a><\/cite><\/blockquote>\n\n\n\n<blockquote class=\"wp-block-quote is-layout-flow wp-block-quote-is-layout-flow\">\n<p><em>Nous sommes l\u00e0 pour pr\u00e9senter notre d\u00e9marche, mais aussi comprendre les crit\u00e8res d\u2019\u00e9ligibilit\u00e9. Nous voulons faire de la culture un plaidoyer. <\/em><\/p>\n<cite>Midi Libre : Capitale de la culture 2028 : Montpellier en op\u00e9ration s\u00e9duction \u00e0 Bruxelles <br><a href=\"https:\/\/www.midilibre.fr\/2022\/09\/27\/capitale-de-la-culture-2028-montpellier-en-operation-seduction-a-bruxelles-10696141.php\" target=\"_blank\" rel=\"noreferrer noopener\">\u2192 lire l\u2019article<\/a><\/cite><\/blockquote>\n\n\n\n<blockquote class=\"wp-block-quote is-layout-flow wp-block-quote-is-layout-flow\">\n<p><em>C&#8217;est un archipel de territoires qui s&#8217;allie aujourd&#8217;hui pour soutenir Montpellier en tant que candidate. <\/em><\/p>\n<cite>Gazette de Montpellier&nbsp;: Montpellier et S\u00e8te officiellement candidates pour devenir capitales europ\u00e9ennes de la culture&nbsp;<br><a href=\"https:\/\/www.lagazettedemontpellier.fr\/live\/6245953bcc188b53ff72f539\/montpellier-et-sete-officiellement-candidates-pour-devenir-capitales-europeennes-de-la-culture-en-2028\" target=\"_blank\" rel=\"noreferrer noopener\">\u2192 lire l\u2019article<\/a><\/cite><\/blockquote>\n\n\n\n<blockquote class=\"wp-block-quote is-layout-flow wp-block-quote-is-layout-flow\">\n<p><em>Nous nous unissons autour de la culture, nous avan\u00e7ons ensemble dans cette d\u00e9marche. <\/em><\/p>\n<cite>France 3 : Montpellier fait \u00e9quipe avec 142 communes de l\u2019H\u00e9rault pour sa candidature au statut de capitale europ\u00e9enne de la culture<br><a href=\"https:\/\/france3-regions.francetvinfo.fr\/occitanie\/herault\/montpellier\/montpellier-fait-equipe-avec-142-communes-de-l-herault-pour-sa-candidature-au-statut-de-capitale-europeenne-de-la-culture-2028-2609740.html\" target=\"_blank\" rel=\"noreferrer noopener\">\u2192 lire l\u2019article<\/a><\/cite><\/blockquote>\n\n\n\n<blockquote class=\"wp-block-quote is-layout-flow wp-block-quote-is-layout-flow\">\n<p><em>Montpellier fait partie de ces destinations cr\u00e9a\u00adtives o\u00f9 il se passe toujours quelque chose.<\/em><\/p>\n<cite>Le Figaro :&nbsp;Un bol d\u2019air frais \u00e0 Montpellier<br><a href=\"https:\/\/www.lefigaro.fr\/voyages\/inspiration\/idee-week-end-de-rentree-un-bol-d-art-frais-a-montpellier-20220912\" target=\"_blank\" rel=\"noreferrer noopener\">\u2192 lire l\u2019article<\/a><\/cite><\/blockquote>\n\n\n\n<blockquote class=\"wp-block-quote is-layout-flow wp-block-quote-is-layout-flow\">\n<p><em>Op\u00e9ra, Centre dramatique national, Centre chor\u00e9graphique, mus\u00e9e Fabre, festivals : des atouts pour esp\u00e9rer se hisser au rang de capitale culturelle en 2028. <\/em><\/p>\n<cite>Le Point :  \u00c0 Montpellier, la culture est en mouvement<br><a href=\"https:\/\/www.lepoint.fr\/villes\/a-montpellier-la-culture-est-en-mouvement-14-05-2022-2475590_27.php\" target=\"_blank\" rel=\"noreferrer noopener\">\u2192 lire l\u2019article<\/a><\/cite><\/blockquote>\n\n\n\n<blockquote class=\"wp-block-quote is-layout-flow wp-block-quote-is-layout-flow\">\n<p><em>Tout connaitre de la candidature pour devenir, en 2028, capitale europ\u00e9enne de la Culture ! <\/em><\/p>\n<cite>Les podcast de France Bleue H\u00e9rault pr\u00e9sentant la candidature<br><a href=\"https:\/\/www.francebleu.fr\/emissions\/montpellier-2028\/herault\" target=\"_blank\" rel=\"noreferrer noopener\">\u2192 \u00e9couter les podcasts<\/a><\/cite><\/blockquote>\n\n\n\n<blockquote class=\"wp-block-quote is-layout-flow wp-block-quote-is-layout-flow\">\n<p><em>Unanimit\u00e9 autour de l\u2019ambition des communaut\u00e9s de communes et de sa m\u00e9tropole phare pour la cause Montpellier 2028. <\/em><\/p>\n<cite>Midi Libre :  La candidature s\u2019\u00e9tend sur le territoire<br> <a href=\"https:\/\/www.midilibre.fr\/2022\/09\/08\/la-candidature-de-montpellier-capitale-europeenne-2028-setend-sur-le-territoire-10531180.php#:~:text=par%20la%20culture.-,%22,d%C3%A9gageons%20cette%20coh%C3%A9rence%2Dl%C3%A0%20%22.\" target=\"_blank\" rel=\"noreferrer noopener\">\u2192 lire l\u2019article<\/a><\/cite><\/blockquote>\n\n\n\n<blockquote class=\"wp-block-quote is-layout-flow wp-block-quote-is-layout-flow\">\n<p><em>La ville concocte pour le mois d\u2019octobre une toute nouvelle biennale africaine ax\u00e9e sur la culture et la recherche. <\/em><\/p>\n<cite>Le Monde :  Montpellier d\u00e9place sa boussole vers l\u2019Afrique avec une nouvelle biennale<br> <a href=\"https:\/\/www.midilibre.fr\/2022\/09\/08\/la-candidature-de-montpellier-capitale-europeenne-2028-setend-sur-le-territoire-10531180.php#:~:text=par%20la%20culture.-,%22,d%C3%A9gageons%20cette%20coh%C3%A9rence%2Dl%C3%A0%20%22.\" target=\"_blank\" rel=\"noreferrer noopener\">\u2192 lire l\u2019article<\/a><\/cite><\/blockquote>\n\n\n\n<blockquote class=\"wp-block-quote is-layout-flow wp-block-quote-is-layout-flow\">\n<p><em>Des \u0153uvres de Germaine Richier, expos\u00e9es au mus\u00e9e Fabre de Montpellier, pr\u00eat\u00e9es au Centre Pompidou pour une r\u00e9trospective. <\/em><\/p>\n<cite>France 3 : <br><a href=\"https:\/\/france3-regions.francetvinfo.fr\/occitanie\/herault\/montpellier\/des-uvres-de-germaine-richier-exposees-au-musee-fabre-de-montpellier-pretees-au-centre-pompidou-pour-une-retrospective-2714642.html?utm_term=Autofeed&amp;utm_medium=Social&amp;utm_source=Facebook&amp;fbclid=IwAR1OKGoumi0vaT9INV_c89FgDkzmRMFF2jNNxqbDaiw1IL-9tBzXFnTkhn4#Echobox=1676524491\" target=\"_blank\" rel=\"noreferrer noopener\">\u2192 lire l\u2019article<\/a><\/cite><\/blockquote>\n<\/div><\/div>\n","protected":false},"excerpt":{"rendered":"<p>Find out our latest news, access our press releases and download visuals&#8230; Press releases \u2192 Press release &#8220;The adventure continues [&hellip;]<\/p>\n","protected":false},"author":1,"featured_media":0,"parent":0,"menu_order":0,"comment_status":"closed","ping_status":"closed","template":"","meta":{"_acf_changed":false,"footnotes":""},"class_list":["post-2457","page","type-page","status-publish","hentry"],"acf":[],"yoast_head":"<!-- This site is optimized with the Yoast SEO plugin v24.8 - https:\/\/yoast.com\/wordpress\/plugins\/seo\/ -->\n<title>Toolkits and press review - Montpellier 2028<\/title>\n<meta name=\"robots\" content=\"index, follow, max-snippet:-1, max-image-preview:large, max-video-preview:-1\" \/>\n<link rel=\"canonical\" href=\"https:\/\/www.montpellier2028.eu\/en\/toolkits-and-press-review\/\" \/>\n<meta property=\"og:locale\" content=\"en_US\" \/>\n<meta property=\"og:type\" content=\"article\" \/>\n<meta property=\"og:title\" content=\"Toolkits and press review - Montpellier 2028\" \/>\n<meta property=\"og:description\" content=\"Find out our latest news, access our press releases and download visuals&#8230; Press releases \u2192 Press release &#8220;The adventure continues [&hellip;]\" \/>\n<meta property=\"og:url\" content=\"https:\/\/www.montpellier2028.eu\/en\/toolkits-and-press-review\/\" \/>\n<meta property=\"og:site_name\" content=\"Montpellier 2028\" \/>\n<meta property=\"article:publisher\" content=\"https:\/\/www.facebook.com\/montpellier2028\" \/>\n<meta property=\"article:modified_time\" content=\"2024-04-18T09:50:07+00:00\" \/>\n<meta property=\"og:image\" content=\"https:\/\/www.montpellier2028.eu\/wp-content\/uploads\/2023\/08\/presse_low-edited-scaled.jpg\" \/>\n<meta name=\"twitter:card\" content=\"summary_large_image\" \/>\n<meta name=\"twitter:site\" content=\"@mtp2028\" \/>\n<meta name=\"twitter:label1\" content=\"Est. reading time\" \/>\n\t<meta name=\"twitter:data1\" content=\"1 minute\" \/>\n<script type=\"application\/ld+json\" class=\"yoast-schema-graph\">{\"@context\":\"https:\/\/schema.org\",\"@graph\":[{\"@type\":\"WebPage\",\"@id\":\"https:\/\/www.montpellier2028.eu\/en\/toolkits-and-press-review\/\",\"url\":\"https:\/\/www.montpellier2028.eu\/en\/toolkits-and-press-review\/\",\"name\":\"Toolkits and press review - Montpellier 2028\",\"isPartOf\":{\"@id\":\"https:\/\/www.montpellier2028.eu\/en\/#website\"},\"primaryImageOfPage\":{\"@id\":\"https:\/\/www.montpellier2028.eu\/en\/toolkits-and-press-review\/#primaryimage\"},\"image\":{\"@id\":\"https:\/\/www.montpellier2028.eu\/en\/toolkits-and-press-review\/#primaryimage\"},\"thumbnailUrl\":\"https:\/\/www.montpellier2028.eu\/wp-content\/uploads\/2023\/08\/presse_low-edited-scaled.jpg\",\"datePublished\":\"2022-09-12T15:21:20+00:00\",\"dateModified\":\"2024-04-18T09:50:07+00:00\",\"breadcrumb\":{\"@id\":\"https:\/\/www.montpellier2028.eu\/en\/toolkits-and-press-review\/#breadcrumb\"},\"inLanguage\":\"en-US\",\"potentialAction\":[{\"@type\":\"ReadAction\",\"target\":[\"https:\/\/www.montpellier2028.eu\/en\/toolkits-and-press-review\/\"]}]},{\"@type\":\"ImageObject\",\"inLanguage\":\"en-US\",\"@id\":\"https:\/\/www.montpellier2028.eu\/en\/toolkits-and-press-review\/#primaryimage\",\"url\":\"https:\/\/www.montpellier2028.eu\/wp-content\/uploads\/2023\/08\/presse_low-edited-scaled.jpg\",\"contentUrl\":\"https:\/\/www.montpellier2028.eu\/wp-content\/uploads\/2023\/08\/presse_low-edited-scaled.jpg\"},{\"@type\":\"BreadcrumbList\",\"@id\":\"https:\/\/www.montpellier2028.eu\/en\/toolkits-and-press-review\/#breadcrumb\",\"itemListElement\":[{\"@type\":\"ListItem\",\"position\":1,\"name\":\"Home\",\"item\":\"https:\/\/www.montpellier2028.eu\/en\/\"},{\"@type\":\"ListItem\",\"position\":2,\"name\":\"Toolkits and press review\"}]},{\"@type\":\"WebSite\",\"@id\":\"https:\/\/www.montpellier2028.eu\/en\/#website\",\"url\":\"https:\/\/www.montpellier2028.eu\/en\/\",\"name\":\"Montpellier 2028\",\"description\":\"Construisons ensemble!\",\"publisher\":{\"@id\":\"https:\/\/www.montpellier2028.eu\/en\/#organization\"},\"potentialAction\":[{\"@type\":\"SearchAction\",\"target\":{\"@type\":\"EntryPoint\",\"urlTemplate\":\"https:\/\/www.montpellier2028.eu\/en\/?s={search_term_string}\"},\"query-input\":{\"@type\":\"PropertyValueSpecification\",\"valueRequired\":true,\"valueName\":\"search_term_string\"}}],\"inLanguage\":\"en-US\"},{\"@type\":\"Organization\",\"@id\":\"https:\/\/www.montpellier2028.eu\/en\/#organization\",\"name\":\"Montpellier 2028\",\"url\":\"https:\/\/www.montpellier2028.eu\/en\/\",\"logo\":{\"@type\":\"ImageObject\",\"inLanguage\":\"en-US\",\"@id\":\"https:\/\/www.montpellier2028.eu\/en\/#\/schema\/logo\/image\/\",\"url\":\"https:\/\/www.montpellier2028.eu\/wp-content\/uploads\/2022\/09\/cropped-small-logo-lg.png\",\"contentUrl\":\"https:\/\/www.montpellier2028.eu\/wp-content\/uploads\/2022\/09\/cropped-small-logo-lg.png\",\"width\":512,\"height\":512,\"caption\":\"Montpellier 2028\"},\"image\":{\"@id\":\"https:\/\/www.montpellier2028.eu\/en\/#\/schema\/logo\/image\/\"},\"sameAs\":[\"https:\/\/www.facebook.com\/montpellier2028\",\"https:\/\/x.com\/mtp2028\",\"https:\/\/www.instagram.com\/montpellier2028\/\",\"https:\/\/www.linkedin.com\/showcase\/montpellier2028\/about\/\"]}]}<\/script>\n<!-- \/ Yoast SEO plugin. -->","yoast_head_json":{"title":"Toolkits and press review - Montpellier 2028","robots":{"index":"index","follow":"follow","max-snippet":"max-snippet:-1","max-image-preview":"max-image-preview:large","max-video-preview":"max-video-preview:-1"},"canonical":"https:\/\/www.montpellier2028.eu\/en\/toolkits-and-press-review\/","og_locale":"en_US","og_type":"article","og_title":"Toolkits and press review - Montpellier 2028","og_description":"Find out our latest news, access our press releases and download visuals&#8230; Press releases \u2192 Press release &#8220;The adventure continues [&hellip;]","og_url":"https:\/\/www.montpellier2028.eu\/en\/toolkits-and-press-review\/","og_site_name":"Montpellier 2028","article_publisher":"https:\/\/www.facebook.com\/montpellier2028","article_modified_time":"2024-04-18T09:50:07+00:00","og_image":[{"url":"https:\/\/www.montpellier2028.eu\/wp-content\/uploads\/2023\/08\/presse_low-edited-scaled.jpg","type":"","width":"","height":""}],"twitter_card":"summary_large_image","twitter_site":"@mtp2028","twitter_misc":{"Est. reading time":"1 minute"},"schema":{"@context":"https:\/\/schema.org","@graph":[{"@type":"WebPage","@id":"https:\/\/www.montpellier2028.eu\/en\/toolkits-and-press-review\/","url":"https:\/\/www.montpellier2028.eu\/en\/toolkits-and-press-review\/","name":"Toolkits and press review - Montpellier 2028","isPartOf":{"@id":"https:\/\/www.montpellier2028.eu\/en\/#website"},"primaryImageOfPage":{"@id":"https:\/\/www.montpellier2028.eu\/en\/toolkits-and-press-review\/#primaryimage"},"image":{"@id":"https:\/\/www.montpellier2028.eu\/en\/toolkits-and-press-review\/#primaryimage"},"thumbnailUrl":"https:\/\/www.montpellier2028.eu\/wp-content\/uploads\/2023\/08\/presse_low-edited-scaled.jpg","datePublished":"2022-09-12T15:21:20+00:00","dateModified":"2024-04-18T09:50:07+00:00","breadcrumb":{"@id":"https:\/\/www.montpellier2028.eu\/en\/toolkits-and-press-review\/#breadcrumb"},"inLanguage":"en-US","potentialAction":[{"@type":"ReadAction","target":["https:\/\/www.montpellier2028.eu\/en\/toolkits-and-press-review\/"]}]},{"@type":"ImageObject","inLanguage":"en-US","@id":"https:\/\/www.montpellier2028.eu\/en\/toolkits-and-press-review\/#primaryimage","url":"https:\/\/www.montpellier2028.eu\/wp-content\/uploads\/2023\/08\/presse_low-edited-scaled.jpg","contentUrl":"https:\/\/www.montpellier2028.eu\/wp-content\/uploads\/2023\/08\/presse_low-edited-scaled.jpg"},{"@type":"BreadcrumbList","@id":"https:\/\/www.montpellier2028.eu\/en\/toolkits-and-press-review\/#breadcrumb","itemListElement":[{"@type":"ListItem","position":1,"name":"Home","item":"https:\/\/www.montpellier2028.eu\/en\/"},{"@type":"ListItem","position":2,"name":"Toolkits and press review"}]},{"@type":"WebSite","@id":"https:\/\/www.montpellier2028.eu\/en\/#website","url":"https:\/\/www.montpellier2028.eu\/en\/","name":"Montpellier 2028","description":"Construisons ensemble!","publisher":{"@id":"https:\/\/www.montpellier2028.eu\/en\/#organization"},"potentialAction":[{"@type":"SearchAction","target":{"@type":"EntryPoint","urlTemplate":"https:\/\/www.montpellier2028.eu\/en\/?s={search_term_string}"},"query-input":{"@type":"PropertyValueSpecification","valueRequired":true,"valueName":"search_term_string"}}],"inLanguage":"en-US"},{"@type":"Organization","@id":"https:\/\/www.montpellier2028.eu\/en\/#organization","name":"Montpellier 2028","url":"https:\/\/www.montpellier2028.eu\/en\/","logo":{"@type":"ImageObject","inLanguage":"en-US","@id":"https:\/\/www.montpellier2028.eu\/en\/#\/schema\/logo\/image\/","url":"https:\/\/www.montpellier2028.eu\/wp-content\/uploads\/2022\/09\/cropped-small-logo-lg.png","contentUrl":"https:\/\/www.montpellier2028.eu\/wp-content\/uploads\/2022\/09\/cropped-small-logo-lg.png","width":512,"height":512,"caption":"Montpellier 2028"},"image":{"@id":"https:\/\/www.montpellier2028.eu\/en\/#\/schema\/logo\/image\/"},"sameAs":["https:\/\/www.facebook.com\/montpellier2028","https:\/\/x.com\/mtp2028","https:\/\/www.instagram.com\/montpellier2028\/","https:\/\/www.linkedin.com\/showcase\/montpellier2028\/about\/"]}]}},"_links":{"self":[{"href":"https:\/\/www.montpellier2028.eu\/en\/wp-json\/wp\/v2\/pages\/2457","targetHints":{"allow":["GET"]}}],"collection":[{"href":"https:\/\/www.montpellier2028.eu\/en\/wp-json\/wp\/v2\/pages"}],"about":[{"href":"https:\/\/www.montpellier2028.eu\/en\/wp-json\/wp\/v2\/types\/page"}],"author":[{"embeddable":true,"href":"https:\/\/www.montpellier2028.eu\/en\/wp-json\/wp\/v2\/users\/1"}],"replies":[{"embeddable":true,"href":"https:\/\/www.montpellier2028.eu\/en\/wp-json\/wp\/v2\/comments?post=2457"}],"version-history":[{"count":60,"href":"https:\/\/www.montpellier2028.eu\/en\/wp-json\/wp\/v2\/pages\/2457\/revisions"}],"predecessor-version":[{"id":6513,"href":"https:\/\/www.montpellier2028.eu\/en\/wp-json\/wp\/v2\/pages\/2457\/revisions\/6513"}],"wp:attachment":[{"href":"https:\/\/www.montpellier2028.eu\/en\/wp-json\/wp\/v2\/media?parent=2457"}],"curies":[{"name":"wp","href":"https:\/\/api.w.org\/{rel}","templated":true}]}}