{"id":558,"date":"2022-09-22T14:50:42","date_gmt":"2022-09-22T12:50:42","guid":{"rendered":"https:\/\/www.montpellier2028.eu\/?post_type=project&#038;p=558"},"modified":"2023-03-28T19:18:06","modified_gmt":"2023-03-28T17:18:06","slug":"des-espaces-de-paroles-de-la-jeunesse-europeenne-a-travers-des-messages-de-liberte-qui-permet-tent-douvrir-la-fabrique-dutopies-artistiques-pour-u","status":"publish","type":"project","link":"https:\/\/www.montpellier2028.eu\/en\/projets\/des-espaces-de-paroles-de-la-jeunesse-europeenne-a-travers-des-messages-de-liberte-qui-permet-tent-douvrir-la-fabrique-dutopies-artistiques-pour-u\/","title":{"rendered":"Espaces de paroles de la jeunesse europ\u00e9enne"},"content":{"rendered":"\n<p>La Compagnie Luna Collectif proposera aux enfants et jeunes de 10 \u00e0 18 ans, toutes et tous citoyens et citoyennes europ\u00e9ens, dans les quartiers du Bassin de Thau et les quartiers prioritaires de la ville, une approche artistique et philosophique de la citoyennet\u00e9 qui se d\u00e9clinera en trois temps avec :<br>&#8211; Une Parade \u00e0 S\u00e8te : \u201cMessages de Libert\u00e9 de la jeunesse\u201d, avec la Sono mobile solaire de Radio Bemba \/ Gambeat. Cette manifestation participative destin\u00e9e aux jeunes visera \u00e0 les sensibiliser \u00e0 l\u2019Europe, \u00e0 leur environnement, \u00e0 penser le monde et \u00e0 promouvoir leur aptitude au dialogue collectif.<br>&#8211; Des ateliers ludiques d\u2019\u00e9criture philo- slam avec une classe de Coll\u00e8ge \u00e0 la M\u00e9diath\u00e8que de M\u00e8ze proposeront aux coll\u00e9giennes et coll\u00e9giens d\u2019\u00e9changer et r\u00e9fl\u00e9chir autour de la th\u00e9matique<br>\u201cLa Libert\u00e9, permettant d\u2019aborder l\u2019Europe et la notion de fronti\u00e8re\u201d.<br>&#8211; Des rencontres-\u00e9changes Cin\u00e9 Philo o\u00f9 les enfants de S\u00e8te et de M\u00e8ze ayant particip\u00e9 au projet seront r\u00e9unis autour de leurs ateliers respectifs. Ces rencontres s\u2019ach\u00e8veront par un concert de Madjid Fahem.<\/p>\n","protected":false},"excerpt":{"rendered":"<p>La Compagnie Luna Collectif proposera aux enfants et jeunes de 10 \u00e0 18 ans, toutes et tous citoyens et citoyennes [&hellip;]<\/p>\n","protected":false},"author":2,"featured_media":559,"parent":0,"template":"","format":"standard","meta":{"_acf_changed":false,"footnotes":""},"projectcat":[26,49],"audience":[13],"geozone":[75],"edition":[66],"class_list":["post-558","project","type-project","status-publish","format-standard","has-post-thumbnail","hentry","projectcat-deambulation","projectcat-espace-public","audience-tout-public","geozone-sete-agglopole","edition-66"],"acf":[],"yoast_head":"<!-- This site is optimized with the Yoast SEO plugin v24.8 - https:\/\/yoast.com\/wordpress\/plugins\/seo\/ -->\n<title>Espaces de paroles de la jeunesse europ\u00e9enne - Montpellier 2028<\/title>\n<meta name=\"robots\" content=\"index, follow, max-snippet:-1, max-image-preview:large, max-video-preview:-1\" \/>\n<link rel=\"canonical\" href=\"https:\/\/www.montpellier2028.eu\/en\/projets\/des-espaces-de-paroles-de-la-jeunesse-europeenne-a-travers-des-messages-de-liberte-qui-permet-tent-douvrir-la-fabrique-dutopies-artistiques-pour-u\/\" \/>\n<meta property=\"og:locale\" content=\"en_US\" \/>\n<meta property=\"og:type\" content=\"article\" \/>\n<meta property=\"og:title\" content=\"Espaces de paroles de la jeunesse europ\u00e9enne - Montpellier 2028\" \/>\n<meta property=\"og:description\" content=\"La Compagnie Luna Collectif proposera aux enfants et jeunes de 10 \u00e0 18 ans, toutes et tous citoyens et citoyennes [&hellip;]\" \/>\n<meta property=\"og:url\" content=\"https:\/\/www.montpellier2028.eu\/en\/projets\/des-espaces-de-paroles-de-la-jeunesse-europeenne-a-travers-des-messages-de-liberte-qui-permet-tent-douvrir-la-fabrique-dutopies-artistiques-pour-u\/\" \/>\n<meta property=\"og:site_name\" content=\"Montpellier 2028\" \/>\n<meta property=\"article:publisher\" content=\"https:\/\/www.facebook.com\/montpellier2028\" \/>\n<meta property=\"article:modified_time\" content=\"2023-03-28T17:18:06+00:00\" \/>\n<meta property=\"og:image\" content=\"https:\/\/www.montpellier2028.eu\/wp-content\/uploads\/2022\/09\/040822_ParadeJeunesse_Tiziana_04-scaled.jpg\" \/>\n\t<meta property=\"og:image:width\" content=\"2560\" \/>\n\t<meta property=\"og:image:height\" content=\"1707\" \/>\n\t<meta property=\"og:image:type\" content=\"image\/jpeg\" \/>\n<meta name=\"twitter:card\" content=\"summary_large_image\" \/>\n<meta name=\"twitter:site\" content=\"@mtp2028\" \/>\n<meta name=\"twitter:label1\" content=\"Est. reading time\" \/>\n\t<meta name=\"twitter:data1\" content=\"1 minute\" \/>\n<script type=\"application\/ld+json\" class=\"yoast-schema-graph\">{\"@context\":\"https:\/\/schema.org\",\"@graph\":[{\"@type\":\"WebPage\",\"@id\":\"https:\/\/www.montpellier2028.eu\/en\/projets\/des-espaces-de-paroles-de-la-jeunesse-europeenne-a-travers-des-messages-de-liberte-qui-permet-tent-douvrir-la-fabrique-dutopies-artistiques-pour-u\/\",\"url\":\"https:\/\/www.montpellier2028.eu\/en\/projets\/des-espaces-de-paroles-de-la-jeunesse-europeenne-a-travers-des-messages-de-liberte-qui-permet-tent-douvrir-la-fabrique-dutopies-artistiques-pour-u\/\",\"name\":\"Espaces de paroles de la jeunesse europ\u00e9enne - Montpellier 2028\",\"isPartOf\":{\"@id\":\"https:\/\/www.montpellier2028.eu\/en\/#website\"},\"primaryImageOfPage\":{\"@id\":\"https:\/\/www.montpellier2028.eu\/en\/projets\/des-espaces-de-paroles-de-la-jeunesse-europeenne-a-travers-des-messages-de-liberte-qui-permet-tent-douvrir-la-fabrique-dutopies-artistiques-pour-u\/#primaryimage\"},\"image\":{\"@id\":\"https:\/\/www.montpellier2028.eu\/en\/projets\/des-espaces-de-paroles-de-la-jeunesse-europeenne-a-travers-des-messages-de-liberte-qui-permet-tent-douvrir-la-fabrique-dutopies-artistiques-pour-u\/#primaryimage\"},\"thumbnailUrl\":\"https:\/\/www.montpellier2028.eu\/wp-content\/uploads\/2022\/09\/040822_ParadeJeunesse_Tiziana_04-scaled.jpg\",\"datePublished\":\"2022-09-22T12:50:42+00:00\",\"dateModified\":\"2023-03-28T17:18:06+00:00\",\"breadcrumb\":{\"@id\":\"https:\/\/www.montpellier2028.eu\/en\/projets\/des-espaces-de-paroles-de-la-jeunesse-europeenne-a-travers-des-messages-de-liberte-qui-permet-tent-douvrir-la-fabrique-dutopies-artistiques-pour-u\/#breadcrumb\"},\"inLanguage\":\"en-US\",\"potentialAction\":[{\"@type\":\"ReadAction\",\"target\":[\"https:\/\/www.montpellier2028.eu\/en\/projets\/des-espaces-de-paroles-de-la-jeunesse-europeenne-a-travers-des-messages-de-liberte-qui-permet-tent-douvrir-la-fabrique-dutopies-artistiques-pour-u\/\"]}]},{\"@type\":\"ImageObject\",\"inLanguage\":\"en-US\",\"@id\":\"https:\/\/www.montpellier2028.eu\/en\/projets\/des-espaces-de-paroles-de-la-jeunesse-europeenne-a-travers-des-messages-de-liberte-qui-permet-tent-douvrir-la-fabrique-dutopies-artistiques-pour-u\/#primaryimage\",\"url\":\"https:\/\/www.montpellier2028.eu\/wp-content\/uploads\/2022\/09\/040822_ParadeJeunesse_Tiziana_04-scaled.jpg\",\"contentUrl\":\"https:\/\/www.montpellier2028.eu\/wp-content\/uploads\/2022\/09\/040822_ParadeJeunesse_Tiziana_04-scaled.jpg\",\"width\":2560,\"height\":1707},{\"@type\":\"BreadcrumbList\",\"@id\":\"https:\/\/www.montpellier2028.eu\/en\/projets\/des-espaces-de-paroles-de-la-jeunesse-europeenne-a-travers-des-messages-de-liberte-qui-permet-tent-douvrir-la-fabrique-dutopies-artistiques-pour-u\/#breadcrumb\",\"itemListElement\":[{\"@type\":\"ListItem\",\"position\":1,\"name\":\"Home\",\"item\":\"https:\/\/www.montpellier2028.eu\/en\/\"},{\"@type\":\"ListItem\",\"position\":2,\"name\":\"Projets\",\"item\":\"https:\/\/www.montpellier2028.eu\/en\/projects\/\"},{\"@type\":\"ListItem\",\"position\":3,\"name\":\"Espaces de paroles de la jeunesse europ\u00e9enne\"}]},{\"@type\":\"WebSite\",\"@id\":\"https:\/\/www.montpellier2028.eu\/en\/#website\",\"url\":\"https:\/\/www.montpellier2028.eu\/en\/\",\"name\":\"Montpellier 2028\",\"description\":\"Construisons ensemble!\",\"publisher\":{\"@id\":\"https:\/\/www.montpellier2028.eu\/en\/#organization\"},\"potentialAction\":[{\"@type\":\"SearchAction\",\"target\":{\"@type\":\"EntryPoint\",\"urlTemplate\":\"https:\/\/www.montpellier2028.eu\/en\/?s={search_term_string}\"},\"query-input\":{\"@type\":\"PropertyValueSpecification\",\"valueRequired\":true,\"valueName\":\"search_term_string\"}}],\"inLanguage\":\"en-US\"},{\"@type\":\"Organization\",\"@id\":\"https:\/\/www.montpellier2028.eu\/en\/#organization\",\"name\":\"Montpellier 2028\",\"url\":\"https:\/\/www.montpellier2028.eu\/en\/\",\"logo\":{\"@type\":\"ImageObject\",\"inLanguage\":\"en-US\",\"@id\":\"https:\/\/www.montpellier2028.eu\/en\/#\/schema\/logo\/image\/\",\"url\":\"https:\/\/www.montpellier2028.eu\/wp-content\/uploads\/2022\/09\/cropped-small-logo-lg.png\",\"contentUrl\":\"https:\/\/www.montpellier2028.eu\/wp-content\/uploads\/2022\/09\/cropped-small-logo-lg.png\",\"width\":512,\"height\":512,\"caption\":\"Montpellier 2028\"},\"image\":{\"@id\":\"https:\/\/www.montpellier2028.eu\/en\/#\/schema\/logo\/image\/\"},\"sameAs\":[\"https:\/\/www.facebook.com\/montpellier2028\",\"https:\/\/x.com\/mtp2028\",\"https:\/\/www.instagram.com\/montpellier2028\/\",\"https:\/\/www.linkedin.com\/showcase\/montpellier2028\/about\/\"]}]}<\/script>\n<!-- \/ Yoast SEO plugin. -->","yoast_head_json":{"title":"Espaces de paroles de la jeunesse europ\u00e9enne - Montpellier 2028","robots":{"index":"index","follow":"follow","max-snippet":"max-snippet:-1","max-image-preview":"max-image-preview:large","max-video-preview":"max-video-preview:-1"},"canonical":"https:\/\/www.montpellier2028.eu\/en\/projets\/des-espaces-de-paroles-de-la-jeunesse-europeenne-a-travers-des-messages-de-liberte-qui-permet-tent-douvrir-la-fabrique-dutopies-artistiques-pour-u\/","og_locale":"en_US","og_type":"article","og_title":"Espaces de paroles de la jeunesse europ\u00e9enne - Montpellier 2028","og_description":"La Compagnie Luna Collectif proposera aux enfants et jeunes de 10 \u00e0 18 ans, toutes et tous citoyens et citoyennes [&hellip;]","og_url":"https:\/\/www.montpellier2028.eu\/en\/projets\/des-espaces-de-paroles-de-la-jeunesse-europeenne-a-travers-des-messages-de-liberte-qui-permet-tent-douvrir-la-fabrique-dutopies-artistiques-pour-u\/","og_site_name":"Montpellier 2028","article_publisher":"https:\/\/www.facebook.com\/montpellier2028","article_modified_time":"2023-03-28T17:18:06+00:00","og_image":[{"width":2560,"height":1707,"url":"https:\/\/www.montpellier2028.eu\/wp-content\/uploads\/2022\/09\/040822_ParadeJeunesse_Tiziana_04-scaled.jpg","type":"image\/jpeg"}],"twitter_card":"summary_large_image","twitter_site":"@mtp2028","twitter_misc":{"Est. reading time":"1 minute"},"schema":{"@context":"https:\/\/schema.org","@graph":[{"@type":"WebPage","@id":"https:\/\/www.montpellier2028.eu\/en\/projets\/des-espaces-de-paroles-de-la-jeunesse-europeenne-a-travers-des-messages-de-liberte-qui-permet-tent-douvrir-la-fabrique-dutopies-artistiques-pour-u\/","url":"https:\/\/www.montpellier2028.eu\/en\/projets\/des-espaces-de-paroles-de-la-jeunesse-europeenne-a-travers-des-messages-de-liberte-qui-permet-tent-douvrir-la-fabrique-dutopies-artistiques-pour-u\/","name":"Espaces de paroles de la jeunesse europ\u00e9enne - Montpellier 2028","isPartOf":{"@id":"https:\/\/www.montpellier2028.eu\/en\/#website"},"primaryImageOfPage":{"@id":"https:\/\/www.montpellier2028.eu\/en\/projets\/des-espaces-de-paroles-de-la-jeunesse-europeenne-a-travers-des-messages-de-liberte-qui-permet-tent-douvrir-la-fabrique-dutopies-artistiques-pour-u\/#primaryimage"},"image":{"@id":"https:\/\/www.montpellier2028.eu\/en\/projets\/des-espaces-de-paroles-de-la-jeunesse-europeenne-a-travers-des-messages-de-liberte-qui-permet-tent-douvrir-la-fabrique-dutopies-artistiques-pour-u\/#primaryimage"},"thumbnailUrl":"https:\/\/www.montpellier2028.eu\/wp-content\/uploads\/2022\/09\/040822_ParadeJeunesse_Tiziana_04-scaled.jpg","datePublished":"2022-09-22T12:50:42+00:00","dateModified":"2023-03-28T17:18:06+00:00","breadcrumb":{"@id":"https:\/\/www.montpellier2028.eu\/en\/projets\/des-espaces-de-paroles-de-la-jeunesse-europeenne-a-travers-des-messages-de-liberte-qui-permet-tent-douvrir-la-fabrique-dutopies-artistiques-pour-u\/#breadcrumb"},"inLanguage":"en-US","potentialAction":[{"@type":"ReadAction","target":["https:\/\/www.montpellier2028.eu\/en\/projets\/des-espaces-de-paroles-de-la-jeunesse-europeenne-a-travers-des-messages-de-liberte-qui-permet-tent-douvrir-la-fabrique-dutopies-artistiques-pour-u\/"]}]},{"@type":"ImageObject","inLanguage":"en-US","@id":"https:\/\/www.montpellier2028.eu\/en\/projets\/des-espaces-de-paroles-de-la-jeunesse-europeenne-a-travers-des-messages-de-liberte-qui-permet-tent-douvrir-la-fabrique-dutopies-artistiques-pour-u\/#primaryimage","url":"https:\/\/www.montpellier2028.eu\/wp-content\/uploads\/2022\/09\/040822_ParadeJeunesse_Tiziana_04-scaled.jpg","contentUrl":"https:\/\/www.montpellier2028.eu\/wp-content\/uploads\/2022\/09\/040822_ParadeJeunesse_Tiziana_04-scaled.jpg","width":2560,"height":1707},{"@type":"BreadcrumbList","@id":"https:\/\/www.montpellier2028.eu\/en\/projets\/des-espaces-de-paroles-de-la-jeunesse-europeenne-a-travers-des-messages-de-liberte-qui-permet-tent-douvrir-la-fabrique-dutopies-artistiques-pour-u\/#breadcrumb","itemListElement":[{"@type":"ListItem","position":1,"name":"Home","item":"https:\/\/www.montpellier2028.eu\/en\/"},{"@type":"ListItem","position":2,"name":"Projets","item":"https:\/\/www.montpellier2028.eu\/en\/projects\/"},{"@type":"ListItem","position":3,"name":"Espaces de paroles de la jeunesse europ\u00e9enne"}]},{"@type":"WebSite","@id":"https:\/\/www.montpellier2028.eu\/en\/#website","url":"https:\/\/www.montpellier2028.eu\/en\/","name":"Montpellier 2028","description":"Construisons ensemble!","publisher":{"@id":"https:\/\/www.montpellier2028.eu\/en\/#organization"},"potentialAction":[{"@type":"SearchAction","target":{"@type":"EntryPoint","urlTemplate":"https:\/\/www.montpellier2028.eu\/en\/?s={search_term_string}"},"query-input":{"@type":"PropertyValueSpecification","valueRequired":true,"valueName":"search_term_string"}}],"inLanguage":"en-US"},{"@type":"Organization","@id":"https:\/\/www.montpellier2028.eu\/en\/#organization","name":"Montpellier 2028","url":"https:\/\/www.montpellier2028.eu\/en\/","logo":{"@type":"ImageObject","inLanguage":"en-US","@id":"https:\/\/www.montpellier2028.eu\/en\/#\/schema\/logo\/image\/","url":"https:\/\/www.montpellier2028.eu\/wp-content\/uploads\/2022\/09\/cropped-small-logo-lg.png","contentUrl":"https:\/\/www.montpellier2028.eu\/wp-content\/uploads\/2022\/09\/cropped-small-logo-lg.png","width":512,"height":512,"caption":"Montpellier 2028"},"image":{"@id":"https:\/\/www.montpellier2028.eu\/en\/#\/schema\/logo\/image\/"},"sameAs":["https:\/\/www.facebook.com\/montpellier2028","https:\/\/x.com\/mtp2028","https:\/\/www.instagram.com\/montpellier2028\/","https:\/\/www.linkedin.com\/showcase\/montpellier2028\/about\/"]}]}},"_links":{"self":[{"href":"https:\/\/www.montpellier2028.eu\/en\/wp-json\/wp\/v2\/project\/558","targetHints":{"allow":["GET"]}}],"collection":[{"href":"https:\/\/www.montpellier2028.eu\/en\/wp-json\/wp\/v2\/project"}],"about":[{"href":"https:\/\/www.montpellier2028.eu\/en\/wp-json\/wp\/v2\/types\/project"}],"author":[{"embeddable":true,"href":"https:\/\/www.montpellier2028.eu\/en\/wp-json\/wp\/v2\/users\/2"}],"version-history":[{"count":24,"href":"https:\/\/www.montpellier2028.eu\/en\/wp-json\/wp\/v2\/project\/558\/revisions"}],"predecessor-version":[{"id":2204,"href":"https:\/\/www.montpellier2028.eu\/en\/wp-json\/wp\/v2\/project\/558\/revisions\/2204"}],"wp:featuredmedia":[{"embeddable":true,"href":"https:\/\/www.montpellier2028.eu\/en\/wp-json\/wp\/v2\/media\/559"}],"wp:attachment":[{"href":"https:\/\/www.montpellier2028.eu\/en\/wp-json\/wp\/v2\/media?parent=558"}],"wp:term":[{"taxonomy":"projectcat","embeddable":true,"href":"https:\/\/www.montpellier2028.eu\/en\/wp-json\/wp\/v2\/projectcat?post=558"},{"taxonomy":"audience","embeddable":true,"href":"https:\/\/www.montpellier2028.eu\/en\/wp-json\/wp\/v2\/audience?post=558"},{"taxonomy":"geozone","embeddable":true,"href":"https:\/\/www.montpellier2028.eu\/en\/wp-json\/wp\/v2\/geozone?post=558"},{"taxonomy":"edition","embeddable":true,"href":"https:\/\/www.montpellier2028.eu\/en\/wp-json\/wp\/v2\/edition?post=558"}],"curies":[{"name":"wp","href":"https:\/\/api.w.org\/{rel}","templated":true}]}}