{"id":7720,"date":"2025-03-21T10:52:31","date_gmt":"2025-03-21T09:52:31","guid":{"rendered":"https:\/\/www.montpellier2028.eu\/?post_type=project&#038;p=7720"},"modified":"2025-07-28T17:37:27","modified_gmt":"2025-07-28T15:37:27","slug":"atlas-bipolar","status":"publish","type":"project","link":"https:\/\/www.montpellier2028.eu\/en\/projets\/atlas-bipolar\/","title":{"rendered":"Atlas culturel et relationnel de la rivi\u00e8re Mosson"},"content":{"rendered":"\n<p>Entre garrigue et m\u00e9diterran\u00e9e, en passant par des espaces \u00e0 forte pression urbaine, cette rivi\u00e8re \u00e0 l\u2019image et \u00e0 la qualit\u00e9 fortement d\u00e9grad\u00e9es, constitue toutefois la colonne vert\u00e9brale d\u2019une pr\u00e9sence vivante sur la p\u00e9riph\u00e9rie ouest de la m\u00e9tropole, un espace de contact riche entre les humain\u00b7es et leurs milieux de vie.<\/p>\n\n\n\n<p>C\u2019est \u00e0 cela que s\u2019int\u00e9resse Bipolar aujourd\u2019hui : <strong>cartographier avec l\u2019artiste Julien Rodriguez, les attachements, les usages, les relations que les habitant\u00b7es entretiennent avec la Mosson.<\/strong><\/p>\n\n\n\n<p>Pour mener cette enqu\u00eate fouill\u00e9e sur tout le lin\u00e9aire du cours d\u2019eau, Bipolar a multipli\u00e9 les diff\u00e9rentes modalit\u00e9s de rencontres avec les habitant\u00b7es : des balades, des ateliers de cartographie sensible dans l\u2019espace public, des discussions en t\u00eate \u00e0 t\u00eate\u2026<\/p>\n\n\n\n<p>De mars \u00e0 juin, <strong>8 balades sensibles<\/strong> se sont tenues entre la source et l\u2019embouchure pour explorer la Mosson sous l\u2019angle des \u00e9motions, des sensations et des liens que nous entretenons avec elle. Marcher au plus pr\u00e8s d\u2019elle, parfois en silence, lui dire bonjour, fermer les yeux, en essayant de ressentir, pr\u00eater attention \u2026 qualifier avec pr\u00e9cision nos relations : conflit, indiff\u00e9rence, paix ou coop\u00e9ration ?<\/p>\n\n\n\n<p>Puis nous avons report\u00e9 toute cette mati\u00e8re sensible, \u00e9paisse, sur une grande carte ; une carte affective de la Mosson.<\/p>\n\n\n\n<p>C&#8217;est \u00e0 partir de toutes ces contributions que Julien Rodriguez dessinera l\u2019Atlas culturel et relationnel de la Mosson. Il sera d\u00e9voil\u00e9 au public samedi 27 septembre \u00e0 Grabels \u00e0 l\u2019occasion d\u2019une journ\u00e9e de programmation artistique et joyeuse autour de la rivi\u00e8re.<\/p>\n\n\n\n<p>Ce projet est soutenu par M28 &#8211; Terres de culture, l\u2019Office Fran\u00e7ais de la Biodiversit\u00e9 et men\u00e9 en partenariat avec l\u2019EPTB Lez Mosson Etangs Palavasiens, la M\u00e9tropole de Montpellier,\u00a0la ville de Grabels\u00a0et les communes riveraines de la Mosson.<\/p>\n\n\n\n<figure class=\"wp-block-embed is-type-video is-provider-youtube wp-block-embed-youtube wp-embed-aspect-16-9 wp-has-aspect-ratio\"><div class=\"wp-block-embed__wrapper\">\n<iframe loading=\"lazy\" title=\"Parole aux artistes : Julien Rodriguez\" width=\"640\" height=\"360\" src=\"https:\/\/www.youtube.com\/embed\/NBsGF2dznpA?list=PL5nIv7_NxzyVVYlJ43a9jSb2HqALTuQKF\" frameborder=\"0\" allow=\"accelerometer; autoplay; clipboard-write; encrypted-media; gyroscope; picture-in-picture; web-share\" referrerpolicy=\"strict-origin-when-cross-origin\" allowfullscreen><\/iframe>\n<\/div><\/figure>\n","protected":false},"excerpt":{"rendered":"<p>Entre garrigue et m\u00e9diterran\u00e9e, en passant par des espaces \u00e0 forte pression urbaine, cette rivi\u00e8re \u00e0 l\u2019image et \u00e0 la [&hellip;]<\/p>\n","protected":false},"author":8,"featured_media":9222,"parent":0,"template":"","format":"standard","meta":{"_acf_changed":false,"footnotes":""},"projectcat":[98,26,99],"audience":[13],"geozone":[76],"edition":[95],"class_list":["post-7720","project","type-project","status-publish","format-standard","has-post-thumbnail","hentry","projectcat-atelier","projectcat-deambulation","projectcat-experience-participative","audience-tout-public","geozone-montpellier-mediterranee-metropole","edition-95"],"acf":[],"yoast_head":"<!-- This site is optimized with the Yoast SEO plugin v24.8 - https:\/\/yoast.com\/wordpress\/plugins\/seo\/ -->\n<title>Atlas culturel et relationnel de la rivi\u00e8re Mosson - Montpellier 2028<\/title>\n<meta name=\"robots\" content=\"index, follow, max-snippet:-1, max-image-preview:large, max-video-preview:-1\" \/>\n<link rel=\"canonical\" href=\"https:\/\/www.montpellier2028.eu\/en\/projets\/atlas-bipolar\/\" \/>\n<meta property=\"og:locale\" content=\"en_US\" \/>\n<meta property=\"og:type\" content=\"article\" \/>\n<meta property=\"og:title\" content=\"Atlas culturel et relationnel de la rivi\u00e8re Mosson - Montpellier 2028\" \/>\n<meta property=\"og:description\" content=\"Entre garrigue et m\u00e9diterran\u00e9e, en passant par des espaces \u00e0 forte pression urbaine, cette rivi\u00e8re \u00e0 l\u2019image et \u00e0 la [&hellip;]\" \/>\n<meta property=\"og:url\" content=\"https:\/\/www.montpellier2028.eu\/en\/projets\/atlas-bipolar\/\" \/>\n<meta property=\"og:site_name\" content=\"Montpellier 2028\" \/>\n<meta property=\"article:publisher\" content=\"https:\/\/www.facebook.com\/montpellier2028\" \/>\n<meta property=\"article:modified_time\" content=\"2025-07-28T15:37:27+00:00\" \/>\n<meta property=\"og:image\" content=\"https:\/\/www.montpellier2028.eu\/wp-content\/uploads\/2025\/03\/A7300066bartoli-scaled.jpg\" \/>\n\t<meta property=\"og:image:width\" content=\"2560\" \/>\n\t<meta property=\"og:image:height\" content=\"1707\" \/>\n\t<meta property=\"og:image:type\" content=\"image\/jpeg\" \/>\n<meta name=\"twitter:card\" content=\"summary_large_image\" \/>\n<meta name=\"twitter:site\" content=\"@mtp2028\" \/>\n<meta name=\"twitter:label1\" content=\"Est. reading time\" \/>\n\t<meta name=\"twitter:data1\" content=\"2 minutes\" \/>\n<script type=\"application\/ld+json\" class=\"yoast-schema-graph\">{\"@context\":\"https:\/\/schema.org\",\"@graph\":[{\"@type\":\"WebPage\",\"@id\":\"https:\/\/www.montpellier2028.eu\/en\/projets\/atlas-bipolar\/\",\"url\":\"https:\/\/www.montpellier2028.eu\/en\/projets\/atlas-bipolar\/\",\"name\":\"Atlas culturel et relationnel de la rivi\u00e8re Mosson - Montpellier 2028\",\"isPartOf\":{\"@id\":\"https:\/\/www.montpellier2028.eu\/en\/#website\"},\"primaryImageOfPage\":{\"@id\":\"https:\/\/www.montpellier2028.eu\/en\/projets\/atlas-bipolar\/#primaryimage\"},\"image\":{\"@id\":\"https:\/\/www.montpellier2028.eu\/en\/projets\/atlas-bipolar\/#primaryimage\"},\"thumbnailUrl\":\"https:\/\/www.montpellier2028.eu\/wp-content\/uploads\/2025\/03\/A7300066bartoli-scaled.jpg\",\"datePublished\":\"2025-03-21T09:52:31+00:00\",\"dateModified\":\"2025-07-28T15:37:27+00:00\",\"breadcrumb\":{\"@id\":\"https:\/\/www.montpellier2028.eu\/en\/projets\/atlas-bipolar\/#breadcrumb\"},\"inLanguage\":\"en-US\",\"potentialAction\":[{\"@type\":\"ReadAction\",\"target\":[\"https:\/\/www.montpellier2028.eu\/en\/projets\/atlas-bipolar\/\"]}]},{\"@type\":\"ImageObject\",\"inLanguage\":\"en-US\",\"@id\":\"https:\/\/www.montpellier2028.eu\/en\/projets\/atlas-bipolar\/#primaryimage\",\"url\":\"https:\/\/www.montpellier2028.eu\/wp-content\/uploads\/2025\/03\/A7300066bartoli-scaled.jpg\",\"contentUrl\":\"https:\/\/www.montpellier2028.eu\/wp-content\/uploads\/2025\/03\/A7300066bartoli-scaled.jpg\",\"width\":2560,\"height\":1707},{\"@type\":\"BreadcrumbList\",\"@id\":\"https:\/\/www.montpellier2028.eu\/en\/projets\/atlas-bipolar\/#breadcrumb\",\"itemListElement\":[{\"@type\":\"ListItem\",\"position\":1,\"name\":\"Home\",\"item\":\"https:\/\/www.montpellier2028.eu\/en\/\"},{\"@type\":\"ListItem\",\"position\":2,\"name\":\"Projets\",\"item\":\"https:\/\/www.montpellier2028.eu\/en\/projects\/\"},{\"@type\":\"ListItem\",\"position\":3,\"name\":\"Atlas culturel et relationnel de la rivi\u00e8re Mosson\"}]},{\"@type\":\"WebSite\",\"@id\":\"https:\/\/www.montpellier2028.eu\/en\/#website\",\"url\":\"https:\/\/www.montpellier2028.eu\/en\/\",\"name\":\"Montpellier 2028\",\"description\":\"Construisons ensemble!\",\"publisher\":{\"@id\":\"https:\/\/www.montpellier2028.eu\/en\/#organization\"},\"potentialAction\":[{\"@type\":\"SearchAction\",\"target\":{\"@type\":\"EntryPoint\",\"urlTemplate\":\"https:\/\/www.montpellier2028.eu\/en\/?s={search_term_string}\"},\"query-input\":{\"@type\":\"PropertyValueSpecification\",\"valueRequired\":true,\"valueName\":\"search_term_string\"}}],\"inLanguage\":\"en-US\"},{\"@type\":\"Organization\",\"@id\":\"https:\/\/www.montpellier2028.eu\/en\/#organization\",\"name\":\"Montpellier 2028\",\"url\":\"https:\/\/www.montpellier2028.eu\/en\/\",\"logo\":{\"@type\":\"ImageObject\",\"inLanguage\":\"en-US\",\"@id\":\"https:\/\/www.montpellier2028.eu\/en\/#\/schema\/logo\/image\/\",\"url\":\"https:\/\/www.montpellier2028.eu\/wp-content\/uploads\/2022\/09\/cropped-small-logo-lg.png\",\"contentUrl\":\"https:\/\/www.montpellier2028.eu\/wp-content\/uploads\/2022\/09\/cropped-small-logo-lg.png\",\"width\":512,\"height\":512,\"caption\":\"Montpellier 2028\"},\"image\":{\"@id\":\"https:\/\/www.montpellier2028.eu\/en\/#\/schema\/logo\/image\/\"},\"sameAs\":[\"https:\/\/www.facebook.com\/montpellier2028\",\"https:\/\/x.com\/mtp2028\",\"https:\/\/www.instagram.com\/montpellier2028\/\",\"https:\/\/www.linkedin.com\/showcase\/montpellier2028\/about\/\"]}]}<\/script>\n<!-- \/ Yoast SEO plugin. -->","yoast_head_json":{"title":"Atlas culturel et relationnel de la rivi\u00e8re Mosson - Montpellier 2028","robots":{"index":"index","follow":"follow","max-snippet":"max-snippet:-1","max-image-preview":"max-image-preview:large","max-video-preview":"max-video-preview:-1"},"canonical":"https:\/\/www.montpellier2028.eu\/en\/projets\/atlas-bipolar\/","og_locale":"en_US","og_type":"article","og_title":"Atlas culturel et relationnel de la rivi\u00e8re Mosson - Montpellier 2028","og_description":"Entre garrigue et m\u00e9diterran\u00e9e, en passant par des espaces \u00e0 forte pression urbaine, cette rivi\u00e8re \u00e0 l\u2019image et \u00e0 la [&hellip;]","og_url":"https:\/\/www.montpellier2028.eu\/en\/projets\/atlas-bipolar\/","og_site_name":"Montpellier 2028","article_publisher":"https:\/\/www.facebook.com\/montpellier2028","article_modified_time":"2025-07-28T15:37:27+00:00","og_image":[{"width":2560,"height":1707,"url":"https:\/\/www.montpellier2028.eu\/wp-content\/uploads\/2025\/03\/A7300066bartoli-scaled.jpg","type":"image\/jpeg"}],"twitter_card":"summary_large_image","twitter_site":"@mtp2028","twitter_misc":{"Est. reading time":"2 minutes"},"schema":{"@context":"https:\/\/schema.org","@graph":[{"@type":"WebPage","@id":"https:\/\/www.montpellier2028.eu\/en\/projets\/atlas-bipolar\/","url":"https:\/\/www.montpellier2028.eu\/en\/projets\/atlas-bipolar\/","name":"Atlas culturel et relationnel de la rivi\u00e8re Mosson - Montpellier 2028","isPartOf":{"@id":"https:\/\/www.montpellier2028.eu\/en\/#website"},"primaryImageOfPage":{"@id":"https:\/\/www.montpellier2028.eu\/en\/projets\/atlas-bipolar\/#primaryimage"},"image":{"@id":"https:\/\/www.montpellier2028.eu\/en\/projets\/atlas-bipolar\/#primaryimage"},"thumbnailUrl":"https:\/\/www.montpellier2028.eu\/wp-content\/uploads\/2025\/03\/A7300066bartoli-scaled.jpg","datePublished":"2025-03-21T09:52:31+00:00","dateModified":"2025-07-28T15:37:27+00:00","breadcrumb":{"@id":"https:\/\/www.montpellier2028.eu\/en\/projets\/atlas-bipolar\/#breadcrumb"},"inLanguage":"en-US","potentialAction":[{"@type":"ReadAction","target":["https:\/\/www.montpellier2028.eu\/en\/projets\/atlas-bipolar\/"]}]},{"@type":"ImageObject","inLanguage":"en-US","@id":"https:\/\/www.montpellier2028.eu\/en\/projets\/atlas-bipolar\/#primaryimage","url":"https:\/\/www.montpellier2028.eu\/wp-content\/uploads\/2025\/03\/A7300066bartoli-scaled.jpg","contentUrl":"https:\/\/www.montpellier2028.eu\/wp-content\/uploads\/2025\/03\/A7300066bartoli-scaled.jpg","width":2560,"height":1707},{"@type":"BreadcrumbList","@id":"https:\/\/www.montpellier2028.eu\/en\/projets\/atlas-bipolar\/#breadcrumb","itemListElement":[{"@type":"ListItem","position":1,"name":"Home","item":"https:\/\/www.montpellier2028.eu\/en\/"},{"@type":"ListItem","position":2,"name":"Projets","item":"https:\/\/www.montpellier2028.eu\/en\/projects\/"},{"@type":"ListItem","position":3,"name":"Atlas culturel et relationnel de la rivi\u00e8re Mosson"}]},{"@type":"WebSite","@id":"https:\/\/www.montpellier2028.eu\/en\/#website","url":"https:\/\/www.montpellier2028.eu\/en\/","name":"Montpellier 2028","description":"Construisons ensemble!","publisher":{"@id":"https:\/\/www.montpellier2028.eu\/en\/#organization"},"potentialAction":[{"@type":"SearchAction","target":{"@type":"EntryPoint","urlTemplate":"https:\/\/www.montpellier2028.eu\/en\/?s={search_term_string}"},"query-input":{"@type":"PropertyValueSpecification","valueRequired":true,"valueName":"search_term_string"}}],"inLanguage":"en-US"},{"@type":"Organization","@id":"https:\/\/www.montpellier2028.eu\/en\/#organization","name":"Montpellier 2028","url":"https:\/\/www.montpellier2028.eu\/en\/","logo":{"@type":"ImageObject","inLanguage":"en-US","@id":"https:\/\/www.montpellier2028.eu\/en\/#\/schema\/logo\/image\/","url":"https:\/\/www.montpellier2028.eu\/wp-content\/uploads\/2022\/09\/cropped-small-logo-lg.png","contentUrl":"https:\/\/www.montpellier2028.eu\/wp-content\/uploads\/2022\/09\/cropped-small-logo-lg.png","width":512,"height":512,"caption":"Montpellier 2028"},"image":{"@id":"https:\/\/www.montpellier2028.eu\/en\/#\/schema\/logo\/image\/"},"sameAs":["https:\/\/www.facebook.com\/montpellier2028","https:\/\/x.com\/mtp2028","https:\/\/www.instagram.com\/montpellier2028\/","https:\/\/www.linkedin.com\/showcase\/montpellier2028\/about\/"]}]}},"_links":{"self":[{"href":"https:\/\/www.montpellier2028.eu\/en\/wp-json\/wp\/v2\/project\/7720","targetHints":{"allow":["GET"]}}],"collection":[{"href":"https:\/\/www.montpellier2028.eu\/en\/wp-json\/wp\/v2\/project"}],"about":[{"href":"https:\/\/www.montpellier2028.eu\/en\/wp-json\/wp\/v2\/types\/project"}],"author":[{"embeddable":true,"href":"https:\/\/www.montpellier2028.eu\/en\/wp-json\/wp\/v2\/users\/8"}],"version-history":[{"count":48,"href":"https:\/\/www.montpellier2028.eu\/en\/wp-json\/wp\/v2\/project\/7720\/revisions"}],"predecessor-version":[{"id":9274,"href":"https:\/\/www.montpellier2028.eu\/en\/wp-json\/wp\/v2\/project\/7720\/revisions\/9274"}],"wp:featuredmedia":[{"embeddable":true,"href":"https:\/\/www.montpellier2028.eu\/en\/wp-json\/wp\/v2\/media\/9222"}],"wp:attachment":[{"href":"https:\/\/www.montpellier2028.eu\/en\/wp-json\/wp\/v2\/media?parent=7720"}],"wp:term":[{"taxonomy":"projectcat","embeddable":true,"href":"https:\/\/www.montpellier2028.eu\/en\/wp-json\/wp\/v2\/projectcat?post=7720"},{"taxonomy":"audience","embeddable":true,"href":"https:\/\/www.montpellier2028.eu\/en\/wp-json\/wp\/v2\/audience?post=7720"},{"taxonomy":"geozone","embeddable":true,"href":"https:\/\/www.montpellier2028.eu\/en\/wp-json\/wp\/v2\/geozone?post=7720"},{"taxonomy":"edition","embeddable":true,"href":"https:\/\/www.montpellier2028.eu\/en\/wp-json\/wp\/v2\/edition?post=7720"}],"curies":[{"name":"wp","href":"https:\/\/api.w.org\/{rel}","templated":true}]}}