{"id":811,"date":"2022-09-23T15:55:11","date_gmt":"2022-09-23T13:55:11","guid":{"rendered":"https:\/\/www.montpellier2028.eu\/?post_type=project&#038;p=811"},"modified":"2023-07-24T10:32:59","modified_gmt":"2023-07-24T08:32:59","slug":"arts-trans-fabrik","status":"publish","type":"project","link":"https:\/\/www.montpellier2028.eu\/en\/projets\/arts-trans-fabrik\/","title":{"rendered":"Arts Trans Fabrik"},"content":{"rendered":"\n<p>Arts Trans Fabrik est un \u00e9v\u00e9nement dont l\u2019objet est de cr\u00e9er les conditions d\u2019acc\u00e8s \u00e0 la diversit\u00e9 et mobilit\u00e9 des \u0153uvres d\u2019artistes chor\u00e9graphiques sur le Grand Pic Saint-Loup, et territoires voisins.<br>C\u2019est gr\u00e2ce \u00e0 des artistes aux \u00e9critures chor\u00e9graphiques contemporaines, qui s\u2019expriment pour la plupart dans des espaces publics non d\u00e9di\u00e9s \u00e0 la culture, qu\u2019Arts Trans Fabrik \u0153uvre \u00e0 une nouvelle cartographie des territoires.<br>C\u2019est par le biais de la culture et son accessibilit\u00e9 (gr\u00e2ce \u00e0 la gratuit\u00e9 des spectacles propos\u00e9s), et des temps de rencontre accompagnant les repr\u00e9sentations, que l\u2019association participe \u00e0 la transformation de la vision, l\u2019hospitalit\u00e9 et l\u2019habitabilit\u00e9 de nos territoires. Un dispositif itin\u00e9rant, exigeant et accessible \u00e0 toutes et \u00e0 tous pour d\u00e9couvrir cette culture qui s\u2019invite \u00e0 proximit\u00e9.<\/p>\n","protected":false},"excerpt":{"rendered":"<p>Arts Trans Fabrik est un \u00e9v\u00e9nement dont l\u2019objet est de cr\u00e9er les conditions d\u2019acc\u00e8s \u00e0 la diversit\u00e9 et mobilit\u00e9 des [&hellip;]<\/p>\n","protected":false},"author":2,"featured_media":812,"parent":0,"template":"","format":"standard","meta":{"_acf_changed":false,"footnotes":""},"projectcat":[52],"audience":[13],"geozone":[50],"edition":[66],"class_list":["post-811","project","type-project","status-publish","format-standard","has-post-thumbnail","hentry","projectcat-representation","audience-tout-public","geozone-grand-pic-saint-loup","edition-66"],"acf":[],"yoast_head":"<!-- This site is optimized with the Yoast SEO plugin v24.8 - https:\/\/yoast.com\/wordpress\/plugins\/seo\/ -->\n<title>Arts Trans Fabrik - Montpellier 2028<\/title>\n<meta name=\"robots\" content=\"index, follow, max-snippet:-1, max-image-preview:large, max-video-preview:-1\" \/>\n<link rel=\"canonical\" href=\"https:\/\/www.montpellier2028.eu\/en\/projets\/arts-trans-fabrik\/\" \/>\n<meta property=\"og:locale\" content=\"en_US\" \/>\n<meta property=\"og:type\" content=\"article\" \/>\n<meta property=\"og:title\" content=\"Arts Trans Fabrik - Montpellier 2028\" \/>\n<meta property=\"og:description\" content=\"Arts Trans Fabrik est un \u00e9v\u00e9nement dont l\u2019objet est de cr\u00e9er les conditions d\u2019acc\u00e8s \u00e0 la diversit\u00e9 et mobilit\u00e9 des [&hellip;]\" \/>\n<meta property=\"og:url\" content=\"https:\/\/www.montpellier2028.eu\/en\/projets\/arts-trans-fabrik\/\" \/>\n<meta property=\"og:site_name\" content=\"Montpellier 2028\" \/>\n<meta property=\"article:publisher\" content=\"https:\/\/www.facebook.com\/montpellier2028\" \/>\n<meta property=\"article:modified_time\" content=\"2023-07-24T08:32:59+00:00\" \/>\n<meta property=\"og:image\" content=\"https:\/\/www.montpellier2028.eu\/wp-content\/uploads\/2022\/09\/sylvain-huc-crash-studies-credit-erik-damiano-1-scaled.jpg\" \/>\n\t<meta property=\"og:image:width\" content=\"2560\" \/>\n\t<meta property=\"og:image:height\" content=\"1707\" \/>\n\t<meta property=\"og:image:type\" content=\"image\/jpeg\" \/>\n<meta name=\"twitter:card\" content=\"summary_large_image\" \/>\n<meta name=\"twitter:site\" content=\"@mtp2028\" \/>\n<meta name=\"twitter:label1\" content=\"Est. reading time\" \/>\n\t<meta name=\"twitter:data1\" content=\"1 minute\" \/>\n<script type=\"application\/ld+json\" class=\"yoast-schema-graph\">{\"@context\":\"https:\/\/schema.org\",\"@graph\":[{\"@type\":\"WebPage\",\"@id\":\"https:\/\/www.montpellier2028.eu\/en\/projets\/arts-trans-fabrik\/\",\"url\":\"https:\/\/www.montpellier2028.eu\/en\/projets\/arts-trans-fabrik\/\",\"name\":\"Arts Trans Fabrik - Montpellier 2028\",\"isPartOf\":{\"@id\":\"https:\/\/www.montpellier2028.eu\/en\/#website\"},\"primaryImageOfPage\":{\"@id\":\"https:\/\/www.montpellier2028.eu\/en\/projets\/arts-trans-fabrik\/#primaryimage\"},\"image\":{\"@id\":\"https:\/\/www.montpellier2028.eu\/en\/projets\/arts-trans-fabrik\/#primaryimage\"},\"thumbnailUrl\":\"https:\/\/www.montpellier2028.eu\/wp-content\/uploads\/2022\/09\/sylvain-huc-crash-studies-credit-erik-damiano-1-scaled.jpg\",\"datePublished\":\"2022-09-23T13:55:11+00:00\",\"dateModified\":\"2023-07-24T08:32:59+00:00\",\"breadcrumb\":{\"@id\":\"https:\/\/www.montpellier2028.eu\/en\/projets\/arts-trans-fabrik\/#breadcrumb\"},\"inLanguage\":\"en-US\",\"potentialAction\":[{\"@type\":\"ReadAction\",\"target\":[\"https:\/\/www.montpellier2028.eu\/en\/projets\/arts-trans-fabrik\/\"]}]},{\"@type\":\"ImageObject\",\"inLanguage\":\"en-US\",\"@id\":\"https:\/\/www.montpellier2028.eu\/en\/projets\/arts-trans-fabrik\/#primaryimage\",\"url\":\"https:\/\/www.montpellier2028.eu\/wp-content\/uploads\/2022\/09\/sylvain-huc-crash-studies-credit-erik-damiano-1-scaled.jpg\",\"contentUrl\":\"https:\/\/www.montpellier2028.eu\/wp-content\/uploads\/2022\/09\/sylvain-huc-crash-studies-credit-erik-damiano-1-scaled.jpg\",\"width\":2560,\"height\":1707},{\"@type\":\"BreadcrumbList\",\"@id\":\"https:\/\/www.montpellier2028.eu\/en\/projets\/arts-trans-fabrik\/#breadcrumb\",\"itemListElement\":[{\"@type\":\"ListItem\",\"position\":1,\"name\":\"Home\",\"item\":\"https:\/\/www.montpellier2028.eu\/en\/\"},{\"@type\":\"ListItem\",\"position\":2,\"name\":\"Projets\",\"item\":\"https:\/\/www.montpellier2028.eu\/en\/projects\/\"},{\"@type\":\"ListItem\",\"position\":3,\"name\":\"Arts Trans Fabrik\"}]},{\"@type\":\"WebSite\",\"@id\":\"https:\/\/www.montpellier2028.eu\/en\/#website\",\"url\":\"https:\/\/www.montpellier2028.eu\/en\/\",\"name\":\"Montpellier 2028\",\"description\":\"Construisons ensemble!\",\"publisher\":{\"@id\":\"https:\/\/www.montpellier2028.eu\/en\/#organization\"},\"potentialAction\":[{\"@type\":\"SearchAction\",\"target\":{\"@type\":\"EntryPoint\",\"urlTemplate\":\"https:\/\/www.montpellier2028.eu\/en\/?s={search_term_string}\"},\"query-input\":{\"@type\":\"PropertyValueSpecification\",\"valueRequired\":true,\"valueName\":\"search_term_string\"}}],\"inLanguage\":\"en-US\"},{\"@type\":\"Organization\",\"@id\":\"https:\/\/www.montpellier2028.eu\/en\/#organization\",\"name\":\"Montpellier 2028\",\"url\":\"https:\/\/www.montpellier2028.eu\/en\/\",\"logo\":{\"@type\":\"ImageObject\",\"inLanguage\":\"en-US\",\"@id\":\"https:\/\/www.montpellier2028.eu\/en\/#\/schema\/logo\/image\/\",\"url\":\"https:\/\/www.montpellier2028.eu\/wp-content\/uploads\/2022\/09\/cropped-small-logo-lg.png\",\"contentUrl\":\"https:\/\/www.montpellier2028.eu\/wp-content\/uploads\/2022\/09\/cropped-small-logo-lg.png\",\"width\":512,\"height\":512,\"caption\":\"Montpellier 2028\"},\"image\":{\"@id\":\"https:\/\/www.montpellier2028.eu\/en\/#\/schema\/logo\/image\/\"},\"sameAs\":[\"https:\/\/www.facebook.com\/montpellier2028\",\"https:\/\/x.com\/mtp2028\",\"https:\/\/www.instagram.com\/montpellier2028\/\",\"https:\/\/www.linkedin.com\/showcase\/montpellier2028\/about\/\"]}]}<\/script>\n<!-- \/ Yoast SEO plugin. -->","yoast_head_json":{"title":"Arts Trans Fabrik - Montpellier 2028","robots":{"index":"index","follow":"follow","max-snippet":"max-snippet:-1","max-image-preview":"max-image-preview:large","max-video-preview":"max-video-preview:-1"},"canonical":"https:\/\/www.montpellier2028.eu\/en\/projets\/arts-trans-fabrik\/","og_locale":"en_US","og_type":"article","og_title":"Arts Trans Fabrik - Montpellier 2028","og_description":"Arts Trans Fabrik est un \u00e9v\u00e9nement dont l\u2019objet est de cr\u00e9er les conditions d\u2019acc\u00e8s \u00e0 la diversit\u00e9 et mobilit\u00e9 des [&hellip;]","og_url":"https:\/\/www.montpellier2028.eu\/en\/projets\/arts-trans-fabrik\/","og_site_name":"Montpellier 2028","article_publisher":"https:\/\/www.facebook.com\/montpellier2028","article_modified_time":"2023-07-24T08:32:59+00:00","og_image":[{"width":2560,"height":1707,"url":"https:\/\/www.montpellier2028.eu\/wp-content\/uploads\/2022\/09\/sylvain-huc-crash-studies-credit-erik-damiano-1-scaled.jpg","type":"image\/jpeg"}],"twitter_card":"summary_large_image","twitter_site":"@mtp2028","twitter_misc":{"Est. reading time":"1 minute"},"schema":{"@context":"https:\/\/schema.org","@graph":[{"@type":"WebPage","@id":"https:\/\/www.montpellier2028.eu\/en\/projets\/arts-trans-fabrik\/","url":"https:\/\/www.montpellier2028.eu\/en\/projets\/arts-trans-fabrik\/","name":"Arts Trans Fabrik - Montpellier 2028","isPartOf":{"@id":"https:\/\/www.montpellier2028.eu\/en\/#website"},"primaryImageOfPage":{"@id":"https:\/\/www.montpellier2028.eu\/en\/projets\/arts-trans-fabrik\/#primaryimage"},"image":{"@id":"https:\/\/www.montpellier2028.eu\/en\/projets\/arts-trans-fabrik\/#primaryimage"},"thumbnailUrl":"https:\/\/www.montpellier2028.eu\/wp-content\/uploads\/2022\/09\/sylvain-huc-crash-studies-credit-erik-damiano-1-scaled.jpg","datePublished":"2022-09-23T13:55:11+00:00","dateModified":"2023-07-24T08:32:59+00:00","breadcrumb":{"@id":"https:\/\/www.montpellier2028.eu\/en\/projets\/arts-trans-fabrik\/#breadcrumb"},"inLanguage":"en-US","potentialAction":[{"@type":"ReadAction","target":["https:\/\/www.montpellier2028.eu\/en\/projets\/arts-trans-fabrik\/"]}]},{"@type":"ImageObject","inLanguage":"en-US","@id":"https:\/\/www.montpellier2028.eu\/en\/projets\/arts-trans-fabrik\/#primaryimage","url":"https:\/\/www.montpellier2028.eu\/wp-content\/uploads\/2022\/09\/sylvain-huc-crash-studies-credit-erik-damiano-1-scaled.jpg","contentUrl":"https:\/\/www.montpellier2028.eu\/wp-content\/uploads\/2022\/09\/sylvain-huc-crash-studies-credit-erik-damiano-1-scaled.jpg","width":2560,"height":1707},{"@type":"BreadcrumbList","@id":"https:\/\/www.montpellier2028.eu\/en\/projets\/arts-trans-fabrik\/#breadcrumb","itemListElement":[{"@type":"ListItem","position":1,"name":"Home","item":"https:\/\/www.montpellier2028.eu\/en\/"},{"@type":"ListItem","position":2,"name":"Projets","item":"https:\/\/www.montpellier2028.eu\/en\/projects\/"},{"@type":"ListItem","position":3,"name":"Arts Trans Fabrik"}]},{"@type":"WebSite","@id":"https:\/\/www.montpellier2028.eu\/en\/#website","url":"https:\/\/www.montpellier2028.eu\/en\/","name":"Montpellier 2028","description":"Construisons ensemble!","publisher":{"@id":"https:\/\/www.montpellier2028.eu\/en\/#organization"},"potentialAction":[{"@type":"SearchAction","target":{"@type":"EntryPoint","urlTemplate":"https:\/\/www.montpellier2028.eu\/en\/?s={search_term_string}"},"query-input":{"@type":"PropertyValueSpecification","valueRequired":true,"valueName":"search_term_string"}}],"inLanguage":"en-US"},{"@type":"Organization","@id":"https:\/\/www.montpellier2028.eu\/en\/#organization","name":"Montpellier 2028","url":"https:\/\/www.montpellier2028.eu\/en\/","logo":{"@type":"ImageObject","inLanguage":"en-US","@id":"https:\/\/www.montpellier2028.eu\/en\/#\/schema\/logo\/image\/","url":"https:\/\/www.montpellier2028.eu\/wp-content\/uploads\/2022\/09\/cropped-small-logo-lg.png","contentUrl":"https:\/\/www.montpellier2028.eu\/wp-content\/uploads\/2022\/09\/cropped-small-logo-lg.png","width":512,"height":512,"caption":"Montpellier 2028"},"image":{"@id":"https:\/\/www.montpellier2028.eu\/en\/#\/schema\/logo\/image\/"},"sameAs":["https:\/\/www.facebook.com\/montpellier2028","https:\/\/x.com\/mtp2028","https:\/\/www.instagram.com\/montpellier2028\/","https:\/\/www.linkedin.com\/showcase\/montpellier2028\/about\/"]}]}},"_links":{"self":[{"href":"https:\/\/www.montpellier2028.eu\/en\/wp-json\/wp\/v2\/project\/811","targetHints":{"allow":["GET"]}}],"collection":[{"href":"https:\/\/www.montpellier2028.eu\/en\/wp-json\/wp\/v2\/project"}],"about":[{"href":"https:\/\/www.montpellier2028.eu\/en\/wp-json\/wp\/v2\/types\/project"}],"author":[{"embeddable":true,"href":"https:\/\/www.montpellier2028.eu\/en\/wp-json\/wp\/v2\/users\/2"}],"version-history":[{"count":8,"href":"https:\/\/www.montpellier2028.eu\/en\/wp-json\/wp\/v2\/project\/811\/revisions"}],"predecessor-version":[{"id":4575,"href":"https:\/\/www.montpellier2028.eu\/en\/wp-json\/wp\/v2\/project\/811\/revisions\/4575"}],"wp:featuredmedia":[{"embeddable":true,"href":"https:\/\/www.montpellier2028.eu\/en\/wp-json\/wp\/v2\/media\/812"}],"wp:attachment":[{"href":"https:\/\/www.montpellier2028.eu\/en\/wp-json\/wp\/v2\/media?parent=811"}],"wp:term":[{"taxonomy":"projectcat","embeddable":true,"href":"https:\/\/www.montpellier2028.eu\/en\/wp-json\/wp\/v2\/projectcat?post=811"},{"taxonomy":"audience","embeddable":true,"href":"https:\/\/www.montpellier2028.eu\/en\/wp-json\/wp\/v2\/audience?post=811"},{"taxonomy":"geozone","embeddable":true,"href":"https:\/\/www.montpellier2028.eu\/en\/wp-json\/wp\/v2\/geozone?post=811"},{"taxonomy":"edition","embeddable":true,"href":"https:\/\/www.montpellier2028.eu\/en\/wp-json\/wp\/v2\/edition?post=811"}],"curies":[{"name":"wp","href":"https:\/\/api.w.org\/{rel}","templated":true}]}}