{"id":8505,"date":"2025-05-22T16:38:45","date_gmt":"2025-05-22T14:38:45","guid":{"rendered":"https:\/\/www.montpellier2028.eu\/?post_type=project&#038;p=8505"},"modified":"2025-07-30T11:58:09","modified_gmt":"2025-07-30T09:58:09","slug":"la-mission-relations-service-public-des-relations-aux-milieux","status":"publish","type":"project","link":"https:\/\/www.montpellier2028.eu\/en\/projets\/la-mission-relations-service-public-des-relations-aux-milieux\/","title":{"rendered":"La mission relations &#8211; Service public des relations aux milieux"},"content":{"rendered":"\n<p>En \u00e9cho \u00e0 la ligne artistique de l\u2019Atelline, il s\u2019agit d&#8217;accompagner la recherche dramaturgique de Pascal Ferren,\u00a0philosophe et auteur associ\u00e9 \u00e0 l\u2019agence Bipolar,\u00a0autour de la Mission relations.\u00a0<strong>Cette\u00a0\u0153uvre \u00e0 port\u00e9e transformatrice vise \u00e0 sculpter une forme alternative d\u2019administration publique des milieux naturels en faveur de la restauration des relations\u00a0sensibles entre les composantes humaines et autres qu\u2019humaines de la nature<\/strong>.<\/p>\n\n\n\n<p>Bipolar et Pascal Ferren d\u00e9ploient en parall\u00e8le de cette recherche &#8211; cr\u00e9ation, et dans le but de la nourrir, des exp\u00e9rimentations sur le r\u00e9el, visant \u00e0 \u00e9prouver les diff\u00e9rentes actions et programmes de ce service public potentiel. Le projet d\u2019<a href=\"https:\/\/www.montpellier2028.eu\/projets\/atlas-bipolar\/\" target=\"_blank\" rel=\"noreferrer noopener\">Atlas culturel et relationnel de la rivi\u00e8re Mosson<\/a>,\u00a0ou autrement nomm\u00e9\u00a0<em>Diagnostic Attachements &#8211; Usages &#8211; Relations<\/em>\u00a0en vue de l\u2019\u00e9laboration de son\u00a0<em>sch\u00e9ma de planification affectif,\u00a0<\/em>en est l\u2019une de ses applications.\u00a0<\/p>\n\n\n\n<p>Le soutien&nbsp;de l\u2019Atelline a&nbsp;permis,&nbsp;durant cette r\u00e9sidence d\u00e9but&nbsp;avril 2025, la pr\u00e9sence de personnes ressources pour une r\u00e9flexion interdisciplinaire autour des th\u00e9matiques du projet&nbsp;et de son \u00e9criture.&nbsp;Il a aussi permis d\u2019imaginer une forme performative &#8211; la COMmission d\u2019EValuation de la Mission relations &#8211; qui sera pr\u00e9sent\u00e9e le&nbsp;26 septembre 2025&nbsp;\u00e0 Montpellier.<\/p>\n","protected":false},"excerpt":{"rendered":"<p>En \u00e9cho \u00e0 la ligne artistique de l\u2019Atelline, il s\u2019agit d&#8217;accompagner la recherche dramaturgique de Pascal Ferren,\u00a0philosophe et auteur associ\u00e9 [&hellip;]<\/p>\n","protected":false},"author":8,"featured_media":8509,"parent":0,"template":"","format":"standard","meta":{"_acf_changed":false,"footnotes":""},"projectcat":[29],"audience":[],"geozone":[76],"edition":[95],"class_list":["post-8505","project","type-project","status-publish","format-standard","has-post-thumbnail","hentry","projectcat-rencontre","geozone-montpellier-mediterranee-metropole","edition-95"],"acf":[],"yoast_head":"<!-- This site is optimized with the Yoast SEO plugin v24.8 - https:\/\/yoast.com\/wordpress\/plugins\/seo\/ -->\n<title>La mission relations - Service public des relations aux milieux - Montpellier 2028<\/title>\n<meta name=\"robots\" content=\"index, follow, max-snippet:-1, max-image-preview:large, max-video-preview:-1\" \/>\n<link rel=\"canonical\" href=\"https:\/\/www.montpellier2028.eu\/en\/projets\/la-mission-relations-service-public-des-relations-aux-milieux\/\" \/>\n<meta property=\"og:locale\" content=\"en_US\" \/>\n<meta property=\"og:type\" content=\"article\" \/>\n<meta property=\"og:title\" content=\"La mission relations - Service public des relations aux milieux - Montpellier 2028\" \/>\n<meta property=\"og:description\" content=\"En \u00e9cho \u00e0 la ligne artistique de l\u2019Atelline, il s\u2019agit d&#8217;accompagner la recherche dramaturgique de Pascal Ferren,\u00a0philosophe et auteur associ\u00e9 [&hellip;]\" \/>\n<meta property=\"og:url\" content=\"https:\/\/www.montpellier2028.eu\/en\/projets\/la-mission-relations-service-public-des-relations-aux-milieux\/\" \/>\n<meta property=\"og:site_name\" content=\"Montpellier 2028\" \/>\n<meta property=\"article:publisher\" content=\"https:\/\/www.facebook.com\/montpellier2028\" \/>\n<meta property=\"article:modified_time\" content=\"2025-07-30T09:58:09+00:00\" \/>\n<meta property=\"og:image\" content=\"https:\/\/www.montpellier2028.eu\/wp-content\/uploads\/2025\/05\/c-Atelline-1-e1747924827290.jpg\" \/>\n\t<meta property=\"og:image:width\" content=\"1134\" \/>\n\t<meta property=\"og:image:height\" content=\"663\" \/>\n\t<meta property=\"og:image:type\" content=\"image\/jpeg\" \/>\n<meta name=\"twitter:card\" content=\"summary_large_image\" \/>\n<meta name=\"twitter:site\" content=\"@mtp2028\" \/>\n<meta name=\"twitter:label1\" content=\"Est. reading time\" \/>\n\t<meta name=\"twitter:data1\" content=\"2 minutes\" \/>\n<script type=\"application\/ld+json\" class=\"yoast-schema-graph\">{\"@context\":\"https:\/\/schema.org\",\"@graph\":[{\"@type\":\"WebPage\",\"@id\":\"https:\/\/www.montpellier2028.eu\/en\/projets\/la-mission-relations-service-public-des-relations-aux-milieux\/\",\"url\":\"https:\/\/www.montpellier2028.eu\/en\/projets\/la-mission-relations-service-public-des-relations-aux-milieux\/\",\"name\":\"La mission relations - Service public des relations aux milieux - Montpellier 2028\",\"isPartOf\":{\"@id\":\"https:\/\/www.montpellier2028.eu\/en\/#website\"},\"primaryImageOfPage\":{\"@id\":\"https:\/\/www.montpellier2028.eu\/en\/projets\/la-mission-relations-service-public-des-relations-aux-milieux\/#primaryimage\"},\"image\":{\"@id\":\"https:\/\/www.montpellier2028.eu\/en\/projets\/la-mission-relations-service-public-des-relations-aux-milieux\/#primaryimage\"},\"thumbnailUrl\":\"https:\/\/www.montpellier2028.eu\/wp-content\/uploads\/2025\/05\/c-Atelline-1-e1747924827290.jpg\",\"datePublished\":\"2025-05-22T14:38:45+00:00\",\"dateModified\":\"2025-07-30T09:58:09+00:00\",\"breadcrumb\":{\"@id\":\"https:\/\/www.montpellier2028.eu\/en\/projets\/la-mission-relations-service-public-des-relations-aux-milieux\/#breadcrumb\"},\"inLanguage\":\"en-US\",\"potentialAction\":[{\"@type\":\"ReadAction\",\"target\":[\"https:\/\/www.montpellier2028.eu\/en\/projets\/la-mission-relations-service-public-des-relations-aux-milieux\/\"]}]},{\"@type\":\"ImageObject\",\"inLanguage\":\"en-US\",\"@id\":\"https:\/\/www.montpellier2028.eu\/en\/projets\/la-mission-relations-service-public-des-relations-aux-milieux\/#primaryimage\",\"url\":\"https:\/\/www.montpellier2028.eu\/wp-content\/uploads\/2025\/05\/c-Atelline-1-e1747924827290.jpg\",\"contentUrl\":\"https:\/\/www.montpellier2028.eu\/wp-content\/uploads\/2025\/05\/c-Atelline-1-e1747924827290.jpg\",\"width\":1134,\"height\":663},{\"@type\":\"BreadcrumbList\",\"@id\":\"https:\/\/www.montpellier2028.eu\/en\/projets\/la-mission-relations-service-public-des-relations-aux-milieux\/#breadcrumb\",\"itemListElement\":[{\"@type\":\"ListItem\",\"position\":1,\"name\":\"Home\",\"item\":\"https:\/\/www.montpellier2028.eu\/en\/\"},{\"@type\":\"ListItem\",\"position\":2,\"name\":\"Projets\",\"item\":\"https:\/\/www.montpellier2028.eu\/en\/projects\/\"},{\"@type\":\"ListItem\",\"position\":3,\"name\":\"La mission relations &#8211; Service public des relations aux milieux\"}]},{\"@type\":\"WebSite\",\"@id\":\"https:\/\/www.montpellier2028.eu\/en\/#website\",\"url\":\"https:\/\/www.montpellier2028.eu\/en\/\",\"name\":\"Montpellier 2028\",\"description\":\"Construisons ensemble!\",\"publisher\":{\"@id\":\"https:\/\/www.montpellier2028.eu\/en\/#organization\"},\"potentialAction\":[{\"@type\":\"SearchAction\",\"target\":{\"@type\":\"EntryPoint\",\"urlTemplate\":\"https:\/\/www.montpellier2028.eu\/en\/?s={search_term_string}\"},\"query-input\":{\"@type\":\"PropertyValueSpecification\",\"valueRequired\":true,\"valueName\":\"search_term_string\"}}],\"inLanguage\":\"en-US\"},{\"@type\":\"Organization\",\"@id\":\"https:\/\/www.montpellier2028.eu\/en\/#organization\",\"name\":\"Montpellier 2028\",\"url\":\"https:\/\/www.montpellier2028.eu\/en\/\",\"logo\":{\"@type\":\"ImageObject\",\"inLanguage\":\"en-US\",\"@id\":\"https:\/\/www.montpellier2028.eu\/en\/#\/schema\/logo\/image\/\",\"url\":\"https:\/\/www.montpellier2028.eu\/wp-content\/uploads\/2022\/09\/cropped-small-logo-lg.png\",\"contentUrl\":\"https:\/\/www.montpellier2028.eu\/wp-content\/uploads\/2022\/09\/cropped-small-logo-lg.png\",\"width\":512,\"height\":512,\"caption\":\"Montpellier 2028\"},\"image\":{\"@id\":\"https:\/\/www.montpellier2028.eu\/en\/#\/schema\/logo\/image\/\"},\"sameAs\":[\"https:\/\/www.facebook.com\/montpellier2028\",\"https:\/\/x.com\/mtp2028\",\"https:\/\/www.instagram.com\/montpellier2028\/\",\"https:\/\/www.linkedin.com\/showcase\/montpellier2028\/about\/\"]}]}<\/script>\n<!-- \/ Yoast SEO plugin. -->","yoast_head_json":{"title":"La mission relations - Service public des relations aux milieux - Montpellier 2028","robots":{"index":"index","follow":"follow","max-snippet":"max-snippet:-1","max-image-preview":"max-image-preview:large","max-video-preview":"max-video-preview:-1"},"canonical":"https:\/\/www.montpellier2028.eu\/en\/projets\/la-mission-relations-service-public-des-relations-aux-milieux\/","og_locale":"en_US","og_type":"article","og_title":"La mission relations - Service public des relations aux milieux - Montpellier 2028","og_description":"En \u00e9cho \u00e0 la ligne artistique de l\u2019Atelline, il s\u2019agit d&#8217;accompagner la recherche dramaturgique de Pascal Ferren,\u00a0philosophe et auteur associ\u00e9 [&hellip;]","og_url":"https:\/\/www.montpellier2028.eu\/en\/projets\/la-mission-relations-service-public-des-relations-aux-milieux\/","og_site_name":"Montpellier 2028","article_publisher":"https:\/\/www.facebook.com\/montpellier2028","article_modified_time":"2025-07-30T09:58:09+00:00","og_image":[{"width":1134,"height":663,"url":"https:\/\/www.montpellier2028.eu\/wp-content\/uploads\/2025\/05\/c-Atelline-1-e1747924827290.jpg","type":"image\/jpeg"}],"twitter_card":"summary_large_image","twitter_site":"@mtp2028","twitter_misc":{"Est. reading time":"2 minutes"},"schema":{"@context":"https:\/\/schema.org","@graph":[{"@type":"WebPage","@id":"https:\/\/www.montpellier2028.eu\/en\/projets\/la-mission-relations-service-public-des-relations-aux-milieux\/","url":"https:\/\/www.montpellier2028.eu\/en\/projets\/la-mission-relations-service-public-des-relations-aux-milieux\/","name":"La mission relations - Service public des relations aux milieux - Montpellier 2028","isPartOf":{"@id":"https:\/\/www.montpellier2028.eu\/en\/#website"},"primaryImageOfPage":{"@id":"https:\/\/www.montpellier2028.eu\/en\/projets\/la-mission-relations-service-public-des-relations-aux-milieux\/#primaryimage"},"image":{"@id":"https:\/\/www.montpellier2028.eu\/en\/projets\/la-mission-relations-service-public-des-relations-aux-milieux\/#primaryimage"},"thumbnailUrl":"https:\/\/www.montpellier2028.eu\/wp-content\/uploads\/2025\/05\/c-Atelline-1-e1747924827290.jpg","datePublished":"2025-05-22T14:38:45+00:00","dateModified":"2025-07-30T09:58:09+00:00","breadcrumb":{"@id":"https:\/\/www.montpellier2028.eu\/en\/projets\/la-mission-relations-service-public-des-relations-aux-milieux\/#breadcrumb"},"inLanguage":"en-US","potentialAction":[{"@type":"ReadAction","target":["https:\/\/www.montpellier2028.eu\/en\/projets\/la-mission-relations-service-public-des-relations-aux-milieux\/"]}]},{"@type":"ImageObject","inLanguage":"en-US","@id":"https:\/\/www.montpellier2028.eu\/en\/projets\/la-mission-relations-service-public-des-relations-aux-milieux\/#primaryimage","url":"https:\/\/www.montpellier2028.eu\/wp-content\/uploads\/2025\/05\/c-Atelline-1-e1747924827290.jpg","contentUrl":"https:\/\/www.montpellier2028.eu\/wp-content\/uploads\/2025\/05\/c-Atelline-1-e1747924827290.jpg","width":1134,"height":663},{"@type":"BreadcrumbList","@id":"https:\/\/www.montpellier2028.eu\/en\/projets\/la-mission-relations-service-public-des-relations-aux-milieux\/#breadcrumb","itemListElement":[{"@type":"ListItem","position":1,"name":"Home","item":"https:\/\/www.montpellier2028.eu\/en\/"},{"@type":"ListItem","position":2,"name":"Projets","item":"https:\/\/www.montpellier2028.eu\/en\/projects\/"},{"@type":"ListItem","position":3,"name":"La mission relations &#8211; Service public des relations aux milieux"}]},{"@type":"WebSite","@id":"https:\/\/www.montpellier2028.eu\/en\/#website","url":"https:\/\/www.montpellier2028.eu\/en\/","name":"Montpellier 2028","description":"Construisons ensemble!","publisher":{"@id":"https:\/\/www.montpellier2028.eu\/en\/#organization"},"potentialAction":[{"@type":"SearchAction","target":{"@type":"EntryPoint","urlTemplate":"https:\/\/www.montpellier2028.eu\/en\/?s={search_term_string}"},"query-input":{"@type":"PropertyValueSpecification","valueRequired":true,"valueName":"search_term_string"}}],"inLanguage":"en-US"},{"@type":"Organization","@id":"https:\/\/www.montpellier2028.eu\/en\/#organization","name":"Montpellier 2028","url":"https:\/\/www.montpellier2028.eu\/en\/","logo":{"@type":"ImageObject","inLanguage":"en-US","@id":"https:\/\/www.montpellier2028.eu\/en\/#\/schema\/logo\/image\/","url":"https:\/\/www.montpellier2028.eu\/wp-content\/uploads\/2022\/09\/cropped-small-logo-lg.png","contentUrl":"https:\/\/www.montpellier2028.eu\/wp-content\/uploads\/2022\/09\/cropped-small-logo-lg.png","width":512,"height":512,"caption":"Montpellier 2028"},"image":{"@id":"https:\/\/www.montpellier2028.eu\/en\/#\/schema\/logo\/image\/"},"sameAs":["https:\/\/www.facebook.com\/montpellier2028","https:\/\/x.com\/mtp2028","https:\/\/www.instagram.com\/montpellier2028\/","https:\/\/www.linkedin.com\/showcase\/montpellier2028\/about\/"]}]}},"_links":{"self":[{"href":"https:\/\/www.montpellier2028.eu\/en\/wp-json\/wp\/v2\/project\/8505","targetHints":{"allow":["GET"]}}],"collection":[{"href":"https:\/\/www.montpellier2028.eu\/en\/wp-json\/wp\/v2\/project"}],"about":[{"href":"https:\/\/www.montpellier2028.eu\/en\/wp-json\/wp\/v2\/types\/project"}],"author":[{"embeddable":true,"href":"https:\/\/www.montpellier2028.eu\/en\/wp-json\/wp\/v2\/users\/8"}],"version-history":[{"count":6,"href":"https:\/\/www.montpellier2028.eu\/en\/wp-json\/wp\/v2\/project\/8505\/revisions"}],"predecessor-version":[{"id":9293,"href":"https:\/\/www.montpellier2028.eu\/en\/wp-json\/wp\/v2\/project\/8505\/revisions\/9293"}],"wp:featuredmedia":[{"embeddable":true,"href":"https:\/\/www.montpellier2028.eu\/en\/wp-json\/wp\/v2\/media\/8509"}],"wp:attachment":[{"href":"https:\/\/www.montpellier2028.eu\/en\/wp-json\/wp\/v2\/media?parent=8505"}],"wp:term":[{"taxonomy":"projectcat","embeddable":true,"href":"https:\/\/www.montpellier2028.eu\/en\/wp-json\/wp\/v2\/projectcat?post=8505"},{"taxonomy":"audience","embeddable":true,"href":"https:\/\/www.montpellier2028.eu\/en\/wp-json\/wp\/v2\/audience?post=8505"},{"taxonomy":"geozone","embeddable":true,"href":"https:\/\/www.montpellier2028.eu\/en\/wp-json\/wp\/v2\/geozone?post=8505"},{"taxonomy":"edition","embeddable":true,"href":"https:\/\/www.montpellier2028.eu\/en\/wp-json\/wp\/v2\/edition?post=8505"}],"curies":[{"name":"wp","href":"https:\/\/api.w.org\/{rel}","templated":true}]}}