{"id":8548,"date":"2025-05-26T14:30:27","date_gmt":"2025-05-26T12:30:27","guid":{"rendered":"https:\/\/www.montpellier2028.eu\/?post_type=project&#038;p=8548"},"modified":"2025-07-09T10:18:26","modified_gmt":"2025-07-09T08:18:26","slug":"memoire-et-paysage-art-nature-et-territoire","status":"publish","type":"project","link":"https:\/\/www.montpellier2028.eu\/en\/projets\/memoire-et-paysage-art-nature-et-territoire\/","title":{"rendered":"M\u00e9moire et paysage &#8211; Art, nature et territoire"},"content":{"rendered":"\n<p>Historiquement, <strong>le canal de Lunel<\/strong> tient une place importante dans la construction \u00e9conomique de la cit\u00e9 lunelloise. Gr\u00e2ce \u00e0 lui, la ville a prosp\u00e9r\u00e9 jusqu\u2019\u00e0 l\u2019arriv\u00e9e du chemin de fer. Puis il a longtemps \u00e9t\u00e9 abandonn\u00e9 jusqu\u2019\u00e0 ce que les riverains et diff\u00e9rentes associations le remettent en valeur en entretenant ses berges, ce qui a \u00e9galement permis l\u2019\u00e9tude et la pr\u00e9servation de son \u00e9co-syst\u00e8me. Il est d\u00e9sormais devenu un lieu agr\u00e9able de promenade. Les acteurs r\u00e9unis autour du canal de Lunel vont tous, \u00e0 leur mani\u00e8re, le raconter le temps d\u2019un week-end.<br><br><strong>L\u2019association des Amis de Jean Hugo<\/strong> propose au public <strong>d\u2019explorer le paysage du canal de Lunel \u00e0 travers les \u0153uvres de Jean Hugo et le regard des anciens pour d\u00e9velopper une conscience historique et \u00e9cologique et enrichir sa sensibilit\u00e9 artistique. <\/strong><\/p>\n\n\n\n<p>Des ateliers \u00e0 destination du jeune public viennent alimenter ce projet interg\u00e9n\u00e9rationnel.<\/p>\n","protected":false},"excerpt":{"rendered":"<p>Historiquement, le canal de Lunel tient une place importante dans la construction \u00e9conomique de la cit\u00e9 lunelloise. Gr\u00e2ce \u00e0 lui, [&hellip;]<\/p>\n","protected":false},"author":8,"featured_media":8551,"parent":0,"template":"","format":"standard","meta":{"_acf_changed":false,"footnotes":""},"projectcat":[98,10,29],"audience":[14,8,13],"geozone":[28],"edition":[95],"class_list":["post-8548","project","type-project","status-publish","format-standard","has-post-thumbnail","hentry","projectcat-atelier","projectcat-exposition","projectcat-rencontre","audience-15-25-ans","audience-jeune-public","audience-tout-public","geozone-lunel","edition-95"],"acf":[],"yoast_head":"<!-- This site is optimized with the Yoast SEO plugin v24.8 - https:\/\/yoast.com\/wordpress\/plugins\/seo\/ -->\n<title>M\u00e9moire et paysage - Art, nature et territoire - Montpellier 2028<\/title>\n<meta name=\"robots\" content=\"index, follow, max-snippet:-1, max-image-preview:large, max-video-preview:-1\" \/>\n<link rel=\"canonical\" href=\"https:\/\/www.montpellier2028.eu\/en\/projets\/memoire-et-paysage-art-nature-et-territoire\/\" \/>\n<meta property=\"og:locale\" content=\"en_US\" \/>\n<meta property=\"og:type\" content=\"article\" \/>\n<meta property=\"og:title\" content=\"M\u00e9moire et paysage - Art, nature et territoire - Montpellier 2028\" \/>\n<meta property=\"og:description\" content=\"Historiquement, le canal de Lunel tient une place importante dans la construction \u00e9conomique de la cit\u00e9 lunelloise. Gr\u00e2ce \u00e0 lui, [&hellip;]\" \/>\n<meta property=\"og:url\" content=\"https:\/\/www.montpellier2028.eu\/en\/projets\/memoire-et-paysage-art-nature-et-territoire\/\" \/>\n<meta property=\"og:site_name\" content=\"Montpellier 2028\" \/>\n<meta property=\"article:publisher\" content=\"https:\/\/www.facebook.com\/montpellier2028\" \/>\n<meta property=\"article:modified_time\" content=\"2025-07-09T08:18:26+00:00\" \/>\n<meta property=\"og:image\" content=\"https:\/\/www.montpellier2028.eu\/wp-content\/uploads\/2025\/05\/Chemin-Jean-Hugo-Atelier-carnet-Pont-Ambrussum-cAssociation-les-Amis-de-Jean-Hugo.jpg\" \/>\n\t<meta property=\"og:image:width\" content=\"1134\" \/>\n\t<meta property=\"og:image:height\" content=\"850\" \/>\n\t<meta property=\"og:image:type\" content=\"image\/jpeg\" \/>\n<meta name=\"twitter:card\" content=\"summary_large_image\" \/>\n<meta name=\"twitter:site\" content=\"@mtp2028\" \/>\n<meta name=\"twitter:label1\" content=\"Est. reading time\" \/>\n\t<meta name=\"twitter:data1\" content=\"1 minute\" \/>\n<script type=\"application\/ld+json\" class=\"yoast-schema-graph\">{\"@context\":\"https:\/\/schema.org\",\"@graph\":[{\"@type\":\"WebPage\",\"@id\":\"https:\/\/www.montpellier2028.eu\/en\/projets\/memoire-et-paysage-art-nature-et-territoire\/\",\"url\":\"https:\/\/www.montpellier2028.eu\/en\/projets\/memoire-et-paysage-art-nature-et-territoire\/\",\"name\":\"M\u00e9moire et paysage - Art, nature et territoire - Montpellier 2028\",\"isPartOf\":{\"@id\":\"https:\/\/www.montpellier2028.eu\/en\/#website\"},\"primaryImageOfPage\":{\"@id\":\"https:\/\/www.montpellier2028.eu\/en\/projets\/memoire-et-paysage-art-nature-et-territoire\/#primaryimage\"},\"image\":{\"@id\":\"https:\/\/www.montpellier2028.eu\/en\/projets\/memoire-et-paysage-art-nature-et-territoire\/#primaryimage\"},\"thumbnailUrl\":\"https:\/\/www.montpellier2028.eu\/wp-content\/uploads\/2025\/05\/Chemin-Jean-Hugo-Atelier-carnet-Pont-Ambrussum-cAssociation-les-Amis-de-Jean-Hugo.jpg\",\"datePublished\":\"2025-05-26T12:30:27+00:00\",\"dateModified\":\"2025-07-09T08:18:26+00:00\",\"breadcrumb\":{\"@id\":\"https:\/\/www.montpellier2028.eu\/en\/projets\/memoire-et-paysage-art-nature-et-territoire\/#breadcrumb\"},\"inLanguage\":\"en-US\",\"potentialAction\":[{\"@type\":\"ReadAction\",\"target\":[\"https:\/\/www.montpellier2028.eu\/en\/projets\/memoire-et-paysage-art-nature-et-territoire\/\"]}]},{\"@type\":\"ImageObject\",\"inLanguage\":\"en-US\",\"@id\":\"https:\/\/www.montpellier2028.eu\/en\/projets\/memoire-et-paysage-art-nature-et-territoire\/#primaryimage\",\"url\":\"https:\/\/www.montpellier2028.eu\/wp-content\/uploads\/2025\/05\/Chemin-Jean-Hugo-Atelier-carnet-Pont-Ambrussum-cAssociation-les-Amis-de-Jean-Hugo.jpg\",\"contentUrl\":\"https:\/\/www.montpellier2028.eu\/wp-content\/uploads\/2025\/05\/Chemin-Jean-Hugo-Atelier-carnet-Pont-Ambrussum-cAssociation-les-Amis-de-Jean-Hugo.jpg\",\"width\":1134,\"height\":850},{\"@type\":\"BreadcrumbList\",\"@id\":\"https:\/\/www.montpellier2028.eu\/en\/projets\/memoire-et-paysage-art-nature-et-territoire\/#breadcrumb\",\"itemListElement\":[{\"@type\":\"ListItem\",\"position\":1,\"name\":\"Home\",\"item\":\"https:\/\/www.montpellier2028.eu\/en\/\"},{\"@type\":\"ListItem\",\"position\":2,\"name\":\"Projets\",\"item\":\"https:\/\/www.montpellier2028.eu\/en\/projects\/\"},{\"@type\":\"ListItem\",\"position\":3,\"name\":\"M\u00e9moire et paysage &#8211; Art, nature et territoire\"}]},{\"@type\":\"WebSite\",\"@id\":\"https:\/\/www.montpellier2028.eu\/en\/#website\",\"url\":\"https:\/\/www.montpellier2028.eu\/en\/\",\"name\":\"Montpellier 2028\",\"description\":\"Construisons ensemble!\",\"publisher\":{\"@id\":\"https:\/\/www.montpellier2028.eu\/en\/#organization\"},\"potentialAction\":[{\"@type\":\"SearchAction\",\"target\":{\"@type\":\"EntryPoint\",\"urlTemplate\":\"https:\/\/www.montpellier2028.eu\/en\/?s={search_term_string}\"},\"query-input\":{\"@type\":\"PropertyValueSpecification\",\"valueRequired\":true,\"valueName\":\"search_term_string\"}}],\"inLanguage\":\"en-US\"},{\"@type\":\"Organization\",\"@id\":\"https:\/\/www.montpellier2028.eu\/en\/#organization\",\"name\":\"Montpellier 2028\",\"url\":\"https:\/\/www.montpellier2028.eu\/en\/\",\"logo\":{\"@type\":\"ImageObject\",\"inLanguage\":\"en-US\",\"@id\":\"https:\/\/www.montpellier2028.eu\/en\/#\/schema\/logo\/image\/\",\"url\":\"https:\/\/www.montpellier2028.eu\/wp-content\/uploads\/2022\/09\/cropped-small-logo-lg.png\",\"contentUrl\":\"https:\/\/www.montpellier2028.eu\/wp-content\/uploads\/2022\/09\/cropped-small-logo-lg.png\",\"width\":512,\"height\":512,\"caption\":\"Montpellier 2028\"},\"image\":{\"@id\":\"https:\/\/www.montpellier2028.eu\/en\/#\/schema\/logo\/image\/\"},\"sameAs\":[\"https:\/\/www.facebook.com\/montpellier2028\",\"https:\/\/x.com\/mtp2028\",\"https:\/\/www.instagram.com\/montpellier2028\/\",\"https:\/\/www.linkedin.com\/showcase\/montpellier2028\/about\/\"]}]}<\/script>\n<!-- \/ Yoast SEO plugin. -->","yoast_head_json":{"title":"M\u00e9moire et paysage - Art, nature et territoire - Montpellier 2028","robots":{"index":"index","follow":"follow","max-snippet":"max-snippet:-1","max-image-preview":"max-image-preview:large","max-video-preview":"max-video-preview:-1"},"canonical":"https:\/\/www.montpellier2028.eu\/en\/projets\/memoire-et-paysage-art-nature-et-territoire\/","og_locale":"en_US","og_type":"article","og_title":"M\u00e9moire et paysage - Art, nature et territoire - Montpellier 2028","og_description":"Historiquement, le canal de Lunel tient une place importante dans la construction \u00e9conomique de la cit\u00e9 lunelloise. Gr\u00e2ce \u00e0 lui, [&hellip;]","og_url":"https:\/\/www.montpellier2028.eu\/en\/projets\/memoire-et-paysage-art-nature-et-territoire\/","og_site_name":"Montpellier 2028","article_publisher":"https:\/\/www.facebook.com\/montpellier2028","article_modified_time":"2025-07-09T08:18:26+00:00","og_image":[{"width":1134,"height":850,"url":"https:\/\/www.montpellier2028.eu\/wp-content\/uploads\/2025\/05\/Chemin-Jean-Hugo-Atelier-carnet-Pont-Ambrussum-cAssociation-les-Amis-de-Jean-Hugo.jpg","type":"image\/jpeg"}],"twitter_card":"summary_large_image","twitter_site":"@mtp2028","twitter_misc":{"Est. reading time":"1 minute"},"schema":{"@context":"https:\/\/schema.org","@graph":[{"@type":"WebPage","@id":"https:\/\/www.montpellier2028.eu\/en\/projets\/memoire-et-paysage-art-nature-et-territoire\/","url":"https:\/\/www.montpellier2028.eu\/en\/projets\/memoire-et-paysage-art-nature-et-territoire\/","name":"M\u00e9moire et paysage - Art, nature et territoire - Montpellier 2028","isPartOf":{"@id":"https:\/\/www.montpellier2028.eu\/en\/#website"},"primaryImageOfPage":{"@id":"https:\/\/www.montpellier2028.eu\/en\/projets\/memoire-et-paysage-art-nature-et-territoire\/#primaryimage"},"image":{"@id":"https:\/\/www.montpellier2028.eu\/en\/projets\/memoire-et-paysage-art-nature-et-territoire\/#primaryimage"},"thumbnailUrl":"https:\/\/www.montpellier2028.eu\/wp-content\/uploads\/2025\/05\/Chemin-Jean-Hugo-Atelier-carnet-Pont-Ambrussum-cAssociation-les-Amis-de-Jean-Hugo.jpg","datePublished":"2025-05-26T12:30:27+00:00","dateModified":"2025-07-09T08:18:26+00:00","breadcrumb":{"@id":"https:\/\/www.montpellier2028.eu\/en\/projets\/memoire-et-paysage-art-nature-et-territoire\/#breadcrumb"},"inLanguage":"en-US","potentialAction":[{"@type":"ReadAction","target":["https:\/\/www.montpellier2028.eu\/en\/projets\/memoire-et-paysage-art-nature-et-territoire\/"]}]},{"@type":"ImageObject","inLanguage":"en-US","@id":"https:\/\/www.montpellier2028.eu\/en\/projets\/memoire-et-paysage-art-nature-et-territoire\/#primaryimage","url":"https:\/\/www.montpellier2028.eu\/wp-content\/uploads\/2025\/05\/Chemin-Jean-Hugo-Atelier-carnet-Pont-Ambrussum-cAssociation-les-Amis-de-Jean-Hugo.jpg","contentUrl":"https:\/\/www.montpellier2028.eu\/wp-content\/uploads\/2025\/05\/Chemin-Jean-Hugo-Atelier-carnet-Pont-Ambrussum-cAssociation-les-Amis-de-Jean-Hugo.jpg","width":1134,"height":850},{"@type":"BreadcrumbList","@id":"https:\/\/www.montpellier2028.eu\/en\/projets\/memoire-et-paysage-art-nature-et-territoire\/#breadcrumb","itemListElement":[{"@type":"ListItem","position":1,"name":"Home","item":"https:\/\/www.montpellier2028.eu\/en\/"},{"@type":"ListItem","position":2,"name":"Projets","item":"https:\/\/www.montpellier2028.eu\/en\/projects\/"},{"@type":"ListItem","position":3,"name":"M\u00e9moire et paysage &#8211; Art, nature et territoire"}]},{"@type":"WebSite","@id":"https:\/\/www.montpellier2028.eu\/en\/#website","url":"https:\/\/www.montpellier2028.eu\/en\/","name":"Montpellier 2028","description":"Construisons ensemble!","publisher":{"@id":"https:\/\/www.montpellier2028.eu\/en\/#organization"},"potentialAction":[{"@type":"SearchAction","target":{"@type":"EntryPoint","urlTemplate":"https:\/\/www.montpellier2028.eu\/en\/?s={search_term_string}"},"query-input":{"@type":"PropertyValueSpecification","valueRequired":true,"valueName":"search_term_string"}}],"inLanguage":"en-US"},{"@type":"Organization","@id":"https:\/\/www.montpellier2028.eu\/en\/#organization","name":"Montpellier 2028","url":"https:\/\/www.montpellier2028.eu\/en\/","logo":{"@type":"ImageObject","inLanguage":"en-US","@id":"https:\/\/www.montpellier2028.eu\/en\/#\/schema\/logo\/image\/","url":"https:\/\/www.montpellier2028.eu\/wp-content\/uploads\/2022\/09\/cropped-small-logo-lg.png","contentUrl":"https:\/\/www.montpellier2028.eu\/wp-content\/uploads\/2022\/09\/cropped-small-logo-lg.png","width":512,"height":512,"caption":"Montpellier 2028"},"image":{"@id":"https:\/\/www.montpellier2028.eu\/en\/#\/schema\/logo\/image\/"},"sameAs":["https:\/\/www.facebook.com\/montpellier2028","https:\/\/x.com\/mtp2028","https:\/\/www.instagram.com\/montpellier2028\/","https:\/\/www.linkedin.com\/showcase\/montpellier2028\/about\/"]}]}},"_links":{"self":[{"href":"https:\/\/www.montpellier2028.eu\/en\/wp-json\/wp\/v2\/project\/8548","targetHints":{"allow":["GET"]}}],"collection":[{"href":"https:\/\/www.montpellier2028.eu\/en\/wp-json\/wp\/v2\/project"}],"about":[{"href":"https:\/\/www.montpellier2028.eu\/en\/wp-json\/wp\/v2\/types\/project"}],"author":[{"embeddable":true,"href":"https:\/\/www.montpellier2028.eu\/en\/wp-json\/wp\/v2\/users\/8"}],"version-history":[{"count":5,"href":"https:\/\/www.montpellier2028.eu\/en\/wp-json\/wp\/v2\/project\/8548\/revisions"}],"predecessor-version":[{"id":9097,"href":"https:\/\/www.montpellier2028.eu\/en\/wp-json\/wp\/v2\/project\/8548\/revisions\/9097"}],"wp:featuredmedia":[{"embeddable":true,"href":"https:\/\/www.montpellier2028.eu\/en\/wp-json\/wp\/v2\/media\/8551"}],"wp:attachment":[{"href":"https:\/\/www.montpellier2028.eu\/en\/wp-json\/wp\/v2\/media?parent=8548"}],"wp:term":[{"taxonomy":"projectcat","embeddable":true,"href":"https:\/\/www.montpellier2028.eu\/en\/wp-json\/wp\/v2\/projectcat?post=8548"},{"taxonomy":"audience","embeddable":true,"href":"https:\/\/www.montpellier2028.eu\/en\/wp-json\/wp\/v2\/audience?post=8548"},{"taxonomy":"geozone","embeddable":true,"href":"https:\/\/www.montpellier2028.eu\/en\/wp-json\/wp\/v2\/geozone?post=8548"},{"taxonomy":"edition","embeddable":true,"href":"https:\/\/www.montpellier2028.eu\/en\/wp-json\/wp\/v2\/edition?post=8548"}],"curies":[{"name":"wp","href":"https:\/\/api.w.org\/{rel}","templated":true}]}}