{"id":8628,"date":"2025-05-30T16:05:16","date_gmt":"2025-05-30T14:05:16","guid":{"rendered":"https:\/\/www.montpellier2028.eu\/?post_type=project&#038;p=8628"},"modified":"2025-06-25T17:28:47","modified_gmt":"2025-06-25T15:28:47","slug":"soiree-douverture-concert-de-blick-bassy","status":"publish","type":"project","link":"https:\/\/www.montpellier2028.eu\/en\/projets\/soiree-douverture-concert-de-blick-bassy\/","title":{"rendered":"Soir\u00e9e d\u2019ouverture : Concert de Blick Bassy"},"content":{"rendered":"\n<p><strong>Blick Bassy <\/strong>est un adepte de sonorit\u00e9s m\u00ealant indie-pop et afro-soul, enracin\u00e9 en profondeur dans le continent africain, et un tr\u00e8s talentueux artiste\u00a0pluridisciplinaire\u00a0auteur-compositeur-interpr\u00e8te et producteur camerounais<\/p>\n\n\n\n<p>Apr\u00e8s les succ\u00e8s d&#8217;Ak\u00f6 (2015) et de 1958 (2019), le chanteur et compositeur Blick Bassy revient avec un cinqui\u00e8me album, \u00e0 nouveau chant\u00e9 en langue Baasa du Cameroun.&nbsp;<strong>Mad\u00edb\u00e1&nbsp;<\/strong>rassemble douze chansons sous forme de fables, consacr\u00e9es au th\u00e8me de l&#8217;eau, dans lesquelles domine une voix aigu\u00eb et ang\u00e9lique, port\u00e9e par de d\u00e9licates m\u00e9lodies de guitare, de synth\u00e9tiseur et de sobres arrangements de cuivres. Les titres sont diaphanes et pourtant, des chansons modernistes, qui t\u00e9moignent d&#8217;une africanit\u00e9 contemporaines et po\u00e9tique \u00e0 la crois\u00e9e de la soul, du folk et de l&#8217;\u00e9lectro.<\/p>\n\n\n\n<p>Le deuxi\u00e8me single&nbsp;<strong>\u00ab Nop \u00bb<\/strong>&nbsp;c\u00e9l\u00e8bre l&#8217;arriv\u00e9e de la pluie en p\u00e9riode de s\u00e9cheresse souriante, t\u00eatue et vengeresse. Des guitares chatoyantes et brillantes sur un Karibik pour&nbsp;c\u00e9l\u00e9brer la joie de l&#8217;enfance \u00e0 l&#8217;arriv\u00e9e de la saison des pluies. Il se souvient avec \u00e9motion de la danse en plein air avec ses fr\u00e8res, alors que de grosses gouttes de pluie entraient en collision avec sa peau, et la voix \u00e9touff\u00e9e de sa m\u00e8re les avertissait pour ne pas&nbsp;qu&#8217;ils tombent&nbsp;malades.<\/p>\n\n\n\n<p>Blick Bassy est un artiste dont la d\u00e9marche d\u00e9coule d\u2019un parcours tr\u00e8s singulier. Fils d\u2019un commissaire divisionnaire \u00e0 l\u2019abondante prog\u00e9niture, il est n\u00e9 et a grandi dans la capitale du Cameroun, Yaound\u00e9. S\u00e9journant r\u00e9guli\u00e8rement dans le village de Mintaba en pays Bassa, il va se familiariser peu \u00e0 peu avec les rythmes traditionnels, mais aussi avec un mode de vie s\u00e9culaire en compl\u00e8te harmonie avec la nature. Apprenant \u00e0 p\u00eacher et chasser avec un oncle, recevant les sagesses mill\u00e9naires d\u2019un grand p\u00e8re, il tire de cette exp\u00e9rience une sensibilit\u00e9 qui va devenir partie int\u00e9grante de sa musique, d\u2019abord au sein du groupe Macase puis comme artiste solo.<\/p>\n\n\n\n<p>Apr\u00e8s les albums\u00a0<em>L\u00e9man<\/em>\u00a0(2009) et\u00a0<em>Hongo Calling<\/em>\u00a0(2011), il sort\u00a0<em>Ak\u00f6<\/em>\u00a0(2016) dont le titre \u00ab\u00a0Kiki\u00a0\u00bb est choisi par Apple pour accompagner la campagne de lancement d\u2019un nouvel iPhone. Tout un symbole pour celui qui, avec son dernier album\u00a0<em>1958\u00a0<\/em>(2019), se veut \u00e0 la fois le digne h\u00e9ritier d\u2019une culture ancestrale et l\u2019ambassadeur de l\u2019Afrique de demain.<\/p>\n\n\n\n<figure class=\"wp-block-embed is-type-video is-provider-youtube wp-block-embed-youtube wp-embed-aspect-16-9 wp-has-aspect-ratio\"><div class=\"wp-block-embed__wrapper\">\n<iframe loading=\"lazy\" title=\"Blick Bassy - Ngwa (Official)\" width=\"640\" height=\"360\" src=\"https:\/\/www.youtube.com\/embed\/DJHXlc7Afzk?feature=oembed\" frameborder=\"0\" allow=\"accelerometer; autoplay; clipboard-write; encrypted-media; gyroscope; picture-in-picture; web-share\" referrerpolicy=\"strict-origin-when-cross-origin\" allowfullscreen><\/iframe>\n<\/div><\/figure>\n\n\n\n<figure class=\"wp-block-embed is-type-video is-provider-youtube wp-block-embed-youtube wp-embed-aspect-16-9 wp-has-aspect-ratio\"><div class=\"wp-block-embed__wrapper\">\n<iframe loading=\"lazy\" title=\"Blick Bassy - Wo\u00f1i (Official)\" width=\"640\" height=\"360\" src=\"https:\/\/www.youtube.com\/embed\/sKj06sWZrSM?feature=oembed\" frameborder=\"0\" allow=\"accelerometer; autoplay; clipboard-write; encrypted-media; gyroscope; picture-in-picture; web-share\" referrerpolicy=\"strict-origin-when-cross-origin\" allowfullscreen><\/iframe>\n<\/div><\/figure>\n","protected":false},"excerpt":{"rendered":"<p>Blick Bassy est un adepte de sonorit\u00e9s m\u00ealant indie-pop et afro-soul, enracin\u00e9 en profondeur dans le continent africain, et un [&hellip;]<\/p>\n","protected":false},"author":7,"featured_media":8630,"parent":0,"template":"","format":"standard","meta":{"_acf_changed":false,"footnotes":""},"projectcat":[9],"audience":[13],"geozone":[76],"edition":[95],"class_list":["post-8628","project","type-project","status-publish","format-standard","has-post-thumbnail","hentry","projectcat-musique","audience-tout-public","geozone-montpellier-mediterranee-metropole","edition-95"],"acf":[],"yoast_head":"<!-- This site is optimized with the Yoast SEO plugin v24.8 - https:\/\/yoast.com\/wordpress\/plugins\/seo\/ -->\n<title>Soir\u00e9e d\u2019ouverture : Concert de Blick Bassy - Montpellier 2028<\/title>\n<meta name=\"robots\" content=\"index, follow, max-snippet:-1, max-image-preview:large, max-video-preview:-1\" \/>\n<link rel=\"canonical\" href=\"https:\/\/www.montpellier2028.eu\/en\/projets\/soiree-douverture-concert-de-blick-bassy\/\" \/>\n<meta property=\"og:locale\" content=\"en_US\" \/>\n<meta property=\"og:type\" content=\"article\" \/>\n<meta property=\"og:title\" content=\"Soir\u00e9e d\u2019ouverture : Concert de Blick Bassy - Montpellier 2028\" \/>\n<meta property=\"og:description\" content=\"Blick Bassy est un adepte de sonorit\u00e9s m\u00ealant indie-pop et afro-soul, enracin\u00e9 en profondeur dans le continent africain, et un [&hellip;]\" \/>\n<meta property=\"og:url\" content=\"https:\/\/www.montpellier2028.eu\/en\/projets\/soiree-douverture-concert-de-blick-bassy\/\" \/>\n<meta property=\"og:site_name\" content=\"Montpellier 2028\" \/>\n<meta property=\"article:publisher\" content=\"https:\/\/www.facebook.com\/montpellier2028\" \/>\n<meta property=\"article:modified_time\" content=\"2025-06-25T15:28:47+00:00\" \/>\n<meta property=\"og:image\" content=\"https:\/\/www.montpellier2028.eu\/wp-content\/uploads\/2025\/05\/Banner_Blick.jpg\" \/>\n\t<meta property=\"og:image:width\" content=\"2160\" \/>\n\t<meta property=\"og:image:height\" content=\"1152\" \/>\n\t<meta property=\"og:image:type\" content=\"image\/jpeg\" \/>\n<meta name=\"twitter:card\" content=\"summary_large_image\" \/>\n<meta name=\"twitter:site\" content=\"@mtp2028\" \/>\n<meta name=\"twitter:label1\" content=\"Est. reading time\" \/>\n\t<meta name=\"twitter:data1\" content=\"3 minutes\" \/>\n<script type=\"application\/ld+json\" class=\"yoast-schema-graph\">{\"@context\":\"https:\/\/schema.org\",\"@graph\":[{\"@type\":\"WebPage\",\"@id\":\"https:\/\/www.montpellier2028.eu\/en\/projets\/soiree-douverture-concert-de-blick-bassy\/\",\"url\":\"https:\/\/www.montpellier2028.eu\/en\/projets\/soiree-douverture-concert-de-blick-bassy\/\",\"name\":\"Soir\u00e9e d\u2019ouverture : Concert de Blick Bassy - Montpellier 2028\",\"isPartOf\":{\"@id\":\"https:\/\/www.montpellier2028.eu\/en\/#website\"},\"primaryImageOfPage\":{\"@id\":\"https:\/\/www.montpellier2028.eu\/en\/projets\/soiree-douverture-concert-de-blick-bassy\/#primaryimage\"},\"image\":{\"@id\":\"https:\/\/www.montpellier2028.eu\/en\/projets\/soiree-douverture-concert-de-blick-bassy\/#primaryimage\"},\"thumbnailUrl\":\"https:\/\/www.montpellier2028.eu\/wp-content\/uploads\/2025\/05\/Banner_Blick.jpg\",\"datePublished\":\"2025-05-30T14:05:16+00:00\",\"dateModified\":\"2025-06-25T15:28:47+00:00\",\"breadcrumb\":{\"@id\":\"https:\/\/www.montpellier2028.eu\/en\/projets\/soiree-douverture-concert-de-blick-bassy\/#breadcrumb\"},\"inLanguage\":\"en-US\",\"potentialAction\":[{\"@type\":\"ReadAction\",\"target\":[\"https:\/\/www.montpellier2028.eu\/en\/projets\/soiree-douverture-concert-de-blick-bassy\/\"]}]},{\"@type\":\"ImageObject\",\"inLanguage\":\"en-US\",\"@id\":\"https:\/\/www.montpellier2028.eu\/en\/projets\/soiree-douverture-concert-de-blick-bassy\/#primaryimage\",\"url\":\"https:\/\/www.montpellier2028.eu\/wp-content\/uploads\/2025\/05\/Banner_Blick.jpg\",\"contentUrl\":\"https:\/\/www.montpellier2028.eu\/wp-content\/uploads\/2025\/05\/Banner_Blick.jpg\",\"width\":2160,\"height\":1152},{\"@type\":\"BreadcrumbList\",\"@id\":\"https:\/\/www.montpellier2028.eu\/en\/projets\/soiree-douverture-concert-de-blick-bassy\/#breadcrumb\",\"itemListElement\":[{\"@type\":\"ListItem\",\"position\":1,\"name\":\"Home\",\"item\":\"https:\/\/www.montpellier2028.eu\/en\/\"},{\"@type\":\"ListItem\",\"position\":2,\"name\":\"Projets\",\"item\":\"https:\/\/www.montpellier2028.eu\/en\/projects\/\"},{\"@type\":\"ListItem\",\"position\":3,\"name\":\"Soir\u00e9e d\u2019ouverture : Concert de Blick Bassy\"}]},{\"@type\":\"WebSite\",\"@id\":\"https:\/\/www.montpellier2028.eu\/en\/#website\",\"url\":\"https:\/\/www.montpellier2028.eu\/en\/\",\"name\":\"Montpellier 2028\",\"description\":\"Construisons ensemble!\",\"publisher\":{\"@id\":\"https:\/\/www.montpellier2028.eu\/en\/#organization\"},\"potentialAction\":[{\"@type\":\"SearchAction\",\"target\":{\"@type\":\"EntryPoint\",\"urlTemplate\":\"https:\/\/www.montpellier2028.eu\/en\/?s={search_term_string}\"},\"query-input\":{\"@type\":\"PropertyValueSpecification\",\"valueRequired\":true,\"valueName\":\"search_term_string\"}}],\"inLanguage\":\"en-US\"},{\"@type\":\"Organization\",\"@id\":\"https:\/\/www.montpellier2028.eu\/en\/#organization\",\"name\":\"Montpellier 2028\",\"url\":\"https:\/\/www.montpellier2028.eu\/en\/\",\"logo\":{\"@type\":\"ImageObject\",\"inLanguage\":\"en-US\",\"@id\":\"https:\/\/www.montpellier2028.eu\/en\/#\/schema\/logo\/image\/\",\"url\":\"https:\/\/www.montpellier2028.eu\/wp-content\/uploads\/2022\/09\/cropped-small-logo-lg.png\",\"contentUrl\":\"https:\/\/www.montpellier2028.eu\/wp-content\/uploads\/2022\/09\/cropped-small-logo-lg.png\",\"width\":512,\"height\":512,\"caption\":\"Montpellier 2028\"},\"image\":{\"@id\":\"https:\/\/www.montpellier2028.eu\/en\/#\/schema\/logo\/image\/\"},\"sameAs\":[\"https:\/\/www.facebook.com\/montpellier2028\",\"https:\/\/x.com\/mtp2028\",\"https:\/\/www.instagram.com\/montpellier2028\/\",\"https:\/\/www.linkedin.com\/showcase\/montpellier2028\/about\/\"]}]}<\/script>\n<!-- \/ Yoast SEO plugin. -->","yoast_head_json":{"title":"Soir\u00e9e d\u2019ouverture : Concert de Blick Bassy - Montpellier 2028","robots":{"index":"index","follow":"follow","max-snippet":"max-snippet:-1","max-image-preview":"max-image-preview:large","max-video-preview":"max-video-preview:-1"},"canonical":"https:\/\/www.montpellier2028.eu\/en\/projets\/soiree-douverture-concert-de-blick-bassy\/","og_locale":"en_US","og_type":"article","og_title":"Soir\u00e9e d\u2019ouverture : Concert de Blick Bassy - Montpellier 2028","og_description":"Blick Bassy est un adepte de sonorit\u00e9s m\u00ealant indie-pop et afro-soul, enracin\u00e9 en profondeur dans le continent africain, et un [&hellip;]","og_url":"https:\/\/www.montpellier2028.eu\/en\/projets\/soiree-douverture-concert-de-blick-bassy\/","og_site_name":"Montpellier 2028","article_publisher":"https:\/\/www.facebook.com\/montpellier2028","article_modified_time":"2025-06-25T15:28:47+00:00","og_image":[{"width":2160,"height":1152,"url":"https:\/\/www.montpellier2028.eu\/wp-content\/uploads\/2025\/05\/Banner_Blick.jpg","type":"image\/jpeg"}],"twitter_card":"summary_large_image","twitter_site":"@mtp2028","twitter_misc":{"Est. reading time":"3 minutes"},"schema":{"@context":"https:\/\/schema.org","@graph":[{"@type":"WebPage","@id":"https:\/\/www.montpellier2028.eu\/en\/projets\/soiree-douverture-concert-de-blick-bassy\/","url":"https:\/\/www.montpellier2028.eu\/en\/projets\/soiree-douverture-concert-de-blick-bassy\/","name":"Soir\u00e9e d\u2019ouverture : Concert de Blick Bassy - Montpellier 2028","isPartOf":{"@id":"https:\/\/www.montpellier2028.eu\/en\/#website"},"primaryImageOfPage":{"@id":"https:\/\/www.montpellier2028.eu\/en\/projets\/soiree-douverture-concert-de-blick-bassy\/#primaryimage"},"image":{"@id":"https:\/\/www.montpellier2028.eu\/en\/projets\/soiree-douverture-concert-de-blick-bassy\/#primaryimage"},"thumbnailUrl":"https:\/\/www.montpellier2028.eu\/wp-content\/uploads\/2025\/05\/Banner_Blick.jpg","datePublished":"2025-05-30T14:05:16+00:00","dateModified":"2025-06-25T15:28:47+00:00","breadcrumb":{"@id":"https:\/\/www.montpellier2028.eu\/en\/projets\/soiree-douverture-concert-de-blick-bassy\/#breadcrumb"},"inLanguage":"en-US","potentialAction":[{"@type":"ReadAction","target":["https:\/\/www.montpellier2028.eu\/en\/projets\/soiree-douverture-concert-de-blick-bassy\/"]}]},{"@type":"ImageObject","inLanguage":"en-US","@id":"https:\/\/www.montpellier2028.eu\/en\/projets\/soiree-douverture-concert-de-blick-bassy\/#primaryimage","url":"https:\/\/www.montpellier2028.eu\/wp-content\/uploads\/2025\/05\/Banner_Blick.jpg","contentUrl":"https:\/\/www.montpellier2028.eu\/wp-content\/uploads\/2025\/05\/Banner_Blick.jpg","width":2160,"height":1152},{"@type":"BreadcrumbList","@id":"https:\/\/www.montpellier2028.eu\/en\/projets\/soiree-douverture-concert-de-blick-bassy\/#breadcrumb","itemListElement":[{"@type":"ListItem","position":1,"name":"Home","item":"https:\/\/www.montpellier2028.eu\/en\/"},{"@type":"ListItem","position":2,"name":"Projets","item":"https:\/\/www.montpellier2028.eu\/en\/projects\/"},{"@type":"ListItem","position":3,"name":"Soir\u00e9e d\u2019ouverture : Concert de Blick Bassy"}]},{"@type":"WebSite","@id":"https:\/\/www.montpellier2028.eu\/en\/#website","url":"https:\/\/www.montpellier2028.eu\/en\/","name":"Montpellier 2028","description":"Construisons ensemble!","publisher":{"@id":"https:\/\/www.montpellier2028.eu\/en\/#organization"},"potentialAction":[{"@type":"SearchAction","target":{"@type":"EntryPoint","urlTemplate":"https:\/\/www.montpellier2028.eu\/en\/?s={search_term_string}"},"query-input":{"@type":"PropertyValueSpecification","valueRequired":true,"valueName":"search_term_string"}}],"inLanguage":"en-US"},{"@type":"Organization","@id":"https:\/\/www.montpellier2028.eu\/en\/#organization","name":"Montpellier 2028","url":"https:\/\/www.montpellier2028.eu\/en\/","logo":{"@type":"ImageObject","inLanguage":"en-US","@id":"https:\/\/www.montpellier2028.eu\/en\/#\/schema\/logo\/image\/","url":"https:\/\/www.montpellier2028.eu\/wp-content\/uploads\/2022\/09\/cropped-small-logo-lg.png","contentUrl":"https:\/\/www.montpellier2028.eu\/wp-content\/uploads\/2022\/09\/cropped-small-logo-lg.png","width":512,"height":512,"caption":"Montpellier 2028"},"image":{"@id":"https:\/\/www.montpellier2028.eu\/en\/#\/schema\/logo\/image\/"},"sameAs":["https:\/\/www.facebook.com\/montpellier2028","https:\/\/x.com\/mtp2028","https:\/\/www.instagram.com\/montpellier2028\/","https:\/\/www.linkedin.com\/showcase\/montpellier2028\/about\/"]}]}},"_links":{"self":[{"href":"https:\/\/www.montpellier2028.eu\/en\/wp-json\/wp\/v2\/project\/8628","targetHints":{"allow":["GET"]}}],"collection":[{"href":"https:\/\/www.montpellier2028.eu\/en\/wp-json\/wp\/v2\/project"}],"about":[{"href":"https:\/\/www.montpellier2028.eu\/en\/wp-json\/wp\/v2\/types\/project"}],"author":[{"embeddable":true,"href":"https:\/\/www.montpellier2028.eu\/en\/wp-json\/wp\/v2\/users\/7"}],"version-history":[{"count":6,"href":"https:\/\/www.montpellier2028.eu\/en\/wp-json\/wp\/v2\/project\/8628\/revisions"}],"predecessor-version":[{"id":8959,"href":"https:\/\/www.montpellier2028.eu\/en\/wp-json\/wp\/v2\/project\/8628\/revisions\/8959"}],"wp:featuredmedia":[{"embeddable":true,"href":"https:\/\/www.montpellier2028.eu\/en\/wp-json\/wp\/v2\/media\/8630"}],"wp:attachment":[{"href":"https:\/\/www.montpellier2028.eu\/en\/wp-json\/wp\/v2\/media?parent=8628"}],"wp:term":[{"taxonomy":"projectcat","embeddable":true,"href":"https:\/\/www.montpellier2028.eu\/en\/wp-json\/wp\/v2\/projectcat?post=8628"},{"taxonomy":"audience","embeddable":true,"href":"https:\/\/www.montpellier2028.eu\/en\/wp-json\/wp\/v2\/audience?post=8628"},{"taxonomy":"geozone","embeddable":true,"href":"https:\/\/www.montpellier2028.eu\/en\/wp-json\/wp\/v2\/geozone?post=8628"},{"taxonomy":"edition","embeddable":true,"href":"https:\/\/www.montpellier2028.eu\/en\/wp-json\/wp\/v2\/edition?post=8628"}],"curies":[{"name":"wp","href":"https:\/\/api.w.org\/{rel}","templated":true}]}}