{"id":8646,"date":"2025-05-30T16:49:35","date_gmt":"2025-05-30T14:49:35","guid":{"rendered":"https:\/\/www.montpellier2028.eu\/?post_type=project&#038;p=8646"},"modified":"2025-07-09T17:10:42","modified_gmt":"2025-07-09T15:10:42","slug":"gardeno-paradizo","status":"publish","type":"project","link":"https:\/\/www.montpellier2028.eu\/en\/projets\/gardeno-paradizo\/","title":{"rendered":"\u011dardeno paradizo"},"content":{"rendered":"\n<p>Ancr\u00e9 dans l&#8217;\u00e9coute, la convivialit\u00e9 et le faire ensemble,&nbsp;<em>\u011dardeno paradizo<\/em> est un <strong>projet&nbsp;qui&nbsp;transforme les espaces ext\u00e9rieurs de&nbsp;lieux d\u2019accompagnement social&nbsp;par l&#8217;art, le design et le vivant.<\/strong><br><br><strong>Le&nbsp;samedi&nbsp;27 septembre<\/strong>, jour de son inauguration, une grande f\u00eate est organis\u00e9e \u00e0 la pension de Famille g\u00e9r\u00e9e par l\u2019association Gammes, au 7 rue Saint-Louis \u00e0 Montpellier, o\u00f9 la seconde \u00e9dition de&nbsp;<em>\u011dardeno paradizo<\/em>&nbsp;s\u2019est d\u00e9velopp\u00e9e.<\/p>\n\n\n\n<p>Au fil des mois et des ateliers, l\u2019\u00e9quipe artistique compos\u00e9e d\u2019Anna Colin, Mr&amp;Mr (Alexis Lautier et Pierre Talagrand), Aude Mohammedi-Merquiol, Marine Lang, Aria Sene a jardin\u00e9, cuisin\u00e9 et fabriqu\u00e9 des \u0153uvres avec les r\u00e9sident\u00b7es de la pension et&nbsp;les h\u00f4tesses de Gammes. <br>Lors des festivit\u00e9s, l<strong>\u2019\u00e9quipe artistique pr\u00e9sentera les \u0153uvres p\u00e9rennes fonctionnelles qui augmentent le jardin de la pension d\u00e9sormais m\u00e9tamorphos\u00e9 en un espace commun nourricier et cuisinier en harmonie avec le vivant<\/strong>.&nbsp;<\/p>\n\n\n\n<p>\u00c0 cette occasion, <strong>un concert du musicien et chanteur Esmatullah Alizadah<\/strong> viendra rythmer la c\u00e9l\u00e9bration. Son r\u00e9pertoire se d\u00e9ploie entre chansons traditionnelles hazaragi et morceaux romantiques, qu\u2019il compose et produit.<\/p>\n\n\n\n<p>Pour couronner la soir\u00e9e, <strong>la cuisini\u00e8re et artiste pluridisciplinaire sp\u00e9cialis\u00e9e dans le design culinaire, Aria Sene pr\u00e9parera un grand buffet convivial<\/strong> intitul\u00e9&nbsp;<em>Pain Terre-Abri<\/em>. Il s\u2019agit d&#8217;une installation culinaire pens\u00e9e autour d\u2019un geste simple : rompre le pain. Un geste de lien et de m\u00e9moire inspir\u00e9 des \u00e9changes v\u00e9cus \u00e0 la pension et des histoires partag\u00e9es en cuisine. \u00c0 l\u2019image de l\u2019ensemble du projet, elle est n\u00e9e du temps pass\u00e9 avec les r\u00e9sident\u00b7es : des heures \u00e0 parler, cuisiner, refaire le monde ou contempler le silence.&nbsp;Le potager et le verger font partie de cette histoire. Ce qui a \u00e9t\u00e9 plant\u00e9, ce qui repousse, ce qui reste. Certaines herbes, des fleurs, des feuilles viendront s\u2019inviter dans l\u2019assiette et Aria Sene y glissera aussi quelque chose de son regard. <\/p>\n\n\n\n<p>D&#8217;autres interventions talentueuses contribueront elles aussi \u00e0 assaisonner la soir\u00e9e.&nbsp;<\/p>\n\n\n\n<figure class=\"wp-block-embed is-type-video is-provider-youtube wp-block-embed-youtube wp-embed-aspect-16-9 wp-has-aspect-ratio\"><div class=\"wp-block-embed__wrapper\">\n<iframe loading=\"lazy\" title=\"Parole aux artistes : Mr. &amp; Mr.\" width=\"640\" height=\"360\" src=\"https:\/\/www.youtube.com\/embed\/wIXCkisjL2A?list=PL5nIv7_NxzyVVYlJ43a9jSb2HqALTuQKF\" frameborder=\"0\" allow=\"accelerometer; autoplay; clipboard-write; encrypted-media; gyroscope; picture-in-picture; web-share\" referrerpolicy=\"strict-origin-when-cross-origin\" allowfullscreen><\/iframe>\n<\/div><\/figure>\n","protected":false},"excerpt":{"rendered":"<p>Ancr\u00e9 dans l&#8217;\u00e9coute, la convivialit\u00e9 et le faire ensemble,&nbsp;\u011dardeno paradizo est un projet&nbsp;qui&nbsp;transforme les espaces ext\u00e9rieurs de&nbsp;lieux d\u2019accompagnement social&nbsp;par l&#8217;art, [&hellip;]<\/p>\n","protected":false},"author":8,"featured_media":8647,"parent":0,"template":"","format":"standard","meta":{"_acf_changed":false,"footnotes":""},"projectcat":[98,99,10,9],"audience":[97,13],"geozone":[76],"edition":[95],"class_list":["post-8646","project","type-project","status-publish","format-standard","has-post-thumbnail","hentry","projectcat-atelier","projectcat-experience-participative","projectcat-exposition","projectcat-musique","audience-public-specifique","audience-tout-public","geozone-montpellier-mediterranee-metropole","edition-95"],"acf":[],"yoast_head":"<!-- This site is optimized with the Yoast SEO plugin v24.8 - https:\/\/yoast.com\/wordpress\/plugins\/seo\/ -->\n<title>\u011dardeno paradizo - Montpellier 2028<\/title>\n<meta name=\"robots\" content=\"index, follow, max-snippet:-1, max-image-preview:large, max-video-preview:-1\" \/>\n<link rel=\"canonical\" href=\"https:\/\/www.montpellier2028.eu\/en\/projets\/gardeno-paradizo\/\" \/>\n<meta property=\"og:locale\" content=\"en_US\" \/>\n<meta property=\"og:type\" content=\"article\" \/>\n<meta property=\"og:title\" content=\"\u011dardeno paradizo - Montpellier 2028\" \/>\n<meta property=\"og:description\" content=\"Ancr\u00e9 dans l&#8217;\u00e9coute, la convivialit\u00e9 et le faire ensemble,&nbsp;\u011dardeno paradizo est un projet&nbsp;qui&nbsp;transforme les espaces ext\u00e9rieurs de&nbsp;lieux d\u2019accompagnement social&nbsp;par l&#8217;art, [&hellip;]\" \/>\n<meta property=\"og:url\" content=\"https:\/\/www.montpellier2028.eu\/en\/projets\/gardeno-paradizo\/\" \/>\n<meta property=\"og:site_name\" content=\"Montpellier 2028\" \/>\n<meta property=\"article:publisher\" content=\"https:\/\/www.facebook.com\/montpellier2028\" \/>\n<meta property=\"article:modified_time\" content=\"2025-07-09T15:10:42+00:00\" \/>\n<meta property=\"og:image\" content=\"https:\/\/www.montpellier2028.eu\/wp-content\/uploads\/2025\/05\/12.6-1-e1748616201368.jpg\" \/>\n\t<meta property=\"og:image:width\" content=\"1440\" \/>\n\t<meta property=\"og:image:height\" content=\"1160\" \/>\n\t<meta property=\"og:image:type\" content=\"image\/jpeg\" \/>\n<meta name=\"twitter:card\" content=\"summary_large_image\" \/>\n<meta name=\"twitter:site\" content=\"@mtp2028\" \/>\n<meta name=\"twitter:label1\" content=\"Est. reading time\" \/>\n\t<meta name=\"twitter:data1\" content=\"2 minutes\" \/>\n<script type=\"application\/ld+json\" class=\"yoast-schema-graph\">{\"@context\":\"https:\/\/schema.org\",\"@graph\":[{\"@type\":\"WebPage\",\"@id\":\"https:\/\/www.montpellier2028.eu\/en\/projets\/gardeno-paradizo\/\",\"url\":\"https:\/\/www.montpellier2028.eu\/en\/projets\/gardeno-paradizo\/\",\"name\":\"\u011dardeno paradizo - Montpellier 2028\",\"isPartOf\":{\"@id\":\"https:\/\/www.montpellier2028.eu\/en\/#website\"},\"primaryImageOfPage\":{\"@id\":\"https:\/\/www.montpellier2028.eu\/en\/projets\/gardeno-paradizo\/#primaryimage\"},\"image\":{\"@id\":\"https:\/\/www.montpellier2028.eu\/en\/projets\/gardeno-paradizo\/#primaryimage\"},\"thumbnailUrl\":\"https:\/\/www.montpellier2028.eu\/wp-content\/uploads\/2025\/05\/12.6-1-e1748616201368.jpg\",\"datePublished\":\"2025-05-30T14:49:35+00:00\",\"dateModified\":\"2025-07-09T15:10:42+00:00\",\"breadcrumb\":{\"@id\":\"https:\/\/www.montpellier2028.eu\/en\/projets\/gardeno-paradizo\/#breadcrumb\"},\"inLanguage\":\"en-US\",\"potentialAction\":[{\"@type\":\"ReadAction\",\"target\":[\"https:\/\/www.montpellier2028.eu\/en\/projets\/gardeno-paradizo\/\"]}]},{\"@type\":\"ImageObject\",\"inLanguage\":\"en-US\",\"@id\":\"https:\/\/www.montpellier2028.eu\/en\/projets\/gardeno-paradizo\/#primaryimage\",\"url\":\"https:\/\/www.montpellier2028.eu\/wp-content\/uploads\/2025\/05\/12.6-1-e1748616201368.jpg\",\"contentUrl\":\"https:\/\/www.montpellier2028.eu\/wp-content\/uploads\/2025\/05\/12.6-1-e1748616201368.jpg\",\"width\":1440,\"height\":1160},{\"@type\":\"BreadcrumbList\",\"@id\":\"https:\/\/www.montpellier2028.eu\/en\/projets\/gardeno-paradizo\/#breadcrumb\",\"itemListElement\":[{\"@type\":\"ListItem\",\"position\":1,\"name\":\"Home\",\"item\":\"https:\/\/www.montpellier2028.eu\/en\/\"},{\"@type\":\"ListItem\",\"position\":2,\"name\":\"Projets\",\"item\":\"https:\/\/www.montpellier2028.eu\/en\/projects\/\"},{\"@type\":\"ListItem\",\"position\":3,\"name\":\"\u011dardeno paradizo\"}]},{\"@type\":\"WebSite\",\"@id\":\"https:\/\/www.montpellier2028.eu\/en\/#website\",\"url\":\"https:\/\/www.montpellier2028.eu\/en\/\",\"name\":\"Montpellier 2028\",\"description\":\"Construisons ensemble!\",\"publisher\":{\"@id\":\"https:\/\/www.montpellier2028.eu\/en\/#organization\"},\"potentialAction\":[{\"@type\":\"SearchAction\",\"target\":{\"@type\":\"EntryPoint\",\"urlTemplate\":\"https:\/\/www.montpellier2028.eu\/en\/?s={search_term_string}\"},\"query-input\":{\"@type\":\"PropertyValueSpecification\",\"valueRequired\":true,\"valueName\":\"search_term_string\"}}],\"inLanguage\":\"en-US\"},{\"@type\":\"Organization\",\"@id\":\"https:\/\/www.montpellier2028.eu\/en\/#organization\",\"name\":\"Montpellier 2028\",\"url\":\"https:\/\/www.montpellier2028.eu\/en\/\",\"logo\":{\"@type\":\"ImageObject\",\"inLanguage\":\"en-US\",\"@id\":\"https:\/\/www.montpellier2028.eu\/en\/#\/schema\/logo\/image\/\",\"url\":\"https:\/\/www.montpellier2028.eu\/wp-content\/uploads\/2022\/09\/cropped-small-logo-lg.png\",\"contentUrl\":\"https:\/\/www.montpellier2028.eu\/wp-content\/uploads\/2022\/09\/cropped-small-logo-lg.png\",\"width\":512,\"height\":512,\"caption\":\"Montpellier 2028\"},\"image\":{\"@id\":\"https:\/\/www.montpellier2028.eu\/en\/#\/schema\/logo\/image\/\"},\"sameAs\":[\"https:\/\/www.facebook.com\/montpellier2028\",\"https:\/\/x.com\/mtp2028\",\"https:\/\/www.instagram.com\/montpellier2028\/\",\"https:\/\/www.linkedin.com\/showcase\/montpellier2028\/about\/\"]}]}<\/script>\n<!-- \/ Yoast SEO plugin. -->","yoast_head_json":{"title":"\u011dardeno paradizo - Montpellier 2028","robots":{"index":"index","follow":"follow","max-snippet":"max-snippet:-1","max-image-preview":"max-image-preview:large","max-video-preview":"max-video-preview:-1"},"canonical":"https:\/\/www.montpellier2028.eu\/en\/projets\/gardeno-paradizo\/","og_locale":"en_US","og_type":"article","og_title":"\u011dardeno paradizo - Montpellier 2028","og_description":"Ancr\u00e9 dans l&#8217;\u00e9coute, la convivialit\u00e9 et le faire ensemble,&nbsp;\u011dardeno paradizo est un projet&nbsp;qui&nbsp;transforme les espaces ext\u00e9rieurs de&nbsp;lieux d\u2019accompagnement social&nbsp;par l&#8217;art, [&hellip;]","og_url":"https:\/\/www.montpellier2028.eu\/en\/projets\/gardeno-paradizo\/","og_site_name":"Montpellier 2028","article_publisher":"https:\/\/www.facebook.com\/montpellier2028","article_modified_time":"2025-07-09T15:10:42+00:00","og_image":[{"width":1440,"height":1160,"url":"https:\/\/www.montpellier2028.eu\/wp-content\/uploads\/2025\/05\/12.6-1-e1748616201368.jpg","type":"image\/jpeg"}],"twitter_card":"summary_large_image","twitter_site":"@mtp2028","twitter_misc":{"Est. reading time":"2 minutes"},"schema":{"@context":"https:\/\/schema.org","@graph":[{"@type":"WebPage","@id":"https:\/\/www.montpellier2028.eu\/en\/projets\/gardeno-paradizo\/","url":"https:\/\/www.montpellier2028.eu\/en\/projets\/gardeno-paradizo\/","name":"\u011dardeno paradizo - Montpellier 2028","isPartOf":{"@id":"https:\/\/www.montpellier2028.eu\/en\/#website"},"primaryImageOfPage":{"@id":"https:\/\/www.montpellier2028.eu\/en\/projets\/gardeno-paradizo\/#primaryimage"},"image":{"@id":"https:\/\/www.montpellier2028.eu\/en\/projets\/gardeno-paradizo\/#primaryimage"},"thumbnailUrl":"https:\/\/www.montpellier2028.eu\/wp-content\/uploads\/2025\/05\/12.6-1-e1748616201368.jpg","datePublished":"2025-05-30T14:49:35+00:00","dateModified":"2025-07-09T15:10:42+00:00","breadcrumb":{"@id":"https:\/\/www.montpellier2028.eu\/en\/projets\/gardeno-paradizo\/#breadcrumb"},"inLanguage":"en-US","potentialAction":[{"@type":"ReadAction","target":["https:\/\/www.montpellier2028.eu\/en\/projets\/gardeno-paradizo\/"]}]},{"@type":"ImageObject","inLanguage":"en-US","@id":"https:\/\/www.montpellier2028.eu\/en\/projets\/gardeno-paradizo\/#primaryimage","url":"https:\/\/www.montpellier2028.eu\/wp-content\/uploads\/2025\/05\/12.6-1-e1748616201368.jpg","contentUrl":"https:\/\/www.montpellier2028.eu\/wp-content\/uploads\/2025\/05\/12.6-1-e1748616201368.jpg","width":1440,"height":1160},{"@type":"BreadcrumbList","@id":"https:\/\/www.montpellier2028.eu\/en\/projets\/gardeno-paradizo\/#breadcrumb","itemListElement":[{"@type":"ListItem","position":1,"name":"Home","item":"https:\/\/www.montpellier2028.eu\/en\/"},{"@type":"ListItem","position":2,"name":"Projets","item":"https:\/\/www.montpellier2028.eu\/en\/projects\/"},{"@type":"ListItem","position":3,"name":"\u011dardeno paradizo"}]},{"@type":"WebSite","@id":"https:\/\/www.montpellier2028.eu\/en\/#website","url":"https:\/\/www.montpellier2028.eu\/en\/","name":"Montpellier 2028","description":"Construisons ensemble!","publisher":{"@id":"https:\/\/www.montpellier2028.eu\/en\/#organization"},"potentialAction":[{"@type":"SearchAction","target":{"@type":"EntryPoint","urlTemplate":"https:\/\/www.montpellier2028.eu\/en\/?s={search_term_string}"},"query-input":{"@type":"PropertyValueSpecification","valueRequired":true,"valueName":"search_term_string"}}],"inLanguage":"en-US"},{"@type":"Organization","@id":"https:\/\/www.montpellier2028.eu\/en\/#organization","name":"Montpellier 2028","url":"https:\/\/www.montpellier2028.eu\/en\/","logo":{"@type":"ImageObject","inLanguage":"en-US","@id":"https:\/\/www.montpellier2028.eu\/en\/#\/schema\/logo\/image\/","url":"https:\/\/www.montpellier2028.eu\/wp-content\/uploads\/2022\/09\/cropped-small-logo-lg.png","contentUrl":"https:\/\/www.montpellier2028.eu\/wp-content\/uploads\/2022\/09\/cropped-small-logo-lg.png","width":512,"height":512,"caption":"Montpellier 2028"},"image":{"@id":"https:\/\/www.montpellier2028.eu\/en\/#\/schema\/logo\/image\/"},"sameAs":["https:\/\/www.facebook.com\/montpellier2028","https:\/\/x.com\/mtp2028","https:\/\/www.instagram.com\/montpellier2028\/","https:\/\/www.linkedin.com\/showcase\/montpellier2028\/about\/"]}]}},"_links":{"self":[{"href":"https:\/\/www.montpellier2028.eu\/en\/wp-json\/wp\/v2\/project\/8646","targetHints":{"allow":["GET"]}}],"collection":[{"href":"https:\/\/www.montpellier2028.eu\/en\/wp-json\/wp\/v2\/project"}],"about":[{"href":"https:\/\/www.montpellier2028.eu\/en\/wp-json\/wp\/v2\/types\/project"}],"author":[{"embeddable":true,"href":"https:\/\/www.montpellier2028.eu\/en\/wp-json\/wp\/v2\/users\/8"}],"version-history":[{"count":6,"href":"https:\/\/www.montpellier2028.eu\/en\/wp-json\/wp\/v2\/project\/8646\/revisions"}],"predecessor-version":[{"id":9106,"href":"https:\/\/www.montpellier2028.eu\/en\/wp-json\/wp\/v2\/project\/8646\/revisions\/9106"}],"wp:featuredmedia":[{"embeddable":true,"href":"https:\/\/www.montpellier2028.eu\/en\/wp-json\/wp\/v2\/media\/8647"}],"wp:attachment":[{"href":"https:\/\/www.montpellier2028.eu\/en\/wp-json\/wp\/v2\/media?parent=8646"}],"wp:term":[{"taxonomy":"projectcat","embeddable":true,"href":"https:\/\/www.montpellier2028.eu\/en\/wp-json\/wp\/v2\/projectcat?post=8646"},{"taxonomy":"audience","embeddable":true,"href":"https:\/\/www.montpellier2028.eu\/en\/wp-json\/wp\/v2\/audience?post=8646"},{"taxonomy":"geozone","embeddable":true,"href":"https:\/\/www.montpellier2028.eu\/en\/wp-json\/wp\/v2\/geozone?post=8646"},{"taxonomy":"edition","embeddable":true,"href":"https:\/\/www.montpellier2028.eu\/en\/wp-json\/wp\/v2\/edition?post=8646"}],"curies":[{"name":"wp","href":"https:\/\/api.w.org\/{rel}","templated":true}]}}