{"id":8658,"date":"2025-05-30T17:13:20","date_gmt":"2025-05-30T15:13:20","guid":{"rendered":"https:\/\/www.montpellier2028.eu\/?post_type=project&#038;p=8658"},"modified":"2025-10-15T11:17:30","modified_gmt":"2025-10-15T09:17:30","slug":"de-lart-de-vivre-une-danse-ensemble","status":"publish","type":"project","link":"https:\/\/www.montpellier2028.eu\/en\/projets\/de-lart-de-vivre-une-danse-ensemble\/","title":{"rendered":"De l\u2019art de vivre une danse ensemble"},"content":{"rendered":"\n<p>En continuit\u00e9 du lien entre M28 et la premi\u00e8re \u00e9dition de la Biennale Euro-Africa, <strong>un passage de relais avec l\u2019\u00e9dition 2025 de la Biennale<\/strong> se tiendra le week-end des 4 et 5 octobre formalis\u00e9 par le soutien \u00e0 un \u00e9l\u00e9ment commun de programmation qui sera pr\u00e9sent\u00e9 \u00e0 l\u2019occasion de la cl\u00f4ture de L\u2019\u00e9v\u00e9nement 25 &#8211; Les chemins du vivant.<\/p>\n\n\n\n<p>La Cie Mouvements perp\u00e9tuels, fond\u00e9e en 2010 par Salia Sanou, porte la conviction en la force de la culture comme facteur de rapprochement des humains et vecteur d\u2019un monde de dialogue. Salia Sanou nous invite \u00e0 <strong>une exploration des danses pratiqu\u00e9es aujourd\u2019hui dans le monde entier<\/strong> et dont l\u2019origine est n\u00e9e du berceau africain au travers des ateliers de danses populaires autour du Twist, Jazz, Lindy Hop, et Capoeira, avant de nous r\u00e9unir autour d\u2019<strong>un grand bal participatif<\/strong>.<\/p>\n\n\n\n<p>La compagnie Mouvements perp\u00e9tuels est conventionn\u00e9e par le minist\u00e8re de la Culture \u2013 DRAC Occitanie et par la R\u00e9gion Occitanie. Elle re\u00e7oit le soutien de la Ville de Montpellier.<\/p>\n","protected":false},"excerpt":{"rendered":"<p>En continuit\u00e9 du lien entre M28 et la premi\u00e8re \u00e9dition de la Biennale Euro-Africa, un passage de relais avec l\u2019\u00e9dition [&hellip;]<\/p>\n","protected":false},"author":7,"featured_media":8662,"parent":0,"template":"","format":"standard","meta":{"_acf_changed":false,"footnotes":""},"projectcat":[98,49,99,29,52],"audience":[97,13],"geozone":[76,75],"edition":[95],"class_list":["post-8658","project","type-project","status-publish","format-standard","has-post-thumbnail","hentry","projectcat-atelier","projectcat-espace-public","projectcat-experience-participative","projectcat-rencontre","projectcat-representation","audience-public-specifique","audience-tout-public","geozone-montpellier-mediterranee-metropole","geozone-sete-agglopole","edition-95"],"acf":[],"yoast_head":"<!-- This site is optimized with the Yoast SEO plugin v24.8 - https:\/\/yoast.com\/wordpress\/plugins\/seo\/ -->\n<title>De l\u2019art de vivre une danse ensemble - Montpellier 2028<\/title>\n<meta name=\"robots\" content=\"index, follow, max-snippet:-1, max-image-preview:large, max-video-preview:-1\" \/>\n<link rel=\"canonical\" href=\"https:\/\/www.montpellier2028.eu\/en\/projets\/de-lart-de-vivre-une-danse-ensemble\/\" \/>\n<meta property=\"og:locale\" content=\"en_US\" \/>\n<meta property=\"og:type\" content=\"article\" \/>\n<meta property=\"og:title\" content=\"De l\u2019art de vivre une danse ensemble - Montpellier 2028\" \/>\n<meta property=\"og:description\" content=\"En continuit\u00e9 du lien entre M28 et la premi\u00e8re \u00e9dition de la Biennale Euro-Africa, un passage de relais avec l\u2019\u00e9dition [&hellip;]\" \/>\n<meta property=\"og:url\" content=\"https:\/\/www.montpellier2028.eu\/en\/projets\/de-lart-de-vivre-une-danse-ensemble\/\" \/>\n<meta property=\"og:site_name\" content=\"Montpellier 2028\" \/>\n<meta property=\"article:publisher\" content=\"https:\/\/www.facebook.com\/montpellier2028\" \/>\n<meta property=\"article:modified_time\" content=\"2025-10-15T09:17:30+00:00\" \/>\n<meta property=\"og:image\" content=\"https:\/\/www.montpellier2028.eu\/wp-content\/uploads\/2025\/05\/Biennale-Le-Bal-Salia-Sanou-\u00a9Frederic-Damerdji_Montpellier3m-scaled.jpg\" \/>\n\t<meta property=\"og:image:width\" content=\"2560\" \/>\n\t<meta property=\"og:image:height\" content=\"1707\" \/>\n\t<meta property=\"og:image:type\" content=\"image\/jpeg\" \/>\n<meta name=\"twitter:card\" content=\"summary_large_image\" \/>\n<meta name=\"twitter:site\" content=\"@mtp2028\" \/>\n<meta name=\"twitter:label1\" content=\"Est. reading time\" \/>\n\t<meta name=\"twitter:data1\" content=\"2 minutes\" \/>\n<script type=\"application\/ld+json\" class=\"yoast-schema-graph\">{\"@context\":\"https:\/\/schema.org\",\"@graph\":[{\"@type\":\"WebPage\",\"@id\":\"https:\/\/www.montpellier2028.eu\/en\/projets\/de-lart-de-vivre-une-danse-ensemble\/\",\"url\":\"https:\/\/www.montpellier2028.eu\/en\/projets\/de-lart-de-vivre-une-danse-ensemble\/\",\"name\":\"De l\u2019art de vivre une danse ensemble - Montpellier 2028\",\"isPartOf\":{\"@id\":\"https:\/\/www.montpellier2028.eu\/en\/#website\"},\"primaryImageOfPage\":{\"@id\":\"https:\/\/www.montpellier2028.eu\/en\/projets\/de-lart-de-vivre-une-danse-ensemble\/#primaryimage\"},\"image\":{\"@id\":\"https:\/\/www.montpellier2028.eu\/en\/projets\/de-lart-de-vivre-une-danse-ensemble\/#primaryimage\"},\"thumbnailUrl\":\"https:\/\/www.montpellier2028.eu\/wp-content\/uploads\/2025\/05\/Biennale-Le-Bal-Salia-Sanou-\u00a9Frederic-Damerdji_Montpellier3m-scaled.jpg\",\"datePublished\":\"2025-05-30T15:13:20+00:00\",\"dateModified\":\"2025-10-15T09:17:30+00:00\",\"breadcrumb\":{\"@id\":\"https:\/\/www.montpellier2028.eu\/en\/projets\/de-lart-de-vivre-une-danse-ensemble\/#breadcrumb\"},\"inLanguage\":\"en-US\",\"potentialAction\":[{\"@type\":\"ReadAction\",\"target\":[\"https:\/\/www.montpellier2028.eu\/en\/projets\/de-lart-de-vivre-une-danse-ensemble\/\"]}]},{\"@type\":\"ImageObject\",\"inLanguage\":\"en-US\",\"@id\":\"https:\/\/www.montpellier2028.eu\/en\/projets\/de-lart-de-vivre-une-danse-ensemble\/#primaryimage\",\"url\":\"https:\/\/www.montpellier2028.eu\/wp-content\/uploads\/2025\/05\/Biennale-Le-Bal-Salia-Sanou-\u00a9Frederic-Damerdji_Montpellier3m-scaled.jpg\",\"contentUrl\":\"https:\/\/www.montpellier2028.eu\/wp-content\/uploads\/2025\/05\/Biennale-Le-Bal-Salia-Sanou-\u00a9Frederic-Damerdji_Montpellier3m-scaled.jpg\",\"width\":2560,\"height\":1707},{\"@type\":\"BreadcrumbList\",\"@id\":\"https:\/\/www.montpellier2028.eu\/en\/projets\/de-lart-de-vivre-une-danse-ensemble\/#breadcrumb\",\"itemListElement\":[{\"@type\":\"ListItem\",\"position\":1,\"name\":\"Home\",\"item\":\"https:\/\/www.montpellier2028.eu\/en\/\"},{\"@type\":\"ListItem\",\"position\":2,\"name\":\"Projets\",\"item\":\"https:\/\/www.montpellier2028.eu\/en\/projects\/\"},{\"@type\":\"ListItem\",\"position\":3,\"name\":\"De l\u2019art de vivre une danse ensemble\"}]},{\"@type\":\"WebSite\",\"@id\":\"https:\/\/www.montpellier2028.eu\/en\/#website\",\"url\":\"https:\/\/www.montpellier2028.eu\/en\/\",\"name\":\"Montpellier 2028\",\"description\":\"Construisons ensemble!\",\"publisher\":{\"@id\":\"https:\/\/www.montpellier2028.eu\/en\/#organization\"},\"potentialAction\":[{\"@type\":\"SearchAction\",\"target\":{\"@type\":\"EntryPoint\",\"urlTemplate\":\"https:\/\/www.montpellier2028.eu\/en\/?s={search_term_string}\"},\"query-input\":{\"@type\":\"PropertyValueSpecification\",\"valueRequired\":true,\"valueName\":\"search_term_string\"}}],\"inLanguage\":\"en-US\"},{\"@type\":\"Organization\",\"@id\":\"https:\/\/www.montpellier2028.eu\/en\/#organization\",\"name\":\"Montpellier 2028\",\"url\":\"https:\/\/www.montpellier2028.eu\/en\/\",\"logo\":{\"@type\":\"ImageObject\",\"inLanguage\":\"en-US\",\"@id\":\"https:\/\/www.montpellier2028.eu\/en\/#\/schema\/logo\/image\/\",\"url\":\"https:\/\/www.montpellier2028.eu\/wp-content\/uploads\/2022\/09\/cropped-small-logo-lg.png\",\"contentUrl\":\"https:\/\/www.montpellier2028.eu\/wp-content\/uploads\/2022\/09\/cropped-small-logo-lg.png\",\"width\":512,\"height\":512,\"caption\":\"Montpellier 2028\"},\"image\":{\"@id\":\"https:\/\/www.montpellier2028.eu\/en\/#\/schema\/logo\/image\/\"},\"sameAs\":[\"https:\/\/www.facebook.com\/montpellier2028\",\"https:\/\/x.com\/mtp2028\",\"https:\/\/www.instagram.com\/montpellier2028\/\",\"https:\/\/www.linkedin.com\/showcase\/montpellier2028\/about\/\"]}]}<\/script>\n<!-- \/ Yoast SEO plugin. -->","yoast_head_json":{"title":"De l\u2019art de vivre une danse ensemble - Montpellier 2028","robots":{"index":"index","follow":"follow","max-snippet":"max-snippet:-1","max-image-preview":"max-image-preview:large","max-video-preview":"max-video-preview:-1"},"canonical":"https:\/\/www.montpellier2028.eu\/en\/projets\/de-lart-de-vivre-une-danse-ensemble\/","og_locale":"en_US","og_type":"article","og_title":"De l\u2019art de vivre une danse ensemble - Montpellier 2028","og_description":"En continuit\u00e9 du lien entre M28 et la premi\u00e8re \u00e9dition de la Biennale Euro-Africa, un passage de relais avec l\u2019\u00e9dition [&hellip;]","og_url":"https:\/\/www.montpellier2028.eu\/en\/projets\/de-lart-de-vivre-une-danse-ensemble\/","og_site_name":"Montpellier 2028","article_publisher":"https:\/\/www.facebook.com\/montpellier2028","article_modified_time":"2025-10-15T09:17:30+00:00","og_image":[{"width":2560,"height":1707,"url":"https:\/\/www.montpellier2028.eu\/wp-content\/uploads\/2025\/05\/Biennale-Le-Bal-Salia-Sanou-\u00a9Frederic-Damerdji_Montpellier3m-scaled.jpg","type":"image\/jpeg"}],"twitter_card":"summary_large_image","twitter_site":"@mtp2028","twitter_misc":{"Est. reading time":"2 minutes"},"schema":{"@context":"https:\/\/schema.org","@graph":[{"@type":"WebPage","@id":"https:\/\/www.montpellier2028.eu\/en\/projets\/de-lart-de-vivre-une-danse-ensemble\/","url":"https:\/\/www.montpellier2028.eu\/en\/projets\/de-lart-de-vivre-une-danse-ensemble\/","name":"De l\u2019art de vivre une danse ensemble - Montpellier 2028","isPartOf":{"@id":"https:\/\/www.montpellier2028.eu\/en\/#website"},"primaryImageOfPage":{"@id":"https:\/\/www.montpellier2028.eu\/en\/projets\/de-lart-de-vivre-une-danse-ensemble\/#primaryimage"},"image":{"@id":"https:\/\/www.montpellier2028.eu\/en\/projets\/de-lart-de-vivre-une-danse-ensemble\/#primaryimage"},"thumbnailUrl":"https:\/\/www.montpellier2028.eu\/wp-content\/uploads\/2025\/05\/Biennale-Le-Bal-Salia-Sanou-\u00a9Frederic-Damerdji_Montpellier3m-scaled.jpg","datePublished":"2025-05-30T15:13:20+00:00","dateModified":"2025-10-15T09:17:30+00:00","breadcrumb":{"@id":"https:\/\/www.montpellier2028.eu\/en\/projets\/de-lart-de-vivre-une-danse-ensemble\/#breadcrumb"},"inLanguage":"en-US","potentialAction":[{"@type":"ReadAction","target":["https:\/\/www.montpellier2028.eu\/en\/projets\/de-lart-de-vivre-une-danse-ensemble\/"]}]},{"@type":"ImageObject","inLanguage":"en-US","@id":"https:\/\/www.montpellier2028.eu\/en\/projets\/de-lart-de-vivre-une-danse-ensemble\/#primaryimage","url":"https:\/\/www.montpellier2028.eu\/wp-content\/uploads\/2025\/05\/Biennale-Le-Bal-Salia-Sanou-\u00a9Frederic-Damerdji_Montpellier3m-scaled.jpg","contentUrl":"https:\/\/www.montpellier2028.eu\/wp-content\/uploads\/2025\/05\/Biennale-Le-Bal-Salia-Sanou-\u00a9Frederic-Damerdji_Montpellier3m-scaled.jpg","width":2560,"height":1707},{"@type":"BreadcrumbList","@id":"https:\/\/www.montpellier2028.eu\/en\/projets\/de-lart-de-vivre-une-danse-ensemble\/#breadcrumb","itemListElement":[{"@type":"ListItem","position":1,"name":"Home","item":"https:\/\/www.montpellier2028.eu\/en\/"},{"@type":"ListItem","position":2,"name":"Projets","item":"https:\/\/www.montpellier2028.eu\/en\/projects\/"},{"@type":"ListItem","position":3,"name":"De l\u2019art de vivre une danse ensemble"}]},{"@type":"WebSite","@id":"https:\/\/www.montpellier2028.eu\/en\/#website","url":"https:\/\/www.montpellier2028.eu\/en\/","name":"Montpellier 2028","description":"Construisons ensemble!","publisher":{"@id":"https:\/\/www.montpellier2028.eu\/en\/#organization"},"potentialAction":[{"@type":"SearchAction","target":{"@type":"EntryPoint","urlTemplate":"https:\/\/www.montpellier2028.eu\/en\/?s={search_term_string}"},"query-input":{"@type":"PropertyValueSpecification","valueRequired":true,"valueName":"search_term_string"}}],"inLanguage":"en-US"},{"@type":"Organization","@id":"https:\/\/www.montpellier2028.eu\/en\/#organization","name":"Montpellier 2028","url":"https:\/\/www.montpellier2028.eu\/en\/","logo":{"@type":"ImageObject","inLanguage":"en-US","@id":"https:\/\/www.montpellier2028.eu\/en\/#\/schema\/logo\/image\/","url":"https:\/\/www.montpellier2028.eu\/wp-content\/uploads\/2022\/09\/cropped-small-logo-lg.png","contentUrl":"https:\/\/www.montpellier2028.eu\/wp-content\/uploads\/2022\/09\/cropped-small-logo-lg.png","width":512,"height":512,"caption":"Montpellier 2028"},"image":{"@id":"https:\/\/www.montpellier2028.eu\/en\/#\/schema\/logo\/image\/"},"sameAs":["https:\/\/www.facebook.com\/montpellier2028","https:\/\/x.com\/mtp2028","https:\/\/www.instagram.com\/montpellier2028\/","https:\/\/www.linkedin.com\/showcase\/montpellier2028\/about\/"]}]}},"_links":{"self":[{"href":"https:\/\/www.montpellier2028.eu\/en\/wp-json\/wp\/v2\/project\/8658","targetHints":{"allow":["GET"]}}],"collection":[{"href":"https:\/\/www.montpellier2028.eu\/en\/wp-json\/wp\/v2\/project"}],"about":[{"href":"https:\/\/www.montpellier2028.eu\/en\/wp-json\/wp\/v2\/types\/project"}],"author":[{"embeddable":true,"href":"https:\/\/www.montpellier2028.eu\/en\/wp-json\/wp\/v2\/users\/7"}],"version-history":[{"count":4,"href":"https:\/\/www.montpellier2028.eu\/en\/wp-json\/wp\/v2\/project\/8658\/revisions"}],"predecessor-version":[{"id":9780,"href":"https:\/\/www.montpellier2028.eu\/en\/wp-json\/wp\/v2\/project\/8658\/revisions\/9780"}],"wp:featuredmedia":[{"embeddable":true,"href":"https:\/\/www.montpellier2028.eu\/en\/wp-json\/wp\/v2\/media\/8662"}],"wp:attachment":[{"href":"https:\/\/www.montpellier2028.eu\/en\/wp-json\/wp\/v2\/media?parent=8658"}],"wp:term":[{"taxonomy":"projectcat","embeddable":true,"href":"https:\/\/www.montpellier2028.eu\/en\/wp-json\/wp\/v2\/projectcat?post=8658"},{"taxonomy":"audience","embeddable":true,"href":"https:\/\/www.montpellier2028.eu\/en\/wp-json\/wp\/v2\/audience?post=8658"},{"taxonomy":"geozone","embeddable":true,"href":"https:\/\/www.montpellier2028.eu\/en\/wp-json\/wp\/v2\/geozone?post=8658"},{"taxonomy":"edition","embeddable":true,"href":"https:\/\/www.montpellier2028.eu\/en\/wp-json\/wp\/v2\/edition?post=8658"}],"curies":[{"name":"wp","href":"https:\/\/api.w.org\/{rel}","templated":true}]}}