{"id":8695,"date":"2025-05-30T18:03:59","date_gmt":"2025-05-30T16:03:59","guid":{"rendered":"https:\/\/www.montpellier2028.eu\/?post_type=project&#038;p=8695"},"modified":"2025-06-04T15:35:37","modified_gmt":"2025-06-04T13:35:37","slug":"ma-tete-est-une-boite","status":"publish","type":"project","link":"https:\/\/www.montpellier2028.eu\/en\/projets\/ma-tete-est-une-boite\/","title":{"rendered":"Ma t\u00eate est une bo\u00eete"},"content":{"rendered":"\n<p>Premi\u00e8re \u00e9tape de la cr\u00e9ation d\u2019une pi\u00e8ce de th\u00e9\u00e2tre jeune public qui nous propose une rencontre avec l\u2019int\u00e9rieur de nos t\u00eates et la musique \u00e9lectronique. Un pr\u00e9texte pour parler de celles et ceux qui ont des cerveaux qui s\u2019emm\u00ealent de pens\u00e9es, de questionnements, d\u2019id\u00e9es, de b\u00eatises ou d\u2019id\u00e9es cr\u00e9atives. <strong>Une pi\u00e8ce immersive et familiale suivie d\u2019un DJ set, cr\u00e9\u00e9e par et pour les enfants<\/strong> qui nous invite \u00e0 d\u00e9lier nos corps pour l\u00e2cher nos t\u00eates.<\/p>\n\n\n\n<p><\/p>\n","protected":false},"excerpt":{"rendered":"<p>Premi\u00e8re \u00e9tape de la cr\u00e9ation d\u2019une pi\u00e8ce de th\u00e9\u00e2tre jeune public qui nous propose une rencontre avec l\u2019int\u00e9rieur de nos [&hellip;]<\/p>\n","protected":false},"author":7,"featured_media":8704,"parent":0,"template":"","format":"standard","meta":{"_acf_changed":false,"footnotes":""},"projectcat":[98,99,51,52,72],"audience":[8],"geozone":[76,77],"edition":[95],"class_list":["post-8695","project","type-project","status-publish","format-standard","has-post-thumbnail","hentry","projectcat-atelier","projectcat-experience-participative","projectcat-festival","projectcat-representation","projectcat-residence","audience-jeune-public","geozone-montpellier-mediterranee-metropole","geozone-communaute-de-communes-vallee-de-lherault","edition-95"],"acf":[],"yoast_head":"<!-- This site is optimized with the Yoast SEO plugin v24.8 - https:\/\/yoast.com\/wordpress\/plugins\/seo\/ -->\n<title>Ma t\u00eate est une bo\u00eete - Montpellier 2028<\/title>\n<meta name=\"robots\" content=\"index, follow, max-snippet:-1, max-image-preview:large, max-video-preview:-1\" \/>\n<link rel=\"canonical\" href=\"https:\/\/www.montpellier2028.eu\/en\/projets\/ma-tete-est-une-boite\/\" \/>\n<meta property=\"og:locale\" content=\"en_US\" \/>\n<meta property=\"og:type\" content=\"article\" \/>\n<meta property=\"og:title\" content=\"Ma t\u00eate est une bo\u00eete - Montpellier 2028\" \/>\n<meta property=\"og:description\" content=\"Premi\u00e8re \u00e9tape de la cr\u00e9ation d\u2019une pi\u00e8ce de th\u00e9\u00e2tre jeune public qui nous propose une rencontre avec l\u2019int\u00e9rieur de nos [&hellip;]\" \/>\n<meta property=\"og:url\" content=\"https:\/\/www.montpellier2028.eu\/en\/projets\/ma-tete-est-une-boite\/\" \/>\n<meta property=\"og:site_name\" content=\"Montpellier 2028\" \/>\n<meta property=\"article:publisher\" content=\"https:\/\/www.facebook.com\/montpellier2028\" \/>\n<meta property=\"article:modified_time\" content=\"2025-06-04T13:35:37+00:00\" \/>\n<meta property=\"og:image\" content=\"https:\/\/www.montpellier2028.eu\/wp-content\/uploads\/2025\/05\/Le-Baril-Residence-cVincent-Bartoli7-scaled.jpg\" \/>\n\t<meta property=\"og:image:width\" content=\"2560\" \/>\n\t<meta property=\"og:image:height\" content=\"1707\" \/>\n\t<meta property=\"og:image:type\" content=\"image\/jpeg\" \/>\n<meta name=\"twitter:card\" content=\"summary_large_image\" \/>\n<meta name=\"twitter:site\" content=\"@mtp2028\" \/>\n<meta name=\"twitter:label1\" content=\"Est. reading time\" \/>\n\t<meta name=\"twitter:data1\" content=\"1 minute\" \/>\n<script type=\"application\/ld+json\" class=\"yoast-schema-graph\">{\"@context\":\"https:\/\/schema.org\",\"@graph\":[{\"@type\":\"WebPage\",\"@id\":\"https:\/\/www.montpellier2028.eu\/en\/projets\/ma-tete-est-une-boite\/\",\"url\":\"https:\/\/www.montpellier2028.eu\/en\/projets\/ma-tete-est-une-boite\/\",\"name\":\"Ma t\u00eate est une bo\u00eete - Montpellier 2028\",\"isPartOf\":{\"@id\":\"https:\/\/www.montpellier2028.eu\/en\/#website\"},\"primaryImageOfPage\":{\"@id\":\"https:\/\/www.montpellier2028.eu\/en\/projets\/ma-tete-est-une-boite\/#primaryimage\"},\"image\":{\"@id\":\"https:\/\/www.montpellier2028.eu\/en\/projets\/ma-tete-est-une-boite\/#primaryimage\"},\"thumbnailUrl\":\"https:\/\/www.montpellier2028.eu\/wp-content\/uploads\/2025\/05\/Le-Baril-Residence-cVincent-Bartoli7-scaled.jpg\",\"datePublished\":\"2025-05-30T16:03:59+00:00\",\"dateModified\":\"2025-06-04T13:35:37+00:00\",\"breadcrumb\":{\"@id\":\"https:\/\/www.montpellier2028.eu\/en\/projets\/ma-tete-est-une-boite\/#breadcrumb\"},\"inLanguage\":\"en-US\",\"potentialAction\":[{\"@type\":\"ReadAction\",\"target\":[\"https:\/\/www.montpellier2028.eu\/en\/projets\/ma-tete-est-une-boite\/\"]}]},{\"@type\":\"ImageObject\",\"inLanguage\":\"en-US\",\"@id\":\"https:\/\/www.montpellier2028.eu\/en\/projets\/ma-tete-est-une-boite\/#primaryimage\",\"url\":\"https:\/\/www.montpellier2028.eu\/wp-content\/uploads\/2025\/05\/Le-Baril-Residence-cVincent-Bartoli7-scaled.jpg\",\"contentUrl\":\"https:\/\/www.montpellier2028.eu\/wp-content\/uploads\/2025\/05\/Le-Baril-Residence-cVincent-Bartoli7-scaled.jpg\",\"width\":2560,\"height\":1707},{\"@type\":\"BreadcrumbList\",\"@id\":\"https:\/\/www.montpellier2028.eu\/en\/projets\/ma-tete-est-une-boite\/#breadcrumb\",\"itemListElement\":[{\"@type\":\"ListItem\",\"position\":1,\"name\":\"Home\",\"item\":\"https:\/\/www.montpellier2028.eu\/en\/\"},{\"@type\":\"ListItem\",\"position\":2,\"name\":\"Projets\",\"item\":\"https:\/\/www.montpellier2028.eu\/en\/projects\/\"},{\"@type\":\"ListItem\",\"position\":3,\"name\":\"Ma t\u00eate est une bo\u00eete\"}]},{\"@type\":\"WebSite\",\"@id\":\"https:\/\/www.montpellier2028.eu\/en\/#website\",\"url\":\"https:\/\/www.montpellier2028.eu\/en\/\",\"name\":\"Montpellier 2028\",\"description\":\"Construisons ensemble!\",\"publisher\":{\"@id\":\"https:\/\/www.montpellier2028.eu\/en\/#organization\"},\"potentialAction\":[{\"@type\":\"SearchAction\",\"target\":{\"@type\":\"EntryPoint\",\"urlTemplate\":\"https:\/\/www.montpellier2028.eu\/en\/?s={search_term_string}\"},\"query-input\":{\"@type\":\"PropertyValueSpecification\",\"valueRequired\":true,\"valueName\":\"search_term_string\"}}],\"inLanguage\":\"en-US\"},{\"@type\":\"Organization\",\"@id\":\"https:\/\/www.montpellier2028.eu\/en\/#organization\",\"name\":\"Montpellier 2028\",\"url\":\"https:\/\/www.montpellier2028.eu\/en\/\",\"logo\":{\"@type\":\"ImageObject\",\"inLanguage\":\"en-US\",\"@id\":\"https:\/\/www.montpellier2028.eu\/en\/#\/schema\/logo\/image\/\",\"url\":\"https:\/\/www.montpellier2028.eu\/wp-content\/uploads\/2022\/09\/cropped-small-logo-lg.png\",\"contentUrl\":\"https:\/\/www.montpellier2028.eu\/wp-content\/uploads\/2022\/09\/cropped-small-logo-lg.png\",\"width\":512,\"height\":512,\"caption\":\"Montpellier 2028\"},\"image\":{\"@id\":\"https:\/\/www.montpellier2028.eu\/en\/#\/schema\/logo\/image\/\"},\"sameAs\":[\"https:\/\/www.facebook.com\/montpellier2028\",\"https:\/\/x.com\/mtp2028\",\"https:\/\/www.instagram.com\/montpellier2028\/\",\"https:\/\/www.linkedin.com\/showcase\/montpellier2028\/about\/\"]}]}<\/script>\n<!-- \/ Yoast SEO plugin. -->","yoast_head_json":{"title":"Ma t\u00eate est une bo\u00eete - Montpellier 2028","robots":{"index":"index","follow":"follow","max-snippet":"max-snippet:-1","max-image-preview":"max-image-preview:large","max-video-preview":"max-video-preview:-1"},"canonical":"https:\/\/www.montpellier2028.eu\/en\/projets\/ma-tete-est-une-boite\/","og_locale":"en_US","og_type":"article","og_title":"Ma t\u00eate est une bo\u00eete - Montpellier 2028","og_description":"Premi\u00e8re \u00e9tape de la cr\u00e9ation d\u2019une pi\u00e8ce de th\u00e9\u00e2tre jeune public qui nous propose une rencontre avec l\u2019int\u00e9rieur de nos [&hellip;]","og_url":"https:\/\/www.montpellier2028.eu\/en\/projets\/ma-tete-est-une-boite\/","og_site_name":"Montpellier 2028","article_publisher":"https:\/\/www.facebook.com\/montpellier2028","article_modified_time":"2025-06-04T13:35:37+00:00","og_image":[{"width":2560,"height":1707,"url":"https:\/\/www.montpellier2028.eu\/wp-content\/uploads\/2025\/05\/Le-Baril-Residence-cVincent-Bartoli7-scaled.jpg","type":"image\/jpeg"}],"twitter_card":"summary_large_image","twitter_site":"@mtp2028","twitter_misc":{"Est. reading time":"1 minute"},"schema":{"@context":"https:\/\/schema.org","@graph":[{"@type":"WebPage","@id":"https:\/\/www.montpellier2028.eu\/en\/projets\/ma-tete-est-une-boite\/","url":"https:\/\/www.montpellier2028.eu\/en\/projets\/ma-tete-est-une-boite\/","name":"Ma t\u00eate est une bo\u00eete - Montpellier 2028","isPartOf":{"@id":"https:\/\/www.montpellier2028.eu\/en\/#website"},"primaryImageOfPage":{"@id":"https:\/\/www.montpellier2028.eu\/en\/projets\/ma-tete-est-une-boite\/#primaryimage"},"image":{"@id":"https:\/\/www.montpellier2028.eu\/en\/projets\/ma-tete-est-une-boite\/#primaryimage"},"thumbnailUrl":"https:\/\/www.montpellier2028.eu\/wp-content\/uploads\/2025\/05\/Le-Baril-Residence-cVincent-Bartoli7-scaled.jpg","datePublished":"2025-05-30T16:03:59+00:00","dateModified":"2025-06-04T13:35:37+00:00","breadcrumb":{"@id":"https:\/\/www.montpellier2028.eu\/en\/projets\/ma-tete-est-une-boite\/#breadcrumb"},"inLanguage":"en-US","potentialAction":[{"@type":"ReadAction","target":["https:\/\/www.montpellier2028.eu\/en\/projets\/ma-tete-est-une-boite\/"]}]},{"@type":"ImageObject","inLanguage":"en-US","@id":"https:\/\/www.montpellier2028.eu\/en\/projets\/ma-tete-est-une-boite\/#primaryimage","url":"https:\/\/www.montpellier2028.eu\/wp-content\/uploads\/2025\/05\/Le-Baril-Residence-cVincent-Bartoli7-scaled.jpg","contentUrl":"https:\/\/www.montpellier2028.eu\/wp-content\/uploads\/2025\/05\/Le-Baril-Residence-cVincent-Bartoli7-scaled.jpg","width":2560,"height":1707},{"@type":"BreadcrumbList","@id":"https:\/\/www.montpellier2028.eu\/en\/projets\/ma-tete-est-une-boite\/#breadcrumb","itemListElement":[{"@type":"ListItem","position":1,"name":"Home","item":"https:\/\/www.montpellier2028.eu\/en\/"},{"@type":"ListItem","position":2,"name":"Projets","item":"https:\/\/www.montpellier2028.eu\/en\/projects\/"},{"@type":"ListItem","position":3,"name":"Ma t\u00eate est une bo\u00eete"}]},{"@type":"WebSite","@id":"https:\/\/www.montpellier2028.eu\/en\/#website","url":"https:\/\/www.montpellier2028.eu\/en\/","name":"Montpellier 2028","description":"Construisons ensemble!","publisher":{"@id":"https:\/\/www.montpellier2028.eu\/en\/#organization"},"potentialAction":[{"@type":"SearchAction","target":{"@type":"EntryPoint","urlTemplate":"https:\/\/www.montpellier2028.eu\/en\/?s={search_term_string}"},"query-input":{"@type":"PropertyValueSpecification","valueRequired":true,"valueName":"search_term_string"}}],"inLanguage":"en-US"},{"@type":"Organization","@id":"https:\/\/www.montpellier2028.eu\/en\/#organization","name":"Montpellier 2028","url":"https:\/\/www.montpellier2028.eu\/en\/","logo":{"@type":"ImageObject","inLanguage":"en-US","@id":"https:\/\/www.montpellier2028.eu\/en\/#\/schema\/logo\/image\/","url":"https:\/\/www.montpellier2028.eu\/wp-content\/uploads\/2022\/09\/cropped-small-logo-lg.png","contentUrl":"https:\/\/www.montpellier2028.eu\/wp-content\/uploads\/2022\/09\/cropped-small-logo-lg.png","width":512,"height":512,"caption":"Montpellier 2028"},"image":{"@id":"https:\/\/www.montpellier2028.eu\/en\/#\/schema\/logo\/image\/"},"sameAs":["https:\/\/www.facebook.com\/montpellier2028","https:\/\/x.com\/mtp2028","https:\/\/www.instagram.com\/montpellier2028\/","https:\/\/www.linkedin.com\/showcase\/montpellier2028\/about\/"]}]}},"_links":{"self":[{"href":"https:\/\/www.montpellier2028.eu\/en\/wp-json\/wp\/v2\/project\/8695","targetHints":{"allow":["GET"]}}],"collection":[{"href":"https:\/\/www.montpellier2028.eu\/en\/wp-json\/wp\/v2\/project"}],"about":[{"href":"https:\/\/www.montpellier2028.eu\/en\/wp-json\/wp\/v2\/types\/project"}],"author":[{"embeddable":true,"href":"https:\/\/www.montpellier2028.eu\/en\/wp-json\/wp\/v2\/users\/7"}],"version-history":[{"count":5,"href":"https:\/\/www.montpellier2028.eu\/en\/wp-json\/wp\/v2\/project\/8695\/revisions"}],"predecessor-version":[{"id":9019,"href":"https:\/\/www.montpellier2028.eu\/en\/wp-json\/wp\/v2\/project\/8695\/revisions\/9019"}],"wp:featuredmedia":[{"embeddable":true,"href":"https:\/\/www.montpellier2028.eu\/en\/wp-json\/wp\/v2\/media\/8704"}],"wp:attachment":[{"href":"https:\/\/www.montpellier2028.eu\/en\/wp-json\/wp\/v2\/media?parent=8695"}],"wp:term":[{"taxonomy":"projectcat","embeddable":true,"href":"https:\/\/www.montpellier2028.eu\/en\/wp-json\/wp\/v2\/projectcat?post=8695"},{"taxonomy":"audience","embeddable":true,"href":"https:\/\/www.montpellier2028.eu\/en\/wp-json\/wp\/v2\/audience?post=8695"},{"taxonomy":"geozone","embeddable":true,"href":"https:\/\/www.montpellier2028.eu\/en\/wp-json\/wp\/v2\/geozone?post=8695"},{"taxonomy":"edition","embeddable":true,"href":"https:\/\/www.montpellier2028.eu\/en\/wp-json\/wp\/v2\/edition?post=8695"}],"curies":[{"name":"wp","href":"https:\/\/api.w.org\/{rel}","templated":true}]}}