{"id":8725,"date":"2025-05-30T18:40:08","date_gmt":"2025-05-30T16:40:08","guid":{"rendered":"https:\/\/www.montpellier2028.eu\/?post_type=project&#038;p=8725"},"modified":"2025-12-03T16:00:29","modified_gmt":"2025-12-03T15:00:29","slug":"in-the-food-for-love","status":"publish","type":"project","link":"https:\/\/www.montpellier2028.eu\/en\/projets\/in-the-food-for-love\/","title":{"rendered":"In The Food For Love"},"content":{"rendered":"\n<p><strong>Unanime Cr\u00e9ative inscrit son projet au coeur de la r\u00e9habilitation du Chai des Moulins, lieu patrimonial viticole class\u00e9 au titre des monuments historiques \u00e0 S\u00e8te, en tiers-lieu hybride et structurant au service de la cr\u00e9ation et de l\u2019entrepreneuriat culturel autour des Industries Cr\u00e9atives et Culturelles.<\/strong><\/p>\n\n\n\n<p>Premi\u00e8re \u00e9dition d\u2019un festival hybride m\u00ealant Cuisine, Art et Culture, <strong>In the Food For Love invite artistes<\/strong> et chef(fe)s \u00e0 mettre le vivant et l\u2019humain au centre de l\u2019assiette pour raconter des histoires, parler d\u2019identit\u00e9s, d\u2019amour et d\u2019engagement. Le festival s\u2019articule autour de <strong>trois r\u00e9sidences m\u00ealant l\u2019art et la cuisine<\/strong> : un banquet cin\u00e9matographique, Le banquet des imaginaires ; le Concert Yaran et l\u2019exposition-livre Aimer manger.<\/p>\n\n\n\n<p><mark style=\"background-color:rgba(0, 0, 0, 0)\" class=\"has-inline-color has-vivid-green-cyan-color\"><strong>Focus sur Le banquet des imaginaires<\/strong><\/mark><\/p>\n\n\n\n<p><strong>Autour d\u2019une table, des r\u00e9cits d\u2019exil se m\u00ealent aux effluves de plats pr\u00e9par\u00e9s avec g\u00e9n\u00e9rosit\u00e9.<\/strong><\/p>\n\n\n\n<p>Le Banquet des imaginaires est d\u2019abord une <strong>r\u00e9sidence artistique<\/strong> <strong>o\u00f9 cin\u00e9ma et cuisine se rencontrent<\/strong> pour donner voix aux r\u00e9cits intimes de primo-arrivant\u00b7es et r\u00e9fugi\u00e9\u00b7es.\u00a0<br>Durant trois semaines \u00e0 la Villa Salis, <strong>la cin\u00e9aste Julie Graf et le chef Charles Lebrun<\/strong> ont captur\u00e9 des souvenirs culinaires, transformant des gestes quotidiens en \u0153uvres documentaires. La r\u00e9sidence a donn\u00e9 naissance \u00e0 <strong>six portraits vid\u00e9o<\/strong> qui m\u00ealent gestes culinaires et r\u00e9cits de vie, \u00e0 <strong>une installation vid\u00e9o performative immersive<\/strong>, ainsi qu\u2019\u00e0 <strong>une cr\u00e9ation sonore<\/strong>. Elle a \u00e9galement inspir\u00e9 un menu unique, un voyage gustatif de S\u00e8te au Maghreb, de la G\u00e9orgie \u00e0 l\u2019Espagne \u2014 entre tielle revisit\u00e9e, moules \u00e0 la g\u00e9noise, l\u00e9gumes fum\u00e9s, poisson fa\u00e7on ib\u00e9rique, fromages occitans et un dessert tiramisu \u2014 une gastronomie s\u00e9toise enrichie de cultures d\u2019ici et d\u2019ailleurs.<\/p>\n\n\n\n<p>Ces cr\u00e9ations ont \u00e9t\u00e9 partag\u00e9es lors du Banquet des imaginaires, r\u00e9unissant <strong>110 personnes, dont 45 r\u00e9fugi\u00e9\u00b7es<\/strong>, au c\u0153ur du festival In the Food for Love, c\u00e9l\u00e9brant ainsi la diversit\u00e9 \u00e0 travers l\u2019art et la gastronomie.<\/p>\n\n\n\n<figure class=\"wp-block-embed aligncenter is-type-video is-provider-youtube wp-block-embed-youtube wp-embed-aspect-16-9 wp-has-aspect-ratio\"><div class=\"wp-block-embed__wrapper\">\n<iframe loading=\"lazy\" title=\"Banquet des imaginaires \u00b7 Entretien final partie I\" width=\"640\" height=\"360\" src=\"https:\/\/www.youtube.com\/embed\/xVOXsc0CCrs?feature=oembed\" frameborder=\"0\" allow=\"accelerometer; autoplay; clipboard-write; encrypted-media; gyroscope; picture-in-picture; web-share\" referrerpolicy=\"strict-origin-when-cross-origin\" allowfullscreen><\/iframe>\n<\/div><\/figure>\n\n\n\n<figure class=\"wp-block-embed aligncenter is-type-video is-provider-youtube wp-block-embed-youtube wp-embed-aspect-16-9 wp-has-aspect-ratio\"><div class=\"wp-block-embed__wrapper\">\n<iframe loading=\"lazy\" title=\"Banquet des imaginaires \u00b7 Entretien final partie II\" width=\"640\" height=\"360\" src=\"https:\/\/www.youtube.com\/embed\/jLO6QXADNKI?feature=oembed\" frameborder=\"0\" allow=\"accelerometer; autoplay; clipboard-write; encrypted-media; gyroscope; picture-in-picture; web-share\" referrerpolicy=\"strict-origin-when-cross-origin\" allowfullscreen><\/iframe>\n<\/div><figcaption class=\"wp-element-caption\"><em>Portraits r\u00e9alis\u00e9s par Julie Graf avec la participation de Charles Lebrun lors de la r\u00e9sidence <strong>Le Banquet des imaginaires<\/strong>.\u00a0Ces t\u00e9moignages film\u00e9s capturent des souvenirs culinaires tiss\u00e9s entre gestes quotidiens et \u00e9changes autour de la table.<\/em><\/figcaption><\/figure>\n\n\n\n<p><strong>Cr\u00e9ation sonore<\/strong><\/p>\n\n\n\n<figure class=\"wp-block-embed aligncenter is-type-rich is-provider-soundcloud wp-block-embed-soundcloud\"><div class=\"wp-block-embed__wrapper\">\n<iframe loading=\"lazy\" title=\"Le_banquet_des_imaginaires by Faidos\" width=\"640\" height=\"400\" scrolling=\"no\" frameborder=\"no\" src=\"https:\/\/w.soundcloud.com\/player\/?visual=true&#038;url=https%3A%2F%2Fapi.soundcloud.com%2Ftracks%2F2209680695&#038;show_artwork=true&#038;maxheight=960&#038;maxwidth=640\"><\/iframe>\n<\/div><figcaption class=\"wp-element-caption\"><em>Cr\u00e9ation sonore r\u00e9alis\u00e9e par Benoit Bories \u00e0 partir des entretiens men\u00e9s par les Julie Graf et Charles Lebrun durant la r\u00e9sidence <strong>Le Banquet des imaginaires<\/strong>.<\/em><\/figcaption><\/figure>\n\n\n\n<p> <\/p>\n","protected":false},"excerpt":{"rendered":"<p>Unanime Cr\u00e9ative inscrit son projet au coeur de la r\u00e9habilitation du Chai des Moulins, lieu patrimonial viticole class\u00e9 au titre [&hellip;]<\/p>\n","protected":false},"author":7,"featured_media":8730,"parent":0,"template":"","format":"standard","meta":{"_acf_changed":false,"footnotes":""},"projectcat":[98,99,10,51,9,32,29,72],"audience":[97,13],"geozone":[75],"edition":[95],"class_list":["post-8725","project","type-project","status-publish","format-standard","has-post-thumbnail","hentry","projectcat-atelier","projectcat-experience-participative","projectcat-exposition","projectcat-festival","projectcat-musique","projectcat-projection","projectcat-rencontre","projectcat-residence","audience-public-specifique","audience-tout-public","geozone-sete-agglopole","edition-95"],"acf":[],"yoast_head":"<!-- This site is optimized with the Yoast SEO plugin v24.8 - https:\/\/yoast.com\/wordpress\/plugins\/seo\/ -->\n<title>In The Food For Love - Montpellier 2028<\/title>\n<meta name=\"robots\" content=\"index, follow, max-snippet:-1, max-image-preview:large, max-video-preview:-1\" \/>\n<link rel=\"canonical\" href=\"https:\/\/www.montpellier2028.eu\/en\/projets\/in-the-food-for-love\/\" \/>\n<meta property=\"og:locale\" content=\"en_US\" \/>\n<meta property=\"og:type\" content=\"article\" \/>\n<meta property=\"og:title\" content=\"In The Food For Love - Montpellier 2028\" \/>\n<meta property=\"og:description\" content=\"Unanime Cr\u00e9ative inscrit son projet au coeur de la r\u00e9habilitation du Chai des Moulins, lieu patrimonial viticole class\u00e9 au titre [&hellip;]\" \/>\n<meta property=\"og:url\" content=\"https:\/\/www.montpellier2028.eu\/en\/projets\/in-the-food-for-love\/\" \/>\n<meta property=\"og:site_name\" content=\"Montpellier 2028\" \/>\n<meta property=\"article:publisher\" content=\"https:\/\/www.facebook.com\/montpellier2028\" \/>\n<meta property=\"article:modified_time\" content=\"2025-12-03T15:00:29+00:00\" \/>\n<meta property=\"og:image\" content=\"https:\/\/www.montpellier2028.eu\/wp-content\/uploads\/2025\/05\/Chaix-des-Moulins-c-Unaenime-Creative--scaled.jpg\" \/>\n\t<meta property=\"og:image:width\" content=\"2560\" \/>\n\t<meta property=\"og:image:height\" content=\"1707\" \/>\n\t<meta property=\"og:image:type\" content=\"image\/jpeg\" \/>\n<meta name=\"twitter:card\" content=\"summary_large_image\" \/>\n<meta name=\"twitter:site\" content=\"@mtp2028\" \/>\n<meta name=\"twitter:label1\" content=\"Est. reading time\" \/>\n\t<meta name=\"twitter:data1\" content=\"3 minutes\" \/>\n<script type=\"application\/ld+json\" class=\"yoast-schema-graph\">{\"@context\":\"https:\/\/schema.org\",\"@graph\":[{\"@type\":\"WebPage\",\"@id\":\"https:\/\/www.montpellier2028.eu\/en\/projets\/in-the-food-for-love\/\",\"url\":\"https:\/\/www.montpellier2028.eu\/en\/projets\/in-the-food-for-love\/\",\"name\":\"In The Food For Love - Montpellier 2028\",\"isPartOf\":{\"@id\":\"https:\/\/www.montpellier2028.eu\/en\/#website\"},\"primaryImageOfPage\":{\"@id\":\"https:\/\/www.montpellier2028.eu\/en\/projets\/in-the-food-for-love\/#primaryimage\"},\"image\":{\"@id\":\"https:\/\/www.montpellier2028.eu\/en\/projets\/in-the-food-for-love\/#primaryimage\"},\"thumbnailUrl\":\"https:\/\/www.montpellier2028.eu\/wp-content\/uploads\/2025\/05\/Chaix-des-Moulins-c-Unaenime-Creative--scaled.jpg\",\"datePublished\":\"2025-05-30T16:40:08+00:00\",\"dateModified\":\"2025-12-03T15:00:29+00:00\",\"breadcrumb\":{\"@id\":\"https:\/\/www.montpellier2028.eu\/en\/projets\/in-the-food-for-love\/#breadcrumb\"},\"inLanguage\":\"en-US\",\"potentialAction\":[{\"@type\":\"ReadAction\",\"target\":[\"https:\/\/www.montpellier2028.eu\/en\/projets\/in-the-food-for-love\/\"]}]},{\"@type\":\"ImageObject\",\"inLanguage\":\"en-US\",\"@id\":\"https:\/\/www.montpellier2028.eu\/en\/projets\/in-the-food-for-love\/#primaryimage\",\"url\":\"https:\/\/www.montpellier2028.eu\/wp-content\/uploads\/2025\/05\/Chaix-des-Moulins-c-Unaenime-Creative--scaled.jpg\",\"contentUrl\":\"https:\/\/www.montpellier2028.eu\/wp-content\/uploads\/2025\/05\/Chaix-des-Moulins-c-Unaenime-Creative--scaled.jpg\",\"width\":2560,\"height\":1707},{\"@type\":\"BreadcrumbList\",\"@id\":\"https:\/\/www.montpellier2028.eu\/en\/projets\/in-the-food-for-love\/#breadcrumb\",\"itemListElement\":[{\"@type\":\"ListItem\",\"position\":1,\"name\":\"Home\",\"item\":\"https:\/\/www.montpellier2028.eu\/en\/\"},{\"@type\":\"ListItem\",\"position\":2,\"name\":\"Projets\",\"item\":\"https:\/\/www.montpellier2028.eu\/en\/projects\/\"},{\"@type\":\"ListItem\",\"position\":3,\"name\":\"In The Food For Love\"}]},{\"@type\":\"WebSite\",\"@id\":\"https:\/\/www.montpellier2028.eu\/en\/#website\",\"url\":\"https:\/\/www.montpellier2028.eu\/en\/\",\"name\":\"Montpellier 2028\",\"description\":\"Construisons ensemble!\",\"publisher\":{\"@id\":\"https:\/\/www.montpellier2028.eu\/en\/#organization\"},\"potentialAction\":[{\"@type\":\"SearchAction\",\"target\":{\"@type\":\"EntryPoint\",\"urlTemplate\":\"https:\/\/www.montpellier2028.eu\/en\/?s={search_term_string}\"},\"query-input\":{\"@type\":\"PropertyValueSpecification\",\"valueRequired\":true,\"valueName\":\"search_term_string\"}}],\"inLanguage\":\"en-US\"},{\"@type\":\"Organization\",\"@id\":\"https:\/\/www.montpellier2028.eu\/en\/#organization\",\"name\":\"Montpellier 2028\",\"url\":\"https:\/\/www.montpellier2028.eu\/en\/\",\"logo\":{\"@type\":\"ImageObject\",\"inLanguage\":\"en-US\",\"@id\":\"https:\/\/www.montpellier2028.eu\/en\/#\/schema\/logo\/image\/\",\"url\":\"https:\/\/www.montpellier2028.eu\/wp-content\/uploads\/2022\/09\/cropped-small-logo-lg.png\",\"contentUrl\":\"https:\/\/www.montpellier2028.eu\/wp-content\/uploads\/2022\/09\/cropped-small-logo-lg.png\",\"width\":512,\"height\":512,\"caption\":\"Montpellier 2028\"},\"image\":{\"@id\":\"https:\/\/www.montpellier2028.eu\/en\/#\/schema\/logo\/image\/\"},\"sameAs\":[\"https:\/\/www.facebook.com\/montpellier2028\",\"https:\/\/x.com\/mtp2028\",\"https:\/\/www.instagram.com\/montpellier2028\/\",\"https:\/\/www.linkedin.com\/showcase\/montpellier2028\/about\/\"]}]}<\/script>\n<!-- \/ Yoast SEO plugin. -->","yoast_head_json":{"title":"In The Food For Love - Montpellier 2028","robots":{"index":"index","follow":"follow","max-snippet":"max-snippet:-1","max-image-preview":"max-image-preview:large","max-video-preview":"max-video-preview:-1"},"canonical":"https:\/\/www.montpellier2028.eu\/en\/projets\/in-the-food-for-love\/","og_locale":"en_US","og_type":"article","og_title":"In The Food For Love - Montpellier 2028","og_description":"Unanime Cr\u00e9ative inscrit son projet au coeur de la r\u00e9habilitation du Chai des Moulins, lieu patrimonial viticole class\u00e9 au titre [&hellip;]","og_url":"https:\/\/www.montpellier2028.eu\/en\/projets\/in-the-food-for-love\/","og_site_name":"Montpellier 2028","article_publisher":"https:\/\/www.facebook.com\/montpellier2028","article_modified_time":"2025-12-03T15:00:29+00:00","og_image":[{"width":2560,"height":1707,"url":"https:\/\/www.montpellier2028.eu\/wp-content\/uploads\/2025\/05\/Chaix-des-Moulins-c-Unaenime-Creative--scaled.jpg","type":"image\/jpeg"}],"twitter_card":"summary_large_image","twitter_site":"@mtp2028","twitter_misc":{"Est. reading time":"3 minutes"},"schema":{"@context":"https:\/\/schema.org","@graph":[{"@type":"WebPage","@id":"https:\/\/www.montpellier2028.eu\/en\/projets\/in-the-food-for-love\/","url":"https:\/\/www.montpellier2028.eu\/en\/projets\/in-the-food-for-love\/","name":"In The Food For Love - Montpellier 2028","isPartOf":{"@id":"https:\/\/www.montpellier2028.eu\/en\/#website"},"primaryImageOfPage":{"@id":"https:\/\/www.montpellier2028.eu\/en\/projets\/in-the-food-for-love\/#primaryimage"},"image":{"@id":"https:\/\/www.montpellier2028.eu\/en\/projets\/in-the-food-for-love\/#primaryimage"},"thumbnailUrl":"https:\/\/www.montpellier2028.eu\/wp-content\/uploads\/2025\/05\/Chaix-des-Moulins-c-Unaenime-Creative--scaled.jpg","datePublished":"2025-05-30T16:40:08+00:00","dateModified":"2025-12-03T15:00:29+00:00","breadcrumb":{"@id":"https:\/\/www.montpellier2028.eu\/en\/projets\/in-the-food-for-love\/#breadcrumb"},"inLanguage":"en-US","potentialAction":[{"@type":"ReadAction","target":["https:\/\/www.montpellier2028.eu\/en\/projets\/in-the-food-for-love\/"]}]},{"@type":"ImageObject","inLanguage":"en-US","@id":"https:\/\/www.montpellier2028.eu\/en\/projets\/in-the-food-for-love\/#primaryimage","url":"https:\/\/www.montpellier2028.eu\/wp-content\/uploads\/2025\/05\/Chaix-des-Moulins-c-Unaenime-Creative--scaled.jpg","contentUrl":"https:\/\/www.montpellier2028.eu\/wp-content\/uploads\/2025\/05\/Chaix-des-Moulins-c-Unaenime-Creative--scaled.jpg","width":2560,"height":1707},{"@type":"BreadcrumbList","@id":"https:\/\/www.montpellier2028.eu\/en\/projets\/in-the-food-for-love\/#breadcrumb","itemListElement":[{"@type":"ListItem","position":1,"name":"Home","item":"https:\/\/www.montpellier2028.eu\/en\/"},{"@type":"ListItem","position":2,"name":"Projets","item":"https:\/\/www.montpellier2028.eu\/en\/projects\/"},{"@type":"ListItem","position":3,"name":"In The Food For Love"}]},{"@type":"WebSite","@id":"https:\/\/www.montpellier2028.eu\/en\/#website","url":"https:\/\/www.montpellier2028.eu\/en\/","name":"Montpellier 2028","description":"Construisons ensemble!","publisher":{"@id":"https:\/\/www.montpellier2028.eu\/en\/#organization"},"potentialAction":[{"@type":"SearchAction","target":{"@type":"EntryPoint","urlTemplate":"https:\/\/www.montpellier2028.eu\/en\/?s={search_term_string}"},"query-input":{"@type":"PropertyValueSpecification","valueRequired":true,"valueName":"search_term_string"}}],"inLanguage":"en-US"},{"@type":"Organization","@id":"https:\/\/www.montpellier2028.eu\/en\/#organization","name":"Montpellier 2028","url":"https:\/\/www.montpellier2028.eu\/en\/","logo":{"@type":"ImageObject","inLanguage":"en-US","@id":"https:\/\/www.montpellier2028.eu\/en\/#\/schema\/logo\/image\/","url":"https:\/\/www.montpellier2028.eu\/wp-content\/uploads\/2022\/09\/cropped-small-logo-lg.png","contentUrl":"https:\/\/www.montpellier2028.eu\/wp-content\/uploads\/2022\/09\/cropped-small-logo-lg.png","width":512,"height":512,"caption":"Montpellier 2028"},"image":{"@id":"https:\/\/www.montpellier2028.eu\/en\/#\/schema\/logo\/image\/"},"sameAs":["https:\/\/www.facebook.com\/montpellier2028","https:\/\/x.com\/mtp2028","https:\/\/www.instagram.com\/montpellier2028\/","https:\/\/www.linkedin.com\/showcase\/montpellier2028\/about\/"]}]}},"_links":{"self":[{"href":"https:\/\/www.montpellier2028.eu\/en\/wp-json\/wp\/v2\/project\/8725","targetHints":{"allow":["GET"]}}],"collection":[{"href":"https:\/\/www.montpellier2028.eu\/en\/wp-json\/wp\/v2\/project"}],"about":[{"href":"https:\/\/www.montpellier2028.eu\/en\/wp-json\/wp\/v2\/types\/project"}],"author":[{"embeddable":true,"href":"https:\/\/www.montpellier2028.eu\/en\/wp-json\/wp\/v2\/users\/7"}],"version-history":[{"count":12,"href":"https:\/\/www.montpellier2028.eu\/en\/wp-json\/wp\/v2\/project\/8725\/revisions"}],"predecessor-version":[{"id":9941,"href":"https:\/\/www.montpellier2028.eu\/en\/wp-json\/wp\/v2\/project\/8725\/revisions\/9941"}],"wp:featuredmedia":[{"embeddable":true,"href":"https:\/\/www.montpellier2028.eu\/en\/wp-json\/wp\/v2\/media\/8730"}],"wp:attachment":[{"href":"https:\/\/www.montpellier2028.eu\/en\/wp-json\/wp\/v2\/media?parent=8725"}],"wp:term":[{"taxonomy":"projectcat","embeddable":true,"href":"https:\/\/www.montpellier2028.eu\/en\/wp-json\/wp\/v2\/projectcat?post=8725"},{"taxonomy":"audience","embeddable":true,"href":"https:\/\/www.montpellier2028.eu\/en\/wp-json\/wp\/v2\/audience?post=8725"},{"taxonomy":"geozone","embeddable":true,"href":"https:\/\/www.montpellier2028.eu\/en\/wp-json\/wp\/v2\/geozone?post=8725"},{"taxonomy":"edition","embeddable":true,"href":"https:\/\/www.montpellier2028.eu\/en\/wp-json\/wp\/v2\/edition?post=8725"}],"curies":[{"name":"wp","href":"https:\/\/api.w.org\/{rel}","templated":true}]}}